{"id":664,"date":"2022-03-23T11:25:37","date_gmt":"2022-03-23T11:25:37","guid":{"rendered":"https:\/\/departamento.us.es\/ddoe\/?page_id=664"},"modified":"2022-05-26T09:53:57","modified_gmt":"2022-05-26T09:53:57","slug":"noticias","status":"publish","type":"page","link":"https:\/\/departamento.us.es\/ddoe\/noticias\/","title":{"rendered":"Noticias"},"content":{"rendered":"\t\t<div data-elementor-type=\"wp-page\" data-elementor-id=\"664\" class=\"elementor elementor-664\" data-elementor-post-type=\"page\">\n\t\t\t\t\t\t<section class=\"elementor-section elementor-top-section elementor-element elementor-element-ef30c24 elementor-section-stretched elementor-section-boxed elementor-section-height-default elementor-section-height-default\" data-id=\"ef30c24\" data-element_type=\"section\" data-e-type=\"section\" data-settings=\"{&quot;stretch_section&quot;:&quot;section-stretched&quot;}\">\n\t\t\t\t\t\t<div class=\"elementor-container elementor-column-gap-default\">\n\t\t\t\t\t<div class=\"elementor-column elementor-col-100 elementor-top-column elementor-element elementor-element-2046b00\" data-id=\"2046b00\" data-element_type=\"column\" data-e-type=\"column\">\n\t\t\t<div class=\"elementor-widget-wrap elementor-element-populated\">\n\t\t\t\t\t\t<div class=\"elementor-element elementor-element-de0040f elementor-grid-3 elementor-grid-tablet-2 elementor-grid-mobile-1 elementor-posts--thumbnail-top elementor-widget elementor-widget-posts\" data-id=\"de0040f\" data-element_type=\"widget\" data-e-type=\"widget\" data-settings=\"{&quot;pagination_type&quot;:&quot;load_more_infinite_scroll&quot;,&quot;classic_columns&quot;:&quot;3&quot;,&quot;classic_columns_tablet&quot;:&quot;2&quot;,&quot;classic_columns_mobile&quot;:&quot;1&quot;,&quot;classic_row_gap&quot;:{&quot;unit&quot;:&quot;px&quot;,&quot;size&quot;:35,&quot;sizes&quot;:[]},&quot;classic_row_gap_tablet&quot;:{&quot;unit&quot;:&quot;px&quot;,&quot;size&quot;:&quot;&quot;,&quot;sizes&quot;:[]},&quot;classic_row_gap_mobile&quot;:{&quot;unit&quot;:&quot;px&quot;,&quot;size&quot;:&quot;&quot;,&quot;sizes&quot;:[]},&quot;load_more_spinner&quot;:{&quot;value&quot;:&quot;fas fa-spinner&quot;,&quot;library&quot;:&quot;fa-solid&quot;}}\" data-widget_type=\"posts.classic\">\n\t\t\t\t<div class=\"elementor-widget-container\">\n\t\t\t\t\t\t\t<div class=\"elementor-posts-container elementor-posts elementor-posts--skin-classic elementor-grid\" role=\"list\">\n\t\t\t\t<article class=\"elementor-post elementor-grid-item post-4611 post type-post status-publish format-standard has-post-thumbnail hentry category-noticias category-sin-categoria\" role=\"listitem\">\n\t\t\t\t<a class=\"elementor-post__thumbnail__link\" href=\"https:\/\/departamento.us.es\/ddoe\/prxima-defensa-de-tesis-doctoral\/\" tabindex=\"-1\" >\n\t\t\t<div class=\"elementor-post__thumbnail\"><img fetchpriority=\"high\" decoding=\"async\" width=\"300\" height=\"201\" src=\"https:\/\/departamento.us.es\/ddoe\/wp-content\/uploads\/2022\/12\/birrete-azul-claro-300x201.jpg\" class=\"attachment-medium size-medium wp-image-1951\" alt=\"\" srcset=\"https:\/\/departamento.us.es\/ddoe\/wp-content\/uploads\/2022\/12\/birrete-azul-claro-300x201.jpg 300w, https:\/\/departamento.us.es\/ddoe\/wp-content\/uploads\/2022\/12\/birrete-azul-claro-768x514.jpg 768w, https:\/\/departamento.us.es\/ddoe\/wp-content\/uploads\/2022\/12\/birrete-azul-claro.jpg 1000w\" sizes=\"(max-width: 300px) 100vw, 300px\" \/><\/div>\n\t\t<\/a>\n\t\t\t\t<div class=\"elementor-post__text\">\n\t\t\t\t<h3 class=\"elementor-post__title\">\n\t\t\t<a href=\"https:\/\/departamento.us.es\/ddoe\/prxima-defensa-de-tesis-doctoral\/\" >\n\t\t\t\tPr\u00f3xima Defensa de Tesis Doctoral\t\t\t<\/a>\n\t\t<\/h3>\n\t\t\t\t<div class=\"elementor-post__excerpt\">\n\t\t\t<p>Se informa de la siguiente Defensa de Tesis Doctoral en el mes de marzo, el d\u00eda 19\u00a0a las 11:00 hs. Doctoranda: Mar\u00eda del Valle Jim\u00e9nez<\/p>\n\t\t<\/div>\n\t\t\n\t\t<a class=\"elementor-post__read-more\" href=\"https:\/\/departamento.us.es\/ddoe\/prxima-defensa-de-tesis-doctoral\/\" aria-label=\"M\u00e1s informaci\u00f3n sobre Pr\u00f3xima Defensa de Tesis Doctoral\" tabindex=\"-1\" >\n\t\t\tLeer m\u00e1s \u00bb\t\t<\/a>\n\n\t\t\t\t<\/div>\n\t\t\t\t<\/article>\n\t\t\t\t<article class=\"elementor-post elementor-grid-item post-4554 post type-post status-publish format-standard has-post-thumbnail hentry category-noticias category-sin-categoria\" role=\"listitem\">\n\t\t\t\t<a class=\"elementor-post__thumbnail__link\" href=\"https:\/\/departamento.us.es\/ddoe\/publicacion-de-practicas-curso-2025-26\/\" tabindex=\"-1\" >\n\t\t\t<div class=\"elementor-post__thumbnail\"><img decoding=\"async\" width=\"300\" height=\"214\" src=\"https:\/\/departamento.us.es\/ddoe\/wp-content\/uploads\/2022\/03\/Slider-3-300x214.jpg\" class=\"attachment-medium size-medium wp-image-112\" alt=\"\" srcset=\"https:\/\/departamento.us.es\/ddoe\/wp-content\/uploads\/2022\/03\/Slider-3-300x214.jpg 300w, https:\/\/departamento.us.es\/ddoe\/wp-content\/uploads\/2022\/03\/Slider-3-1024x731.jpg 1024w, https:\/\/departamento.us.es\/ddoe\/wp-content\/uploads\/2022\/03\/Slider-3-768x548.jpg 768w, https:\/\/departamento.us.es\/ddoe\/wp-content\/uploads\/2022\/03\/Slider-3-1536x1097.jpg 1536w, https:\/\/departamento.us.es\/ddoe\/wp-content\/uploads\/2022\/03\/Slider-3.jpg 1920w\" sizes=\"(max-width: 300px) 100vw, 300px\" \/><\/div>\n\t\t<\/a>\n\t\t\t\t<div class=\"elementor-post__text\">\n\t\t\t\t<h3 class=\"elementor-post__title\">\n\t\t\t<a href=\"https:\/\/departamento.us.es\/ddoe\/publicacion-de-practicas-curso-2025-26\/\" >\n\t\t\t\tPublicaci\u00f3n de Pr\u00e1cticas. Curso 2025-26\t\t\t<\/a>\n\t\t<\/h3>\n\t\t\t\t<div class=\"elementor-post__excerpt\">\n\t\t\t<p>Se informa de la publicaci\u00f3n en esta web as\u00ed como en el tabl\u00f3n de anuncios de nuestro Departamento, de la asignaci\u00f3n de pr\u00e1cticas curriculares de<\/p>\n\t\t<\/div>\n\t\t\n\t\t<a class=\"elementor-post__read-more\" href=\"https:\/\/departamento.us.es\/ddoe\/publicacion-de-practicas-curso-2025-26\/\" aria-label=\"M\u00e1s informaci\u00f3n sobre Publicaci\u00f3n de Pr\u00e1cticas. Curso 2025-26\" tabindex=\"-1\" >\n\t\t\tLeer m\u00e1s \u00bb\t\t<\/a>\n\n\t\t\t\t<\/div>\n\t\t\t\t<\/article>\n\t\t\t\t<article class=\"elementor-post elementor-grid-item post-4258 post type-post status-publish format-standard has-post-thumbnail hentry category-noticias\" role=\"listitem\">\n\t\t\t\t<a class=\"elementor-post__thumbnail__link\" href=\"https:\/\/departamento.us.es\/ddoe\/wp-content-uploads-2022-03-tutorias-2022-2023_27-03-2c-pdf-copy\/\" tabindex=\"-1\" >\n\t\t\t<div class=\"elementor-post__thumbnail\"><img decoding=\"async\" width=\"300\" height=\"147\" src=\"https:\/\/departamento.us.es\/ddoe\/wp-content\/uploads\/2022\/04\/Facultad-Ciencias-Educacion-Sevilla_Design-exterior-entrada-porche_Cruz-y-Ortiz-Arquitectos_PPE_16-X-300x147.jpg\" class=\"attachment-medium size-medium wp-image-1569\" alt=\"\" srcset=\"https:\/\/departamento.us.es\/ddoe\/wp-content\/uploads\/2022\/04\/Facultad-Ciencias-Educacion-Sevilla_Design-exterior-entrada-porche_Cruz-y-Ortiz-Arquitectos_PPE_16-X-300x147.jpg 300w, https:\/\/departamento.us.es\/ddoe\/wp-content\/uploads\/2022\/04\/Facultad-Ciencias-Educacion-Sevilla_Design-exterior-entrada-porche_Cruz-y-Ortiz-Arquitectos_PPE_16-X-1024x502.jpg 1024w, https:\/\/departamento.us.es\/ddoe\/wp-content\/uploads\/2022\/04\/Facultad-Ciencias-Educacion-Sevilla_Design-exterior-entrada-porche_Cruz-y-Ortiz-Arquitectos_PPE_16-X-768x376.jpg 768w, https:\/\/departamento.us.es\/ddoe\/wp-content\/uploads\/2022\/04\/Facultad-Ciencias-Educacion-Sevilla_Design-exterior-entrada-porche_Cruz-y-Ortiz-Arquitectos_PPE_16-X-1536x753.jpg 1536w, https:\/\/departamento.us.es\/ddoe\/wp-content\/uploads\/2022\/04\/Facultad-Ciencias-Educacion-Sevilla_Design-exterior-entrada-porche_Cruz-y-Ortiz-Arquitectos_PPE_16-X-2048x1004.jpg 2048w\" sizes=\"(max-width: 300px) 100vw, 300px\" \/><\/div>\n\t\t<\/a>\n\t\t\t\t<div class=\"elementor-post__text\">\n\t\t\t\t<h3 class=\"elementor-post__title\">\n\t\t\t<a href=\"https:\/\/departamento.us.es\/ddoe\/wp-content-uploads-2022-03-tutorias-2022-2023_27-03-2c-pdf-copy\/\" >\n\t\t\t\tSolicitudes y oferta para Estudiantes Internos. Curso 2025-2026\t\t\t<\/a>\n\t\t<\/h3>\n\t\t\t\t<div class=\"elementor-post__excerpt\">\n\t\t\t<p>OFERTA ESTUDIANTES INTERNOS 2025-26 A partir del 20 de octubre se hace aqu\u00ed p\u00fablica la convocatoria de estudiantes internos para el presente curso. Ver para<\/p>\n\t\t<\/div>\n\t\t\n\t\t<a class=\"elementor-post__read-more\" href=\"https:\/\/departamento.us.es\/ddoe\/wp-content-uploads-2022-03-tutorias-2022-2023_27-03-2c-pdf-copy\/\" aria-label=\"M\u00e1s informaci\u00f3n sobre Solicitudes y oferta para Estudiantes Internos. Curso 2025-2026\" tabindex=\"-1\" >\n\t\t\tLeer m\u00e1s \u00bb\t\t<\/a>\n\n\t\t\t\t<\/div>\n\t\t\t\t<\/article>\n\t\t\t\t<article class=\"elementor-post elementor-grid-item post-4215 post type-post status-publish format-standard has-post-thumbnail hentry category-noticias category-sin-categoria\" role=\"listitem\">\n\t\t\t\t<a class=\"elementor-post__thumbnail__link\" href=\"https:\/\/departamento.us.es\/ddoe\/proxima-defensa-de-tesis-doctoral\/\" tabindex=\"-1\" >\n\t\t\t<div class=\"elementor-post__thumbnail\"><img fetchpriority=\"high\" decoding=\"async\" width=\"300\" height=\"201\" src=\"https:\/\/departamento.us.es\/ddoe\/wp-content\/uploads\/2022\/12\/birrete-azul-claro-300x201.jpg\" class=\"attachment-medium size-medium wp-image-1951\" alt=\"\" srcset=\"https:\/\/departamento.us.es\/ddoe\/wp-content\/uploads\/2022\/12\/birrete-azul-claro-300x201.jpg 300w, https:\/\/departamento.us.es\/ddoe\/wp-content\/uploads\/2022\/12\/birrete-azul-claro-768x514.jpg 768w, https:\/\/departamento.us.es\/ddoe\/wp-content\/uploads\/2022\/12\/birrete-azul-claro.jpg 1000w\" sizes=\"(max-width: 300px) 100vw, 300px\" \/><\/div>\n\t\t<\/a>\n\t\t\t\t<div class=\"elementor-post__text\">\n\t\t\t\t<h3 class=\"elementor-post__title\">\n\t\t\t<a href=\"https:\/\/departamento.us.es\/ddoe\/proxima-defensa-de-tesis-doctoral\/\" >\n\t\t\t\tPr\u00f3xima Defensa de Tesis Doctoral\t\t\t<\/a>\n\t\t<\/h3>\n\t\t\t\t<div class=\"elementor-post__excerpt\">\n\t\t\t<p>1Se informa de la siguiente Defensa de Tesis Doctoral en el mes de marzo, el d\u00eda 19&nbsp;a las 10:00 hs. Doctoranda: Ana Castellano Beltr\u00e1n Directores:<\/p>\n\t\t<\/div>\n\t\t\n\t\t<a class=\"elementor-post__read-more\" href=\"https:\/\/departamento.us.es\/ddoe\/proxima-defensa-de-tesis-doctoral\/\" aria-label=\"M\u00e1s informaci\u00f3n sobre Pr\u00f3xima Defensa de Tesis Doctoral\" tabindex=\"-1\" >\n\t\t\tLeer m\u00e1s \u00bb\t\t<\/a>\n\n\t\t\t\t<\/div>\n\t\t\t\t<\/article>\n\t\t\t\t<article class=\"elementor-post elementor-grid-item post-1843 post type-post status-publish format-standard has-post-thumbnail hentry category-noticias\" role=\"listitem\">\n\t\t\t\t<a class=\"elementor-post__thumbnail__link\" href=\"https:\/\/departamento.us.es\/ddoe\/wp-content-uploads-2022-03-tutorias-2022-2023_27-03-2c-pdf\/\" tabindex=\"-1\" >\n\t\t\t<div class=\"elementor-post__thumbnail\"><img decoding=\"async\" width=\"300\" height=\"147\" src=\"https:\/\/departamento.us.es\/ddoe\/wp-content\/uploads\/2022\/04\/Facultad-Ciencias-Educacion-Sevilla_Design-exterior-entrada-porche_Cruz-y-Ortiz-Arquitectos_PPE_16-X-300x147.jpg\" class=\"attachment-medium size-medium wp-image-1569\" alt=\"\" srcset=\"https:\/\/departamento.us.es\/ddoe\/wp-content\/uploads\/2022\/04\/Facultad-Ciencias-Educacion-Sevilla_Design-exterior-entrada-porche_Cruz-y-Ortiz-Arquitectos_PPE_16-X-300x147.jpg 300w, https:\/\/departamento.us.es\/ddoe\/wp-content\/uploads\/2022\/04\/Facultad-Ciencias-Educacion-Sevilla_Design-exterior-entrada-porche_Cruz-y-Ortiz-Arquitectos_PPE_16-X-1024x502.jpg 1024w, https:\/\/departamento.us.es\/ddoe\/wp-content\/uploads\/2022\/04\/Facultad-Ciencias-Educacion-Sevilla_Design-exterior-entrada-porche_Cruz-y-Ortiz-Arquitectos_PPE_16-X-768x376.jpg 768w, https:\/\/departamento.us.es\/ddoe\/wp-content\/uploads\/2022\/04\/Facultad-Ciencias-Educacion-Sevilla_Design-exterior-entrada-porche_Cruz-y-Ortiz-Arquitectos_PPE_16-X-1536x753.jpg 1536w, https:\/\/departamento.us.es\/ddoe\/wp-content\/uploads\/2022\/04\/Facultad-Ciencias-Educacion-Sevilla_Design-exterior-entrada-porche_Cruz-y-Ortiz-Arquitectos_PPE_16-X-2048x1004.jpg 2048w\" sizes=\"(max-width: 300px) 100vw, 300px\" \/><\/div>\n\t\t<\/a>\n\t\t\t\t<div class=\"elementor-post__text\">\n\t\t\t\t<h3 class=\"elementor-post__title\">\n\t\t\t<a href=\"https:\/\/departamento.us.es\/ddoe\/wp-content-uploads-2022-03-tutorias-2022-2023_27-03-2c-pdf\/\" >\n\t\t\t\tHorarios de tutor\u00edas 25-26 (segundo cuatrimestre)\t\t\t<\/a>\n\t\t<\/h3>\n\t\t\t\t<div class=\"elementor-post__excerpt\">\n\t\t\t<p>En este archivo encontrar\u00e1s los horarios de tutor\u00edas del segundo cuatrimestre del curso 25\/26: TUTORIAS 2025-2026 (2C) Esperamos que sea de inter\u00e9s.<\/p>\n\t\t<\/div>\n\t\t\n\t\t<a class=\"elementor-post__read-more\" href=\"https:\/\/departamento.us.es\/ddoe\/wp-content-uploads-2022-03-tutorias-2022-2023_27-03-2c-pdf\/\" aria-label=\"M\u00e1s informaci\u00f3n sobre Horarios de tutor\u00edas 25-26 (segundo cuatrimestre)\" tabindex=\"-1\" >\n\t\t\tLeer m\u00e1s \u00bb\t\t<\/a>\n\n\t\t\t\t<\/div>\n\t\t\t\t<\/article>\n\t\t\t\t<\/div>\n\t\t\t\t\t<span class=\"e-load-more-spinner\">\n\t\t\t\t<i aria-hidden=\"true\" class=\"fas fa-spinner\"><\/i>\t\t\t<\/span>\n\t\t\n\t\t\t\t\t\t<\/div>\n\t\t\t\t<\/div>\n\t\t\t\t\t<\/div>\n\t\t<\/div>\n\t\t\t\t\t<\/div>\n\t\t<\/section>\n\t\t\t\t<\/div>\n\t\t","protected":false},"excerpt":{"rendered":"","protected":false},"author":1,"featured_media":0,"parent":0,"menu_order":0,"comment_status":"closed","ping_status":"closed","template":"","meta":{"footnotes":""},"class_list":["post-664","page","type-page","status-publish","hentry"],"yoast_head":"<!-- This site is optimized with the Yoast SEO plugin v27.3 - https:\/\/yoast.com\/product\/yoast-seo-wordpress\/ -->\n<title>Noticias - Departamento de Did\u00e1ctica y Organizaci\u00f3n Educativa<\/title>\n<meta name=\"robots\" content=\"index, follow, max-snippet:-1, max-image-preview:large, max-video-preview:-1\" \/>\n<link rel=\"canonical\" href=\"https:\/\/departamento.us.es\/ddoe\/noticias\/\" \/>\n<meta property=\"og:locale\" content=\"es_ES\" \/>\n<meta property=\"og:type\" content=\"article\" \/>\n<meta property=\"og:title\" content=\"Noticias - Departamento de Did\u00e1ctica y Organizaci\u00f3n Educativa\" \/>\n<meta property=\"og:url\" content=\"https:\/\/departamento.us.es\/ddoe\/noticias\/\" \/>\n<meta property=\"og:site_name\" content=\"Departamento de Did\u00e1ctica y Organizaci\u00f3n Educativa\" \/>\n<meta property=\"article:publisher\" content=\"https:\/\/www.facebook.com\/pages\/FacultaddeCienciasdelaEducacin\/108534009178825\/\" \/>\n<meta property=\"article:modified_time\" content=\"2022-05-26T09:53:57+00:00\" \/>\n<meta name=\"twitter:card\" content=\"summary_large_image\" \/>\n<meta name=\"twitter:site\" content=\"@EducacionUs\" \/>\n<meta name=\"twitter:label1\" content=\"Tiempo de lectura\" \/>\n\t<meta name=\"twitter:data1\" content=\"1 minuto\" \/>\n<script type=\"application\/ld+json\" class=\"yoast-schema-graph\">{\"@context\":\"https:\\\/\\\/schema.org\",\"@graph\":[{\"@type\":\"WebPage\",\"@id\":\"https:\\\/\\\/departamento.us.es\\\/ddoe\\\/noticias\\\/\",\"url\":\"https:\\\/\\\/departamento.us.es\\\/ddoe\\\/noticias\\\/\",\"name\":\"Noticias - Departamento de Did\u00e1ctica y Organizaci\u00f3n Educativa\",\"isPartOf\":{\"@id\":\"https:\\\/\\\/departamento.us.es\\\/ddoe\\\/#website\"},\"datePublished\":\"2022-03-23T11:25:37+00:00\",\"dateModified\":\"2022-05-26T09:53:57+00:00\",\"breadcrumb\":{\"@id\":\"https:\\\/\\\/departamento.us.es\\\/ddoe\\\/noticias\\\/#breadcrumb\"},\"inLanguage\":\"es\",\"potentialAction\":[{\"@type\":\"ReadAction\",\"target\":[\"https:\\\/\\\/departamento.us.es\\\/ddoe\\\/noticias\\\/\"]}]},{\"@type\":\"BreadcrumbList\",\"@id\":\"https:\\\/\\\/departamento.us.es\\\/ddoe\\\/noticias\\\/#breadcrumb\",\"itemListElement\":[{\"@type\":\"ListItem\",\"position\":1,\"name\":\"Portada\",\"item\":\"https:\\\/\\\/departamento.us.es\\\/ddoe\\\/\"},{\"@type\":\"ListItem\",\"position\":2,\"name\":\"Noticias\"}]},{\"@type\":\"WebSite\",\"@id\":\"https:\\\/\\\/departamento.us.es\\\/ddoe\\\/#website\",\"url\":\"https:\\\/\\\/departamento.us.es\\\/ddoe\\\/\",\"name\":\"Departamento de Did\u00e1ctica y Organizaci\u00f3n Educativa\",\"description\":\"Universidad de Sevilla\",\"publisher\":{\"@id\":\"https:\\\/\\\/departamento.us.es\\\/ddoe\\\/#organization\"},\"potentialAction\":[{\"@type\":\"SearchAction\",\"target\":{\"@type\":\"EntryPoint\",\"urlTemplate\":\"https:\\\/\\\/departamento.us.es\\\/ddoe\\\/?s={search_term_string}\"},\"query-input\":{\"@type\":\"PropertyValueSpecification\",\"valueRequired\":true,\"valueName\":\"search_term_string\"}}],\"inLanguage\":\"es\"},{\"@type\":\"Organization\",\"@id\":\"https:\\\/\\\/departamento.us.es\\\/ddoe\\\/#organization\",\"name\":\"Departamento de Did\u00e1ctica y Organizaci\u00f3n Educativa\",\"url\":\"https:\\\/\\\/departamento.us.es\\\/ddoe\\\/\",\"logo\":{\"@type\":\"ImageObject\",\"inLanguage\":\"es\",\"@id\":\"https:\\\/\\\/departamento.us.es\\\/ddoe\\\/#\\\/schema\\\/logo\\\/image\\\/\",\"url\":\"https:\\\/\\\/departamento.us.es\\\/ddoe\\\/wp-content\\\/uploads\\\/2022\\\/04\\\/Logo-DOE-US-Ancho320-e1651127401434.png\",\"contentUrl\":\"https:\\\/\\\/departamento.us.es\\\/ddoe\\\/wp-content\\\/uploads\\\/2022\\\/04\\\/Logo-DOE-US-Ancho320-e1651127401434.png\",\"width\":320,\"height\":110,\"caption\":\"Departamento de Did\u00e1ctica y Organizaci\u00f3n Educativa\"},\"image\":{\"@id\":\"https:\\\/\\\/departamento.us.es\\\/ddoe\\\/#\\\/schema\\\/logo\\\/image\\\/\"},\"sameAs\":[\"https:\\\/\\\/www.facebook.com\\\/pages\\\/FacultaddeCienciasdelaEducacin\\\/108534009178825\\\/\",\"https:\\\/\\\/x.com\\\/EducacionUs\"]}]}<\/script>\n<!-- \/ Yoast SEO plugin. -->","yoast_head_json":{"title":"Noticias - Departamento de Did\u00e1ctica y Organizaci\u00f3n Educativa","robots":{"index":"index","follow":"follow","max-snippet":"max-snippet:-1","max-image-preview":"max-image-preview:large","max-video-preview":"max-video-preview:-1"},"canonical":"https:\/\/departamento.us.es\/ddoe\/noticias\/","og_locale":"es_ES","og_type":"article","og_title":"Noticias - Departamento de Did\u00e1ctica y Organizaci\u00f3n Educativa","og_url":"https:\/\/departamento.us.es\/ddoe\/noticias\/","og_site_name":"Departamento de Did\u00e1ctica y Organizaci\u00f3n Educativa","article_publisher":"https:\/\/www.facebook.com\/pages\/FacultaddeCienciasdelaEducacin\/108534009178825\/","article_modified_time":"2022-05-26T09:53:57+00:00","twitter_card":"summary_large_image","twitter_site":"@EducacionUs","twitter_misc":{"Tiempo de lectura":"1 minuto"},"schema":{"@context":"https:\/\/schema.org","@graph":[{"@type":"WebPage","@id":"https:\/\/departamento.us.es\/ddoe\/noticias\/","url":"https:\/\/departamento.us.es\/ddoe\/noticias\/","name":"Noticias - Departamento de Did\u00e1ctica y Organizaci\u00f3n Educativa","isPartOf":{"@id":"https:\/\/departamento.us.es\/ddoe\/#website"},"datePublished":"2022-03-23T11:25:37+00:00","dateModified":"2022-05-26T09:53:57+00:00","breadcrumb":{"@id":"https:\/\/departamento.us.es\/ddoe\/noticias\/#breadcrumb"},"inLanguage":"es","potentialAction":[{"@type":"ReadAction","target":["https:\/\/departamento.us.es\/ddoe\/noticias\/"]}]},{"@type":"BreadcrumbList","@id":"https:\/\/departamento.us.es\/ddoe\/noticias\/#breadcrumb","itemListElement":[{"@type":"ListItem","position":1,"name":"Portada","item":"https:\/\/departamento.us.es\/ddoe\/"},{"@type":"ListItem","position":2,"name":"Noticias"}]},{"@type":"WebSite","@id":"https:\/\/departamento.us.es\/ddoe\/#website","url":"https:\/\/departamento.us.es\/ddoe\/","name":"Departamento de Did\u00e1ctica y Organizaci\u00f3n Educativa","description":"Universidad de Sevilla","publisher":{"@id":"https:\/\/departamento.us.es\/ddoe\/#organization"},"potentialAction":[{"@type":"SearchAction","target":{"@type":"EntryPoint","urlTemplate":"https:\/\/departamento.us.es\/ddoe\/?s={search_term_string}"},"query-input":{"@type":"PropertyValueSpecification","valueRequired":true,"valueName":"search_term_string"}}],"inLanguage":"es"},{"@type":"Organization","@id":"https:\/\/departamento.us.es\/ddoe\/#organization","name":"Departamento de Did\u00e1ctica y Organizaci\u00f3n Educativa","url":"https:\/\/departamento.us.es\/ddoe\/","logo":{"@type":"ImageObject","inLanguage":"es","@id":"https:\/\/departamento.us.es\/ddoe\/#\/schema\/logo\/image\/","url":"https:\/\/departamento.us.es\/ddoe\/wp-content\/uploads\/2022\/04\/Logo-DOE-US-Ancho320-e1651127401434.png","contentUrl":"https:\/\/departamento.us.es\/ddoe\/wp-content\/uploads\/2022\/04\/Logo-DOE-US-Ancho320-e1651127401434.png","width":320,"height":110,"caption":"Departamento de Did\u00e1ctica y Organizaci\u00f3n Educativa"},"image":{"@id":"https:\/\/departamento.us.es\/ddoe\/#\/schema\/logo\/image\/"},"sameAs":["https:\/\/www.facebook.com\/pages\/FacultaddeCienciasdelaEducacin\/108534009178825\/","https:\/\/x.com\/EducacionUs"]}]}},"_links":{"self":[{"href":"https:\/\/departamento.us.es\/ddoe\/wp-json\/wp\/v2\/pages\/664","targetHints":{"allow":["GET"]}}],"collection":[{"href":"https:\/\/departamento.us.es\/ddoe\/wp-json\/wp\/v2\/pages"}],"about":[{"href":"https:\/\/departamento.us.es\/ddoe\/wp-json\/wp\/v2\/types\/page"}],"author":[{"embeddable":true,"href":"https:\/\/departamento.us.es\/ddoe\/wp-json\/wp\/v2\/users\/1"}],"replies":[{"embeddable":true,"href":"https:\/\/departamento.us.es\/ddoe\/wp-json\/wp\/v2\/comments?post=664"}],"version-history":[{"count":0,"href":"https:\/\/departamento.us.es\/ddoe\/wp-json\/wp\/v2\/pages\/664\/revisions"}],"wp:attachment":[{"href":"https:\/\/departamento.us.es\/ddoe\/wp-json\/wp\/v2\/media?parent=664"}],"curies":[{"name":"wp","href":"https:\/\/api.w.org\/{rel}","templated":true}]}}