{"id":533,"date":"2021-11-08T21:17:13","date_gmt":"2021-11-08T21:17:13","guid":{"rendered":"https:\/\/departamento.us.es\/deconapli1\/?page_id=533"},"modified":"2025-05-21T11:08:26","modified_gmt":"2025-05-21T11:08:26","slug":"novedades","status":"publish","type":"page","link":"https:\/\/departamento.us.es\/deconapli1\/novedades\/","title":{"rendered":"<div id=\"noticias\">Noticias<br><p>.<\/p><\/div>"},"content":{"rendered":"<p>[et_pb_section fb_built=&#8221;1&#8243; _builder_version=&#8221;4.14.7&#8243; _module_preset=&#8221;default&#8221; background_image=&#8221;https:\/\/departamento.us.es\/deconapli1\/wp-content\/uploads\/2022\/02\/facultad_cee_interior_gris_Compressed.png&#8221; locked=&#8221;off&#8221; global_colors_info=&#8221;{}&#8221;][et_pb_row _builder_version=&#8221;4.14.2&#8243; _module_preset=&#8221;default&#8221; global_colors_info=&#8221;{}&#8221;][et_pb_column type=&#8221;4_4&#8243; _builder_version=&#8221;4.14.2&#8243; _module_preset=&#8221;default&#8221; global_colors_info=&#8221;{}&#8221;][et_pb_text _builder_version=&#8221;4.14.2&#8243; _module_preset=&#8221;default&#8221; text_font=&#8221;Prata||||||||&#8221; text_text_color=&#8221;#FFFFFF&#8221; text_font_size=&#8221;30px&#8221; text_line_height=&#8221;1.5em&#8221; text_font_size_tablet=&#8221;30px&#8221; text_font_size_phone=&#8221;17px&#8221; text_font_size_last_edited=&#8221;on|phone&#8221; text_text_shadow_style=&#8221;preset2&#8243; locked=&#8221;off&#8221; global_colors_info=&#8221;{}&#8221;]<\/p>\n<p>Noticias<\/p>\n<p>[\/et_pb_text][\/et_pb_column][\/et_pb_row][\/et_pb_section][et_pb_section fb_built=&#8221;1&#8243; _builder_version=&#8221;4.10.8&#8243; _module_preset=&#8221;default&#8221; global_colors_info=&#8221;{}&#8221;][et_pb_row column_structure=&#8221;1_3,2_3&#8243; _builder_version=&#8221;4.14.2&#8243; _module_preset=&#8221;default&#8221; locked=&#8221;off&#8221; global_colors_info=&#8221;{}&#8221;][et_pb_column type=&#8221;1_3&#8243; _builder_version=&#8221;4.14.2&#8243; _module_preset=&#8221;default&#8221; global_colors_info=&#8221;{}&#8221;][et_pb_image src=&#8221;https:\/\/departamento.us.es\/deconapli1\/wp-content\/uploads\/2022\/02\/facultad_cee_interior_Compressed.png&#8221; title_text=&#8221;facultad_cee_interior_Compressed&#8221; _builder_version=&#8221;4.14.7&#8243; _module_preset=&#8221;default&#8221; global_colors_info=&#8221;{}&#8221;][\/et_pb_image][\/et_pb_column][et_pb_column type=&#8221;2_3&#8243; _builder_version=&#8221;4.14.2&#8243; _module_preset=&#8221;default&#8221; global_colors_info=&#8221;{}&#8221;][et_pb_text _builder_version=&#8221;4.14.7&#8243; _module_preset=&#8221;default&#8221; text_font=&#8221;Prata||||||||&#8221; text_text_color=&#8221;#8D0739&#8243; text_font_size=&#8221;23px&#8221; text_line_height=&#8221;1.5em&#8221; locked=&#8221;off&#8221; global_colors_info=&#8221;{}&#8221;]<\/p>\n<p><strong>DEFENSA DE TESIS DOCTORAL<\/strong><\/p>\n<p>[\/et_pb_text][et_pb_divider color=&#8221;#E17E23&#8243; divider_weight=&#8221;3px&#8221; _builder_version=&#8221;4.14.7&#8243; _module_preset=&#8221;default&#8221; width=&#8221;100%&#8221; custom_margin=&#8221;-25px||||false|false&#8221; locked=&#8221;off&#8221; global_colors_info=&#8221;{}&#8221;][\/et_pb_divider][et_pb_text _builder_version=&#8221;4.14.7&#8243; _module_preset=&#8221;default&#8221; text_font_size=&#8221;14px&#8221; custom_margin=&#8221;-20px||||false|false&#8221; custom_padding=&#8221;||0px|||&#8221; hover_enabled=&#8221;0&#8243; global_colors_info=&#8221;{}&#8221; sticky_enabled=&#8221;0&#8243;]<\/p>\n<p><span>El pr\u00f3ximo 3 de junio de 2025 a las 12:00 hs se defender\u00e1 la tesis doctoral titulada\u00a0<em>\u201cAn\u00e1lisis cualitativo de los emprendedores locales de la ciudad de Riobamba (Ecuador) y el papel del entorno\u201d,\u00a0<\/em>realizada por la doctoranda D\u00aa. Rosa Mercedes Zabala Cuadrado. Esta tesis ha sido dirigida por el Dr. D. Francisco Javier Santos Cumplido y la Dra. D\u00aa Carmen Guzm\u00e1n Alfonso. El acto tendr\u00e1 lugar en el Sal\u00f3n de Grados de la Facultad de Ciencias Econ\u00f3micas y Empresariales. El tribunal que evaluar\u00e1 la tesis estar\u00e1 presidido por la Dra. D\u00aa. Marta Sol\u00f3rzano Garc\u00eda de la Universidad Nacional de Educaci\u00f3n a Distancia.<\/span><\/p>\n<p>[\/et_pb_text][\/et_pb_column][\/et_pb_row][et_pb_row column_structure=&#8221;1_3,2_3&#8243; _builder_version=&#8221;4.14.2&#8243; _module_preset=&#8221;default&#8221; locked=&#8221;off&#8221; global_colors_info=&#8221;{}&#8221;][et_pb_column type=&#8221;1_3&#8243; _builder_version=&#8221;4.14.2&#8243; _module_preset=&#8221;default&#8221; global_colors_info=&#8221;{}&#8221;][et_pb_image src=&#8221;https:\/\/departamento.us.es\/deconapli1\/wp-content\/uploads\/2022\/02\/facultad_cee_interior_Compressed.png&#8221; title_text=&#8221;facultad_cee_interior_Compressed&#8221; _builder_version=&#8221;4.14.7&#8243; _module_preset=&#8221;default&#8221; global_colors_info=&#8221;{}&#8221;][\/et_pb_image][\/et_pb_column][et_pb_column type=&#8221;2_3&#8243; _builder_version=&#8221;4.14.2&#8243; _module_preset=&#8221;default&#8221; global_colors_info=&#8221;{}&#8221;][et_pb_text _builder_version=&#8221;4.14.7&#8243; _module_preset=&#8221;default&#8221; text_font=&#8221;Prata||||||||&#8221; text_text_color=&#8221;#8D0739&#8243; text_font_size=&#8221;23px&#8221; text_line_height=&#8221;1.5em&#8221; locked=&#8221;off&#8221; global_colors_info=&#8221;{}&#8221;]<\/p>\n<p><strong>DEFENSA DE TESIS DOCTORAL<\/strong><\/p>\n<p>[\/et_pb_text][et_pb_divider color=&#8221;#E17E23&#8243; divider_weight=&#8221;3px&#8221; _builder_version=&#8221;4.14.7&#8243; _module_preset=&#8221;default&#8221; width=&#8221;100%&#8221; custom_margin=&#8221;-25px||||false|false&#8221; locked=&#8221;off&#8221; global_colors_info=&#8221;{}&#8221;][\/et_pb_divider][et_pb_text _builder_version=&#8221;4.14.7&#8243; _module_preset=&#8221;default&#8221; text_font_size=&#8221;14px&#8221; custom_margin=&#8221;-20px||||false|false&#8221; custom_padding=&#8221;||0px|||&#8221; global_colors_info=&#8221;{}&#8221;]<\/p>\n<p><span>El pr\u00f3ximo 21 de mayo de 2025 a las 12:00 hs se defender\u00e1 la tesis doctoral titulada\u00a0<em>\u201cInclusi\u00f3n de la tecnolog\u00eda en los emprendimientos de la ciudad de Riobamba y su contribuci\u00f3n a la ventaja competitiva,\u00a0<\/em>realizada por la doctoranda D\u00aa. Mersi Piedad Mantilla J\u00e1come. Esta tesis ha sido dirigida por el Dr. D. Francisco Javier Ortega Irizo y la Dra. D\u00aa Inmaculada Ja\u00e9n Figueroa. El acto tendr\u00e1 lugar en la Sala de Juntas del Decanato de la Facultad de Ciencias Econ\u00f3micas y Empresariales. El tribunal que evaluar\u00e1 la tesis estar\u00e1 presidido por la Dra. D\u00aa. Mar\u00eda del Carmen Cabello Medina de la Universidad Pablo de Olavide.<\/span><\/p>\n<p>[\/et_pb_text][\/et_pb_column][\/et_pb_row][et_pb_row column_structure=&#8221;1_3,2_3&#8243; _builder_version=&#8221;4.14.2&#8243; _module_preset=&#8221;default&#8221; locked=&#8221;off&#8221; global_colors_info=&#8221;{}&#8221;][et_pb_column type=&#8221;1_3&#8243; _builder_version=&#8221;4.14.2&#8243; _module_preset=&#8221;default&#8221; global_colors_info=&#8221;{}&#8221;][et_pb_image src=&#8221;https:\/\/departamento.us.es\/deconapli1\/wp-content\/uploads\/2025\/02\/Poster-cursos-catedra-1-1.png&#8221; title_text=&#8221;Poster cursos c\u00e1tedra-1-1&#8243; _builder_version=&#8221;4.14.7&#8243; _module_preset=&#8221;default&#8221; global_colors_info=&#8221;{}&#8221;][\/et_pb_image][\/et_pb_column][et_pb_column type=&#8221;2_3&#8243; _builder_version=&#8221;4.14.2&#8243; _module_preset=&#8221;default&#8221; global_colors_info=&#8221;{}&#8221;][et_pb_text _builder_version=&#8221;4.14.7&#8243; _module_preset=&#8221;default&#8221; text_font=&#8221;Prata||||||||&#8221; text_text_color=&#8221;#8D0739&#8243; text_font_size=&#8221;23px&#8221; text_line_height=&#8221;1.5em&#8221; locked=&#8221;off&#8221; global_colors_info=&#8221;{}&#8221;]<\/p>\n<p>CURSO EMPRENDIMIENTO EN ECONOM\u00cdA SOCIAL<\/p>\n<p>[\/et_pb_text][et_pb_divider color=&#8221;#E17E23&#8243; divider_weight=&#8221;3px&#8221; _builder_version=&#8221;4.14.7&#8243; _module_preset=&#8221;default&#8221; width=&#8221;100%&#8221; custom_margin=&#8221;-25px||||false|false&#8221; locked=&#8221;off&#8221; global_colors_info=&#8221;{}&#8221;][\/et_pb_divider][et_pb_text _builder_version=&#8221;4.14.7&#8243; _module_preset=&#8221;default&#8221; text_font_size=&#8221;14px&#8221; custom_margin=&#8221;-20px||||false|false&#8221; custom_padding=&#8221;||0px|||&#8221; global_colors_info=&#8221;{}&#8221;]<\/p>\n<p>El pr\u00f3ximo 10 de febrero se dar\u00e1 comienzo al primer curso a desarrollar en el marco de la C\u00e1tedra en Econom\u00eda Social de la Universidad de Sevilla. Dicha C\u00e1tedra forma parte de la reci\u00e9n creada Red de C\u00e1tedras de Econom\u00eda Social de la Junta de Andaluc\u00eda en las distintas Universidades P\u00fablicas Andaluzas. En la Universidad de Sevilla, estos cursos tendr\u00e1n una duraci\u00f3n de 25 hs y se podr\u00e1n convalidar por un cr\u00e9dito de libre configuraci\u00f3n. La tem\u00e1tica de los mismos versar\u00e1 sobre distintos \u00e1mbitos de la Econom\u00eda Social y el emprendimiento social y contar\u00e1n con distintos expertos del sector en diferentes materias. Los cursos ser\u00e1n gratuitos con plazas limitadas y se celebrar\u00e1n los d\u00edas 10, 11, 12, 17, 18 y 19 de febrero. El primero de ellos se titula &#8220;Emprendimiento en Econom\u00eda Social\u201d.<\/p>\n<p>[\/et_pb_text][\/et_pb_column][\/et_pb_row][et_pb_row column_structure=&#8221;1_3,2_3&#8243; _builder_version=&#8221;4.14.2&#8243; _module_preset=&#8221;default&#8221; locked=&#8221;off&#8221; global_colors_info=&#8221;{}&#8221;][et_pb_column type=&#8221;1_3&#8243; _builder_version=&#8221;4.14.2&#8243; _module_preset=&#8221;default&#8221; global_colors_info=&#8221;{}&#8221;][et_pb_image src=&#8221;https:\/\/departamento.us.es\/deconapli1\/wp-content\/uploads\/2022\/02\/facultad_cee_interior_Compressed.png&#8221; title_text=&#8221;facultad_cee_interior_Compressed&#8221; _builder_version=&#8221;4.14.7&#8243; _module_preset=&#8221;default&#8221; global_colors_info=&#8221;{}&#8221;][\/et_pb_image][\/et_pb_column][et_pb_column type=&#8221;2_3&#8243; _builder_version=&#8221;4.14.2&#8243; _module_preset=&#8221;default&#8221; global_colors_info=&#8221;{}&#8221;][et_pb_text _builder_version=&#8221;4.14.7&#8243; _module_preset=&#8221;default&#8221; text_font=&#8221;Prata||||||||&#8221; text_text_color=&#8221;#8D0739&#8243; text_font_size=&#8221;23px&#8221; text_line_height=&#8221;1.5em&#8221; locked=&#8221;off&#8221; global_colors_info=&#8221;{}&#8221;]<\/p>\n<p><strong>DEFENSA DE TESIS DOCTORAL<\/strong><\/p>\n<p>[\/et_pb_text][et_pb_divider color=&#8221;#E17E23&#8243; divider_weight=&#8221;3px&#8221; _builder_version=&#8221;4.14.7&#8243; _module_preset=&#8221;default&#8221; width=&#8221;100%&#8221; custom_margin=&#8221;-25px||||false|false&#8221; locked=&#8221;off&#8221; global_colors_info=&#8221;{}&#8221;][\/et_pb_divider][et_pb_text _builder_version=&#8221;4.14.7&#8243; _module_preset=&#8221;default&#8221; text_font_size=&#8221;14px&#8221; custom_margin=&#8221;-20px||||false|false&#8221; custom_padding=&#8221;||0px|||&#8221; global_colors_info=&#8221;{}&#8221;]<\/p>\n<p><span>El pr\u00f3ximo 6 de febrero de 2025 a las 11:30 hs se defender\u00e1 la tesis doctoral titulada\u00a0<\/span><em>\u201cEficiencia de la adopci\u00f3n de las TIC por parte de los emprendedores: disparidades entre hombres y mujeres\u201d,<\/em><span>\u00a0realizada por la doctoranda D\u00aa. Vanesa Berbegal Zaragoza. Esta tesis ha sido dirigida por el Dr. D. Francisco Velasco Morente y Dr. D. Francisco Javier Ortega Irizo. El acto tendr\u00e1 lugar en el aula Seminarios 1.1 de la Facultad de Ciencias Econ\u00f3micas y Empresariales. E<\/span><span>l tribunal que evaluar\u00e1 la tesis estar\u00e1 presidido por el Dr. D. Francisco Li\u00f1an Alcalde de la Universidad de Sevilla.<\/span><\/p>\n<p>[\/et_pb_text][\/et_pb_column][\/et_pb_row][et_pb_row column_structure=&#8221;1_3,2_3&#8243; _builder_version=&#8221;4.14.2&#8243; _module_preset=&#8221;default&#8221; locked=&#8221;off&#8221; global_colors_info=&#8221;{}&#8221;][et_pb_column type=&#8221;1_3&#8243; _builder_version=&#8221;4.14.2&#8243; _module_preset=&#8221;default&#8221; global_colors_info=&#8221;{}&#8221;][et_pb_image src=&#8221;https:\/\/departamento.us.es\/deconapli1\/wp-content\/uploads\/2024\/11\/Cartel-Seminario.jpg&#8221; title_text=&#8221;Cartel Seminario&#8221; _builder_version=&#8221;4.14.7&#8243; _module_preset=&#8221;default&#8221; global_colors_info=&#8221;{}&#8221;][\/et_pb_image][\/et_pb_column][et_pb_column type=&#8221;2_3&#8243; _builder_version=&#8221;4.14.2&#8243; _module_preset=&#8221;default&#8221; global_colors_info=&#8221;{}&#8221;][et_pb_text _builder_version=&#8221;4.14.7&#8243; _module_preset=&#8221;default&#8221; text_font=&#8221;Prata||||||||&#8221; text_text_color=&#8221;#8D0739&#8243; text_font_size=&#8221;23px&#8221; text_line_height=&#8221;1.5em&#8221; locked=&#8221;off&#8221; global_colors_info=&#8221;{}&#8221;]<\/p>\n<p><strong>SEMINARIO GRUPO DE INVESTIGACI\u00d3N<\/strong><\/p>\n<p>[\/et_pb_text][et_pb_divider color=&#8221;#E17E23&#8243; divider_weight=&#8221;3px&#8221; _builder_version=&#8221;4.14.7&#8243; _module_preset=&#8221;default&#8221; width=&#8221;100%&#8221; custom_margin=&#8221;-25px||||false|false&#8221; locked=&#8221;off&#8221; global_colors_info=&#8221;{}&#8221;][\/et_pb_divider][et_pb_text _builder_version=&#8221;4.14.7&#8243; _module_preset=&#8221;default&#8221; text_font_size=&#8221;14px&#8221; custom_margin=&#8221;-20px||||false|false&#8221; global_colors_info=&#8221;{}&#8221;]<\/p>\n<p>El Grupo de Investigaci\u00f3n PYMED, (Ref. SEJ-128) tiene el placer de invitarles al pr\u00f3ximo Seminario, que se celebrar\u00e1 el pr\u00f3ximo martes 19 de noviembre a las 12:00 horas en el Seminario Joaqu\u00edn Guzm\u00e1n (Departamento Econom\u00eda Aplicada I (3\u00aa planta de la Facultad de CC. Econ\u00f3micas y empresariales).<br \/>Contaremos con la presencia del ponente: <br \/>\u2022 D\u00aa. Lidia Valiente Palma de la Universidad de Sevilla. Cuya presentaci\u00f3n se titula &#8220;Impacto social de las organizaciones de Econom\u00eda Social: El Balance Social como herramienta de medici\u00f3n &#8220;. <br \/>Se facilitar\u00e1 certificado de asistencia a la persona que lo solicite. <\/p>\n<p>[\/et_pb_text][\/et_pb_column][\/et_pb_row][et_pb_row column_structure=&#8221;1_3,2_3&#8243; _builder_version=&#8221;4.14.2&#8243; _module_preset=&#8221;default&#8221; locked=&#8221;off&#8221; global_colors_info=&#8221;{}&#8221;][et_pb_column type=&#8221;1_3&#8243; _builder_version=&#8221;4.14.2&#8243; _module_preset=&#8221;default&#8221; global_colors_info=&#8221;{}&#8221;][et_pb_image src=&#8221;https:\/\/departamento.us.es\/deconapli1\/wp-content\/uploads\/2022\/02\/facultad_cee_interior_Compressed.png&#8221; title_text=&#8221;facultad_cee_interior_Compressed&#8221; _builder_version=&#8221;4.14.7&#8243; _module_preset=&#8221;default&#8221; global_colors_info=&#8221;{}&#8221;][\/et_pb_image][\/et_pb_column][et_pb_column type=&#8221;2_3&#8243; _builder_version=&#8221;4.14.2&#8243; _module_preset=&#8221;default&#8221; global_colors_info=&#8221;{}&#8221;][et_pb_text _builder_version=&#8221;4.14.7&#8243; _module_preset=&#8221;default&#8221; text_font=&#8221;Prata||||||||&#8221; text_text_color=&#8221;#8D0739&#8243; text_font_size=&#8221;23px&#8221; text_line_height=&#8221;1.5em&#8221; locked=&#8221;off&#8221; global_colors_info=&#8221;{}&#8221;]<\/p>\n<p><b>DEFENSA DE TESIS DOCTORAL<\/b><\/p>\n<p>[\/et_pb_text][et_pb_divider color=&#8221;#E17E23&#8243; divider_weight=&#8221;3px&#8221; _builder_version=&#8221;4.14.7&#8243; _module_preset=&#8221;default&#8221; width=&#8221;100%&#8221; custom_margin=&#8221;-25px||||false|false&#8221; locked=&#8221;off&#8221; global_colors_info=&#8221;{}&#8221;][\/et_pb_divider][et_pb_text _builder_version=&#8221;4.14.7&#8243; _module_preset=&#8221;default&#8221; text_font_size=&#8221;14px&#8221; custom_margin=&#8221;-20px||||false|false&#8221; global_colors_info=&#8221;{}&#8221;]<\/p>\n<ul><\/ul>\n<div>\n<p>El pr\u00f3ximo 25 de junio de 2024 a las 11:00 hs se defender\u00e1 la tesis doctoral titulada\u00a0<em>\u201cIntegraci\u00f3n Cultural de Destinos Tur\u00edsticos: El Papel de la Autenticidad en el Mercado Medieval de \u00d3bidos, Portugal\u201d,<\/em>\u00a0realizada por el doctorando D. Ricardo Jos\u00e9 Pedras Rodrigues Ribeiro. Esta tesis ha sido\u00a0dirigida por la Dra. Pilar Moreno Pacheco y por el Dr. Antonio Sergio Ara\u00fajo Almeida.\u00a0El acto tendr\u00e1 lugar en el Sal\u00f3n de Actos de la Facultad de Turismo y Finanzas y el tribunal que evaluar\u00e1 la tesis estar\u00e1 presidido por el Dr. Francisco Javier Santos Cumplido de la Universidad de Sevilla.<\/p>\n<\/div>\n<p>[\/et_pb_text][\/et_pb_column][\/et_pb_row][et_pb_row column_structure=&#8221;1_3,2_3&#8243; _builder_version=&#8221;4.14.2&#8243; _module_preset=&#8221;default&#8221; locked=&#8221;off&#8221; global_colors_info=&#8221;{}&#8221;][et_pb_column type=&#8221;1_3&#8243; _builder_version=&#8221;4.14.2&#8243; _module_preset=&#8221;default&#8221; global_colors_info=&#8221;{}&#8221;][et_pb_image src=&#8221;https:\/\/departamento.us.es\/deconapli1\/wp-content\/uploads\/2024\/06\/XXIV_REM_poster.jpg&#8221; title_text=&#8221;XXIV_REM_poster&#8221; _builder_version=&#8221;4.14.7&#8243; _module_preset=&#8221;default&#8221; global_colors_info=&#8221;{}&#8221;][\/et_pb_image][\/et_pb_column][et_pb_column type=&#8221;2_3&#8243; _builder_version=&#8221;4.14.2&#8243; _module_preset=&#8221;default&#8221; global_colors_info=&#8221;{}&#8221;][et_pb_text _builder_version=&#8221;4.14.7&#8243; _module_preset=&#8221;default&#8221; text_font=&#8221;Prata||||||||&#8221; text_text_color=&#8221;#8D0739&#8243; text_font_size=&#8221;23px&#8221; text_line_height=&#8221;1.5em&#8221; locked=&#8221;off&#8221; global_colors_info=&#8221;{}&#8221;]<\/p>\n<p><b>XXIV REUNI\u00d3N DE ECONOM\u00cdA MUNDIAL<\/b><\/p>\n<p>[\/et_pb_text][et_pb_divider color=&#8221;#E17E23&#8243; divider_weight=&#8221;3px&#8221; _builder_version=&#8221;4.14.7&#8243; _module_preset=&#8221;default&#8221; width=&#8221;100%&#8221; custom_margin=&#8221;-25px||||false|false&#8221; locked=&#8221;off&#8221; global_colors_info=&#8221;{}&#8221;][\/et_pb_divider][et_pb_text _builder_version=&#8221;4.14.7&#8243; _module_preset=&#8221;default&#8221; text_font_size=&#8221;14px&#8221; custom_margin=&#8221;-20px||||false|false&#8221; global_colors_info=&#8221;{}&#8221;]<\/p>\n<ul><\/ul>\n<div>\n<p>Los d\u00edas\u00a0<strong>27 y 28 de mayo de 2024\u00a0<\/strong>se celebr\u00f3 en la Facultad de Ciencias Econ\u00f3micas y Empresariales de la Universidad de Sevilla (US)<strong> la XXIV REM<\/strong><\/p>\n<p>bajo el tema<strong>\u00a0\u201cLa Econom\u00eda Mundial ante los Nuevos Retos Tecnol\u00f3gicos y Sociales\u201d<\/strong>.<\/p>\n<p>El congreso fue organizado por el departamento de Econom\u00eda Aplicada I y la Facultad de Ciencias Econ\u00f3micas y Empresariales, con la colaboraci\u00f3n del Instituto de Econom\u00eda y Negocios y el grupo de investigaci\u00f3n PYMED de la Universidad de Sevilla.<\/p>\n<\/div>\n<p>[\/et_pb_text][\/et_pb_column][\/et_pb_row][et_pb_row column_structure=&#8221;1_3,2_3&#8243; _builder_version=&#8221;4.14.2&#8243; _module_preset=&#8221;default&#8221; locked=&#8221;off&#8221; global_colors_info=&#8221;{}&#8221;][et_pb_column type=&#8221;1_3&#8243; _builder_version=&#8221;4.14.2&#8243; _module_preset=&#8221;default&#8221; global_colors_info=&#8221;{}&#8221;][et_pb_image src=&#8221;https:\/\/departamento.us.es\/deconapli1\/wp-content\/uploads\/2024\/05\/CARTEL-SEMINARIO-INVESTIGACION-Mayo-2024.jpg&#8221; title_text=&#8221;CARTEL SEMINARIO INVESTIGACION-Mayo 2024&#8243; _builder_version=&#8221;4.14.7&#8243; _module_preset=&#8221;default&#8221; global_colors_info=&#8221;{}&#8221;][\/et_pb_image][\/et_pb_column][et_pb_column type=&#8221;2_3&#8243; _builder_version=&#8221;4.14.2&#8243; _module_preset=&#8221;default&#8221; global_colors_info=&#8221;{}&#8221;][et_pb_text _builder_version=&#8221;4.14.7&#8243; _module_preset=&#8221;default&#8221; text_font=&#8221;Prata||||||||&#8221; text_text_color=&#8221;#8D0739&#8243; text_font_size=&#8221;23px&#8221; text_line_height=&#8221;1.5em&#8221; locked=&#8221;off&#8221; global_colors_info=&#8221;{}&#8221;]<\/p>\n<p><b>SEMINARIO GRUPO DE INVESTIGACI\u00d3N<span>\u00a0<\/span><span class=\"MByod JdFsz\" title=\"Seminario Grupo de Investigaci\u00f3n Entrepreneurship &amp; Innovation Mayo 2024\">ENTREPRENEURSHIP &amp; INNOVATION<\/span><\/b><\/p>\n<p>[\/et_pb_text][et_pb_divider color=&#8221;#E17E23&#8243; divider_weight=&#8221;3px&#8221; _builder_version=&#8221;4.14.7&#8243; _module_preset=&#8221;default&#8221; width=&#8221;100%&#8221; custom_margin=&#8221;-25px||||false|false&#8221; locked=&#8221;off&#8221; global_colors_info=&#8221;{}&#8221;][\/et_pb_divider][et_pb_text _builder_version=&#8221;4.14.7&#8243; _module_preset=&#8221;default&#8221; text_font_size=&#8221;14px&#8221; custom_margin=&#8221;-20px||||false|false&#8221; global_colors_info=&#8221;{}&#8221;]<\/p>\n<ul><\/ul>\n<div>\n<p><span>El\u00a0<\/span><span>Grupo de Investigaci\u00f3n\u00a0\u00a0<a href=\"https:\/\/grupo.us.es\/entinn\/\" target=\"_blank\" rel=\"noopener noreferrer\" data-auth=\"NotApplicable\" id=\"LPlnk366126\" title=\"https:\/\/grupo.us.es\/entinn\/\" data-linkindex=\"0\">\u201cEntrepreneurship &amp; Innovation\u201d\u00a0<\/a>\u00a0(Ref. SEJ-689) tiene el placer de invitarle al pr\u00f3ximo\u00a0Seminario de Investigaci\u00f3n que tratar\u00e1 de dos temas relacionados con\u00a0<\/span><span>las l\u00edneas de investigaci\u00f3n del grupo. Para ello,\u00a0<\/span><span>contaremos con la presencia de dos ponentes :<\/span><span><\/span><\/p>\n<ul data-editing-info=\"{&quot;orderedStyleType&quot;:1,&quot;unorderedStyleType&quot;:1}\">\n<li>\n<div><span>Florian Bl\u00f6sl, doctorando de la Manaement Center Innsbruck (Austria )<\/span><span>, cuya presentaci\u00f3n se titula\u00a0<\/span><span><b><i>\u201cSelected Entrepreneurial Consequences of Proactive Decision-Making\u201d.<\/i><\/b><\/span><\/div>\n<div>\n<div><b><i>\u00a0<\/i><\/b><\/div>\n<\/div>\n<\/li>\n<li>\n<div><i>Rub\u00e9n Mora, doctorando de la Universidad Aut\u00f3noma de Madrid (Espa\u00f1a), cuya presentaci\u00f3n se titula<span>\u00a0<\/span><\/i><b><i>\u201cSustainable entrpreneurship in Spain: a GEM-based approach\u201d.<\/i><\/b><\/div>\n<div>\n<div><b><i>\u00a0<\/i><\/b><\/div>\n<\/div>\n<\/li>\n<\/ul>\n<div>El\u00a0seminario\u00a0se celebrar\u00e1 el pr\u00f3ximo martes 21 de mayo a las 12.30h en el Francisco Cossio (3\u00aa planta) de la Facultad de CC. EE. y EE.<\/div>\n<div><\/div>\n<div>Se facilitar\u00e1 certificado de asistencia a la persona que lo solicite. Se ruega confirmaci\u00f3n de asistencia al correo entinn@us.es.<\/div>\n<\/div>\n<p align=\"justify\"><span><\/span><\/p>\n<p>[\/et_pb_text][\/et_pb_column][\/et_pb_row][et_pb_row column_structure=&#8221;1_3,2_3&#8243; _builder_version=&#8221;4.14.2&#8243; _module_preset=&#8221;default&#8221; locked=&#8221;off&#8221; global_colors_info=&#8221;{}&#8221;][et_pb_column type=&#8221;1_3&#8243; _builder_version=&#8221;4.14.2&#8243; _module_preset=&#8221;default&#8221; global_colors_info=&#8221;{}&#8221;][et_pb_image src=&#8221;https:\/\/departamento.us.es\/deconapli1\/wp-content\/uploads\/2024\/04\/Cartel-Seminarios-PYMED.png&#8221; title_text=&#8221;Cartel Seminarios PYMED&#8221; _builder_version=&#8221;4.14.7&#8243; _module_preset=&#8221;default&#8221; global_colors_info=&#8221;{}&#8221;][\/et_pb_image][\/et_pb_column][et_pb_column type=&#8221;2_3&#8243; _builder_version=&#8221;4.14.2&#8243; _module_preset=&#8221;default&#8221; global_colors_info=&#8221;{}&#8221;][et_pb_text _builder_version=&#8221;4.14.7&#8243; _module_preset=&#8221;default&#8221; text_font=&#8221;Prata||||||||&#8221; text_text_color=&#8221;#8D0739&#8243; text_font_size=&#8221;23px&#8221; text_line_height=&#8221;1.5em&#8221; locked=&#8221;off&#8221; global_colors_info=&#8221;{}&#8221;]<\/p>\n<p>SEMINARIO GRUPO DE INVESTIGACI\u00d3N<\/p>\n<p>[\/et_pb_text][et_pb_divider color=&#8221;#E17E23&#8243; divider_weight=&#8221;3px&#8221; _builder_version=&#8221;4.14.7&#8243; _module_preset=&#8221;default&#8221; width=&#8221;100%&#8221; custom_margin=&#8221;-25px||||false|false&#8221; locked=&#8221;off&#8221; global_colors_info=&#8221;{}&#8221;][\/et_pb_divider][et_pb_text _builder_version=&#8221;4.14.7&#8243; _module_preset=&#8221;default&#8221; text_font_size=&#8221;14px&#8221; custom_margin=&#8221;-20px||||false|false&#8221; global_colors_info=&#8221;{}&#8221;]<\/p>\n<p><span>El Grupo de Investigaci\u00f3n PYMED, (Ref. SEJ-128) tiene el placer de invitarles al pr\u00f3ximo Seminario, que se celebrar\u00e1 el pr\u00f3ximo jueves 25 de abril de 2024 a las 12:30 horas en el Seminario Joaqu\u00edn Guzm\u00e1n (Departamento Econom\u00eda Aplicada I (3\u00aa planta de la Facultad de CC. Econ\u00f3micas y empresariales).<\/span><\/p>\n<p><span>Contaremos con la presencia del ponente:\u00a0<\/span><\/p>\n<ul>\n<li><span><span>D. Daniel D. Pe\u00f1aherrera Patino de la Universidad de Guayaquil- Ecuador.\u00a0Cuya presentaci\u00f3n se titula\u00a0\u00a0<b>&#8220;Din\u00e1micas de Cl\u00fasteres en la Econom\u00eda Ecuatoriana: Un enfoque desde la Institucionalidad en el Marco de la Globalizaci\u00f3n\u201d.<\/b><\/span><\/span>\n<p>&nbsp;<\/p>\n<\/li>\n<\/ul>\n<div>Se facilitar\u00e1 certificado de asistencia a la persona que lo solicite.<\/div>\n<p align=\"justify\"><span><\/span><\/p>\n<p>[\/et_pb_text][\/et_pb_column][\/et_pb_row][et_pb_row column_structure=&#8221;1_3,2_3&#8243; _builder_version=&#8221;4.14.2&#8243; _module_preset=&#8221;default&#8221; locked=&#8221;off&#8221; global_colors_info=&#8221;{}&#8221;][et_pb_column type=&#8221;1_3&#8243; _builder_version=&#8221;4.14.2&#8243; _module_preset=&#8221;default&#8221; global_colors_info=&#8221;{}&#8221;][et_pb_image src=&#8221;https:\/\/departamento.us.es\/deconapli1\/wp-content\/uploads\/2022\/05\/Cartel-Seminario-Doctorandos-09062022_page-0001.jpg&#8221; title_text=&#8221;Cartel Seminario Doctorandos 09062022_page-0001&#8243; _builder_version=&#8221;4.14.7&#8243; _module_preset=&#8221;default&#8221; global_colors_info=&#8221;{}&#8221;][\/et_pb_image][\/et_pb_column][et_pb_column type=&#8221;2_3&#8243; _builder_version=&#8221;4.14.2&#8243; _module_preset=&#8221;default&#8221; global_colors_info=&#8221;{}&#8221;][et_pb_text _builder_version=&#8221;4.14.7&#8243; _module_preset=&#8221;default&#8221; text_font=&#8221;Prata||||||||&#8221; text_text_color=&#8221;#8D0739&#8243; text_font_size=&#8221;23px&#8221; text_line_height=&#8221;1.5em&#8221; locked=&#8221;off&#8221; global_colors_info=&#8221;{}&#8221;]<\/p>\n<p>SEMINARIO GRUPO DE INVESTIGACI\u00d3N<\/p>\n<p>[\/et_pb_text][et_pb_divider color=&#8221;#E17E23&#8243; divider_weight=&#8221;3px&#8221; _builder_version=&#8221;4.14.7&#8243; _module_preset=&#8221;default&#8221; width=&#8221;100%&#8221; custom_margin=&#8221;-25px||||false|false&#8221; locked=&#8221;off&#8221; global_colors_info=&#8221;{}&#8221;][\/et_pb_divider][et_pb_text _builder_version=&#8221;4.14.7&#8243; _module_preset=&#8221;default&#8221; text_font_size=&#8221;14px&#8221; custom_margin=&#8221;-20px||||false|false&#8221; global_colors_info=&#8221;{}&#8221;]<\/p>\n<p align=\"justify\"><span>Dentro de la serie de Seminarios de Investigaci\u00f3n que organiza el Grupo de Investigaci\u00f3n PYMED, tenemos la ocasi\u00f3n de celebrar un Seminario de Investigaci\u00f3n de Doctorandos con la participaci\u00f3n de dos alumnas del Programa de Doctorado en CC. Econ\u00f3micas y Sociales: Y\u00e9ssica Aburarach Mendoza y Laura G\u00f3mez Esquivel.<\/span><\/p>\n<p align=\"justify\">El seminario versar\u00e1 sobre los temas de &#8220;emprendimiento inmigrante&#8221; y de &#8220;Intraemprendimiento&#8221; y ser\u00e1 presencial.<span><\/span><\/p>\n<p align=\"justify\">Se celebrar\u00e1 el pr\u00f3ximo jueves 9 de junio a las 11:00 h. en el Seminario Joaqu\u00edn Guzm\u00e1n del Dpto. de Econom\u00eda Aplicada I .<\/p>\n<p align=\"justify\">Se ruega confirmaci\u00f3n de asistencia al correo pymed@us.es.<\/p>\n<p align=\"justify\"><span><\/span><\/p>\n<p>[\/et_pb_text][\/et_pb_column][\/et_pb_row][et_pb_row column_structure=&#8221;1_3,2_3&#8243; _builder_version=&#8221;4.14.2&#8243; _module_preset=&#8221;default&#8221; locked=&#8221;off&#8221; global_colors_info=&#8221;{}&#8221;][et_pb_column type=&#8221;1_3&#8243; _builder_version=&#8221;4.14.2&#8243; _module_preset=&#8221;default&#8221; global_colors_info=&#8221;{}&#8221;][et_pb_image src=&#8221;https:\/\/departamento.us.es\/deconapli1\/wp-content\/uploads\/2022\/02\/facultad_cee_interior_Compressed.png&#8221; title_text=&#8221;facultad_cee_interior_Compressed&#8221; _builder_version=&#8221;4.14.7&#8243; _module_preset=&#8221;default&#8221; global_colors_info=&#8221;{}&#8221;][\/et_pb_image][\/et_pb_column][et_pb_column type=&#8221;2_3&#8243; _builder_version=&#8221;4.14.2&#8243; _module_preset=&#8221;default&#8221; global_colors_info=&#8221;{}&#8221;][et_pb_text _builder_version=&#8221;4.14.2&#8243; _module_preset=&#8221;default&#8221; text_font=&#8221;Prata||||||||&#8221; text_text_color=&#8221;#8D0739&#8243; text_font_size=&#8221;23px&#8221; text_line_height=&#8221;1.5em&#8221; locked=&#8221;off&#8221; global_colors_info=&#8221;{}&#8221;]<\/p>\n<p>DEFENSA DE TESIS DOCTORAL<\/p>\n<p>[\/et_pb_text][et_pb_divider color=&#8221;#E17E23&#8243; divider_weight=&#8221;3px&#8221; _builder_version=&#8221;4.14.7&#8243; _module_preset=&#8221;default&#8221; width=&#8221;100%&#8221; custom_margin=&#8221;-25px||||false|false&#8221; locked=&#8221;off&#8221; global_colors_info=&#8221;{}&#8221;][\/et_pb_divider][et_pb_text _builder_version=&#8221;4.14.7&#8243; _module_preset=&#8221;default&#8221; text_font_size=&#8221;14px&#8221; custom_margin=&#8221;-20px||||false|false&#8221; global_colors_info=&#8221;{}&#8221;]<\/p>\n<p align=\"justify\"><span>El pr\u00f3ximo 10 de mayo de 2022 a las 11,00h se defender\u00e1 la tesis doctoral titulada <\/span><i>&#8220;Turismo e Patrimonio Industrial: Entre a autenticidade local e apropiac\u00e3o comunitaria &#8211; O caso de S. Joao da Madeira, Portugal&#8221;,<\/i><span> realizada por la doctoranda D\u00f1a. Tania Marina Ferreira Guerra . Esta tesis ha sido <\/span><span>dirigida por nuestra compa\u00f1era la Dra. Pilar Moreno Pacheco y por el Dr. Antonio Sergio Ara\u00fajo Almeida. <\/span><span>El acto tendr\u00e1 lugar en el Sal\u00f3n de Actos de la Facultad de Turismo y Finanzas y el tribunal que evaluar\u00e1 la tesis estar\u00e1 presidido por nuestra compa\u00f1era la Dra. Mar\u00eda Rosario Gonz\u00e1lez Rodr\u00edguez de la Universidad de Sevilla.<\/span><\/p>\n<p>[\/et_pb_text][\/et_pb_column][\/et_pb_row][et_pb_row column_structure=&#8221;1_3,2_3&#8243; _builder_version=&#8221;4.14.2&#8243; _module_preset=&#8221;default&#8221; locked=&#8221;off&#8221; global_colors_info=&#8221;{}&#8221;][et_pb_column type=&#8221;1_3&#8243; _builder_version=&#8221;4.14.2&#8243; _module_preset=&#8221;default&#8221; global_colors_info=&#8221;{}&#8221;][et_pb_image src=&#8221;https:\/\/departamento.us.es\/deconapli1\/wp-content\/uploads\/2022\/02\/facultad_cee_interior_Compressed.png&#8221; title_text=&#8221;facultad_cee_interior_Compressed&#8221; _builder_version=&#8221;4.14.7&#8243; _module_preset=&#8221;default&#8221; global_colors_info=&#8221;{}&#8221;][\/et_pb_image][\/et_pb_column][et_pb_column type=&#8221;2_3&#8243; _builder_version=&#8221;4.14.2&#8243; _module_preset=&#8221;default&#8221; global_colors_info=&#8221;{}&#8221;][et_pb_text _builder_version=&#8221;4.14.2&#8243; _module_preset=&#8221;default&#8221; text_font=&#8221;Prata||||||||&#8221; text_text_color=&#8221;#8D0739&#8243; text_font_size=&#8221;23px&#8221; text_line_height=&#8221;1.5em&#8221; locked=&#8221;off&#8221; global_colors_info=&#8221;{}&#8221;]<\/p>\n<p>DEFENSA DE TESIS DOCTORAL<\/p>\n<p>[\/et_pb_text][et_pb_divider color=&#8221;#E17E23&#8243; divider_weight=&#8221;3px&#8221; _builder_version=&#8221;4.14.2&#8243; _module_preset=&#8221;default&#8221; width=&#8221;100%&#8221; custom_margin=&#8221;-25px||||false|false&#8221; locked=&#8221;off&#8221; global_colors_info=&#8221;{}&#8221;][\/et_pb_divider][et_pb_text _builder_version=&#8221;4.14.7&#8243; _module_preset=&#8221;default&#8221; text_font_size=&#8221;14px&#8221; custom_margin=&#8221;-20px||||false|false&#8221; global_colors_info=&#8221;{}&#8221;]<\/p>\n<p align=\"justify\"><span>El pr\u00f3ximo 26 de enero de 2022 a las 11,30 horas se defender\u00e1 la tesis doctoral titulada <\/span><i>&#8220;El destino tur\u00edstico de Co\u00edmbra Patrimonio de la Humanidad : la relevancia de las sinergias culturales y educativas&#8221;,<\/i><span>\u00a0realizada por la doctoranda D\u00f1a. Vivina Almeida Carrera. Esta tesis ha sido\u00a0<\/span><span>dirigida por nuestra compa\u00f1era la Dra. Rosario Gonz\u00e1lez Rodr\u00edguez y por la Dra. Carmen D\u00edaz Fern\u00e1ndez.\u00a0<\/span><span>El acto tendr\u00e1 lugar en el Sal\u00f3n de Actos de la Facultad de Turismo y Finanzas y el tribunal que evaluar\u00e1 la tesis estar\u00e1 presidido por el Dr. Alfonso Antonio Vargas S\u00e1nchez de la Universidad de Huelva.<\/span><\/p>\n<p>[\/et_pb_text][\/et_pb_column][\/et_pb_row][et_pb_row column_structure=&#8221;1_3,2_3&#8243; _builder_version=&#8221;4.14.2&#8243; _module_preset=&#8221;default&#8221; locked=&#8221;off&#8221; global_colors_info=&#8221;{}&#8221;][et_pb_column type=&#8221;1_3&#8243; _builder_version=&#8221;4.14.2&#8243; _module_preset=&#8221;default&#8221; global_colors_info=&#8221;{}&#8221;][et_pb_image src=&#8221;https:\/\/departamento.us.es\/deconapli1\/wp-content\/uploads\/2022\/03\/Cartel-Eduardo-y-Jeannette-31032022_page-0001-1.jpg&#8221; title_text=&#8221;Cartel Eduardo y Jeannette 31032022_page-0001&#8243; _builder_version=&#8221;4.14.7&#8243; _module_preset=&#8221;default&#8221; global_colors_info=&#8221;{}&#8221;][\/et_pb_image][\/et_pb_column][et_pb_column type=&#8221;2_3&#8243; _builder_version=&#8221;4.14.2&#8243; _module_preset=&#8221;default&#8221; global_colors_info=&#8221;{}&#8221;][et_pb_text _builder_version=&#8221;4.14.7&#8243; _module_preset=&#8221;default&#8221; text_font=&#8221;Prata||||||||&#8221; text_text_color=&#8221;#8D0739&#8243; text_font_size=&#8221;23px&#8221; text_line_height=&#8221;1.5em&#8221; locked=&#8221;off&#8221; global_colors_info=&#8221;{}&#8221;]<\/p>\n<p>SEMINARIO GRUPO DE INVESTIGACI\u00d3N<\/p>\n<p>[\/et_pb_text][et_pb_divider color=&#8221;#E17E23&#8243; divider_weight=&#8221;3px&#8221; _builder_version=&#8221;4.14.2&#8243; _module_preset=&#8221;default&#8221; width=&#8221;100%&#8221; custom_margin=&#8221;-25px||||false|false&#8221; locked=&#8221;off&#8221; global_colors_info=&#8221;{}&#8221;][\/et_pb_divider][et_pb_text _builder_version=&#8221;4.14.7&#8243; _module_preset=&#8221;default&#8221; text_font_size=&#8221;14px&#8221; custom_margin=&#8221;-20px||||false|false&#8221; link_option_url_new_window=&#8221;on&#8221; global_colors_info=&#8221;{}&#8221;]<\/p>\n<p align=\"justify\">El profesor del departamento Francisco Li\u00f1\u00e1n organiza el d\u00eda 31 de marzo a las 12:30 en el Aula 01 de la Facultad de Ciencias Econ\u00f3micas y Empresariales un seminario denominado &#8220;C\u00f3mo analizar la literatura cient\u00edfica: revisi\u00f3n sistem\u00e1tica vs. estudio bibliom\u00e9trico&#8221; enmarcado dentro del Grupo de Investigaci\u00f3n PYME y Desarrollo Econ\u00f3mico (SEJ-128). Toda la informaci\u00f3n sobre el evento se puede encontrar en el siguiente\u00a0 <span style=\"color: #0563c1;\"><u><a href=\"http:\/\/grupo.us.es\/pymed\/2022\/03\/18\/seminario-pymed-como-analizar-la-literatura-cientifica\/\" target=\"_blank\" rel=\"noopener\">enlace<\/a><\/u><\/span>.<\/p>\n<p>[\/et_pb_text][\/et_pb_column][\/et_pb_row][et_pb_row column_structure=&#8221;1_3,2_3&#8243; _builder_version=&#8221;4.14.2&#8243; _module_preset=&#8221;default&#8221; locked=&#8221;off&#8221; global_colors_info=&#8221;{}&#8221;][et_pb_column type=&#8221;1_3&#8243; _builder_version=&#8221;4.14.2&#8243; _module_preset=&#8221;default&#8221; global_colors_info=&#8221;{}&#8221;][et_pb_image src=&#8221;https:\/\/departamento.us.es\/deconapli1\/wp-content\/uploads\/2022\/02\/sala_clase_Compressed.png&#8221; title_text=&#8221;sala_clase_Compressed&#8221; _builder_version=&#8221;4.14.7&#8243; _module_preset=&#8221;default&#8221; global_colors_info=&#8221;{}&#8221;][\/et_pb_image][\/et_pb_column][et_pb_column type=&#8221;2_3&#8243; _builder_version=&#8221;4.14.2&#8243; _module_preset=&#8221;default&#8221; global_colors_info=&#8221;{}&#8221;][et_pb_text _builder_version=&#8221;4.14.2&#8243; _module_preset=&#8221;default&#8221; text_font=&#8221;Prata||||||||&#8221; text_text_color=&#8221;#8D0739&#8243; text_font_size=&#8221;23px&#8221; text_line_height=&#8221;1.5em&#8221; locked=&#8221;off&#8221; global_colors_info=&#8221;{}&#8221;]<\/p>\n<p>5TH PAPER DEVELOPMENT SEMINAR<\/p>\n<p>[\/et_pb_text][et_pb_divider color=&#8221;#E17E23&#8243; divider_weight=&#8221;3px&#8221; _builder_version=&#8221;4.14.2&#8243; _module_preset=&#8221;default&#8221; width=&#8221;100%&#8221; custom_margin=&#8221;-25px||||false|false&#8221; locked=&#8221;off&#8221; global_colors_info=&#8221;{}&#8221;][\/et_pb_divider][et_pb_text _builder_version=&#8221;4.14.7&#8243; _module_preset=&#8221;default&#8221; text_font_size=&#8221;14px&#8221; custom_margin=&#8221;-20px||||false|false&#8221; global_colors_info=&#8221;{}&#8221;]<\/p>\n<p align=\"justify\">El profesor del departamento Francisco Li\u00f1\u00e1n organiza en la Facultad de Ciencias Econ\u00f3micas y Empresariales el <i>5th Paper Development Seminar<\/i> los d\u00edas 25 y 26 de abril de este a\u00f1o 2022. En este importante evento internacional se podr\u00e1n presentar investigaciones sobre cualquier aspecto del proceso de creaci\u00f3n de empresas con el objetivo de que sean evaluadas algunos de los editores de las revistas en entrepreneurship m\u00e1s importantes indexadas en el JCR y el SJR. Toda la informaci\u00f3n sobre el evento se puede encontrar en el siguiente <span style=\"color: #0563c1;\"><u><a href=\"http:\/\/www.esu-network.eu\/uncategorized\/5pds-sevilla-2022\/\" target=\"_blank\" rel=\"noopener\">enlace<\/a><\/u><\/span>.<\/p>\n<p>[\/et_pb_text][\/et_pb_column][\/et_pb_row][et_pb_row column_structure=&#8221;1_3,2_3&#8243; _builder_version=&#8221;4.14.2&#8243; _module_preset=&#8221;default&#8221; locked=&#8221;off&#8221; global_colors_info=&#8221;{}&#8221;][et_pb_column type=&#8221;1_3&#8243; _builder_version=&#8221;4.14.2&#8243; _module_preset=&#8221;default&#8221; global_colors_info=&#8221;{}&#8221;][et_pb_image src=&#8221;https:\/\/departamento.us.es\/deconapli1\/wp-content\/uploads\/2022\/02\/facultad_cee_interior5_Compressed.png&#8221; title_text=&#8221;facultad_cee_interior5_Compressed&#8221; _builder_version=&#8221;4.14.7&#8243; _module_preset=&#8221;default&#8221; global_colors_info=&#8221;{}&#8221;][\/et_pb_image][\/et_pb_column][et_pb_column type=&#8221;2_3&#8243; _builder_version=&#8221;4.14.2&#8243; _module_preset=&#8221;default&#8221; global_colors_info=&#8221;{}&#8221;][et_pb_text _builder_version=&#8221;4.14.2&#8243; _module_preset=&#8221;default&#8221; text_font=&#8221;Prata||||||||&#8221; text_text_color=&#8221;#8D0739&#8243; text_font_size=&#8221;23px&#8221; text_line_height=&#8221;1.5em&#8221; locked=&#8221;off&#8221; global_colors_info=&#8221;{}&#8221;]<\/p>\n<p>8TH EMES INTERNATIONAL SUMMER TRAINING SCHOOL<\/p>\n<p>[\/et_pb_text][et_pb_divider color=&#8221;#E17E23&#8243; divider_weight=&#8221;3px&#8221; _builder_version=&#8221;4.14.2&#8243; _module_preset=&#8221;default&#8221; width=&#8221;100%&#8221; custom_margin=&#8221;-25px||||false|false&#8221; locked=&#8221;off&#8221; global_colors_info=&#8221;{}&#8221;][\/et_pb_divider][et_pb_text _builder_version=&#8221;4.14.7&#8243; _module_preset=&#8221;default&#8221; text_font_size=&#8221;14px&#8221; custom_margin=&#8221;-20px||||false|false&#8221; global_colors_info=&#8221;{}&#8221;]<\/p>\n<p align=\"justify\">Los profesores del departamento, Carmen Guzm\u00e1n y Francisco Javier Santos, organizan junto con otros compa\u00f1eros la <i>8\u00aa Escuela Internacional de Verano de EMES<\/i>, la Red Internacional de Investigaci\u00f3n en Empresa Social (<span style=\"color: #0563c1;\"><u><a href=\"https:\/\/emes.net\/training-education\/phd-summer-schools\/the-key-role-of-social-enterprises-and-the-social-and-solidarity-economy-in-post-pandemic-societies\/\" target=\"_blank\" rel=\"noopener\">ver el enlace aqu\u00ed<\/a><\/u><\/span>). Se celebrar\u00e1 en la Facultad de Ciencias Econ\u00f3micas y Empresariales entre el 20 y el 23 de junio de este a\u00f1o 2022. Todos los investigadores interesados en presentar sus avances de tesis doctoral o trabajos de investigaci\u00f3n sobre econom\u00eda y emprendimiento social pueden participar en este importante evento que contar\u00e1, ejerciendo su papel como profesores, con los investigadores m\u00e1s reputados a nivel internacional en emprendimiento social.<\/p>\n<p>[\/et_pb_text][\/et_pb_column][\/et_pb_row][et_pb_row column_structure=&#8221;1_3,2_3&#8243; _builder_version=&#8221;4.14.2&#8243; _module_preset=&#8221;default&#8221; locked=&#8221;off&#8221; global_colors_info=&#8221;{}&#8221;][et_pb_column type=&#8221;1_3&#8243; _builder_version=&#8221;4.14.2&#8243; _module_preset=&#8221;default&#8221; global_colors_info=&#8221;{}&#8221;][et_pb_image src=&#8221;https:\/\/departamento.us.es\/deconapli1\/wp-content\/uploads\/2022\/02\/sala_Compressed.png&#8221; title_text=&#8221;sala_Compressed&#8221; _builder_version=&#8221;4.14.7&#8243; _module_preset=&#8221;default&#8221; global_colors_info=&#8221;{}&#8221;][\/et_pb_image][\/et_pb_column][et_pb_column type=&#8221;2_3&#8243; _builder_version=&#8221;4.14.2&#8243; _module_preset=&#8221;default&#8221; global_colors_info=&#8221;{}&#8221;][et_pb_text _builder_version=&#8221;4.14.2&#8243; _module_preset=&#8221;default&#8221; text_font=&#8221;Prata||||||||&#8221; text_text_color=&#8221;#8D0739&#8243; text_font_size=&#8221;23px&#8221; text_line_height=&#8221;1.5em&#8221; locked=&#8221;off&#8221; global_colors_info=&#8221;{}&#8221;]<\/p>\n<p><span>INFORME GEM &#8211; SEVILLA<\/span><\/p>\n<p>[\/et_pb_text][et_pb_divider color=&#8221;#E17E23&#8243; divider_weight=&#8221;3px&#8221; _builder_version=&#8221;4.14.2&#8243; _module_preset=&#8221;default&#8221; width=&#8221;100%&#8221; custom_margin=&#8221;-25px||||false|false&#8221; locked=&#8221;off&#8221; global_colors_info=&#8221;{}&#8221;][\/et_pb_divider][et_pb_text _builder_version=&#8221;4.14.7&#8243; _module_preset=&#8221;default&#8221; text_font_size=&#8221;14px&#8221; custom_margin=&#8221;-20px||||false|false&#8221; global_colors_info=&#8221;{}&#8221;]<\/p>\n<p align=\"justify\"><span>El lunes d\u00eda 24 de enero<\/span><span>, a las<\/span><span>\u00a0<\/span><span>13.30h<\/span><span>, en el<\/span><span>\u00a0<\/span><span>Sal\u00f3n de Plenos<\/span><span>\u00a0<\/span><span>de la sede de la<\/span><span>\u00a0<\/span><span>Diputaci\u00f3n de Sevilla<\/span><span>\u00a0<\/span><span>(Av. Men\u00e9ndez Pelayo, 32, Sevilla) se ha presentado el\u00a0<\/span><span><b>Informe Provincial GEM Sevilla 2020-2021<\/b><\/span><span>\u00a0sobre emprendimiento en la provincia.\u00a0El informe ha sido elaborado por un equipo conjunto de investigadores de la Universidad de Sevilla y de la Universidad Pablo de Olavide, coordinado por los profesores Francisco Li\u00f1\u00e1n (US) y Carmen Cabello (UPO), contando con el patrocinio de Prodetur<\/span><\/p>\n<p>[\/et_pb_text][\/et_pb_column][\/et_pb_row][\/et_pb_section]<\/p>\n","protected":false},"excerpt":{"rendered":"<p>NoticiasDEFENSA DE TESIS DOCTORALEl pr\u00f3ximo 3 de junio de 2025 a las 12:00 hs se defender\u00e1 la tesis doctoral titulada\u00a0\u201cAn\u00e1lisis cualitativo de los emprendedores locales de la ciudad de Riobamba (Ecuador) y el papel del entorno\u201d,\u00a0realizada por la doctoranda D\u00aa. Rosa Mercedes Zabala Cuadrado. Esta tesis ha sido dirigida por el Dr. D. Francisco Javier [&hellip;]<\/p>\n","protected":false},"author":1,"featured_media":0,"parent":0,"menu_order":0,"comment_status":"closed","ping_status":"closed","template":"","meta":{"_et_pb_use_builder":"on","_et_pb_old_content":"","_et_gb_content_width":"","footnotes":""},"class_list":["post-533","page","type-page","status-publish","hentry"],"_links":{"self":[{"href":"https:\/\/departamento.us.es\/deconapli1\/wp-json\/wp\/v2\/pages\/533","targetHints":{"allow":["GET"]}}],"collection":[{"href":"https:\/\/departamento.us.es\/deconapli1\/wp-json\/wp\/v2\/pages"}],"about":[{"href":"https:\/\/departamento.us.es\/deconapli1\/wp-json\/wp\/v2\/types\/page"}],"author":[{"embeddable":true,"href":"https:\/\/departamento.us.es\/deconapli1\/wp-json\/wp\/v2\/users\/1"}],"replies":[{"embeddable":true,"href":"https:\/\/departamento.us.es\/deconapli1\/wp-json\/wp\/v2\/comments?post=533"}],"version-history":[{"count":58,"href":"https:\/\/departamento.us.es\/deconapli1\/wp-json\/wp\/v2\/pages\/533\/revisions"}],"predecessor-version":[{"id":2274,"href":"https:\/\/departamento.us.es\/deconapli1\/wp-json\/wp\/v2\/pages\/533\/revisions\/2274"}],"wp:attachment":[{"href":"https:\/\/departamento.us.es\/deconapli1\/wp-json\/wp\/v2\/media?parent=533"}],"curies":[{"name":"wp","href":"https:\/\/api.w.org\/{rel}","templated":true}]}}