{"id":4094,"date":"2024-05-10T10:36:07","date_gmt":"2024-05-10T10:36:07","guid":{"rendered":"https:\/\/departamento.us.es\/destadio\/?page_id=4094"},"modified":"2024-07-05T10:50:47","modified_gmt":"2024-07-05T10:50:47","slug":"noticias","status":"publish","type":"page","link":"https:\/\/departamento.us.es\/destadio\/noticias\/","title":{"rendered":"Noticias"},"content":{"rendered":"\t\t<div data-elementor-type=\"wp-page\" data-elementor-id=\"4094\" class=\"elementor elementor-4094\" data-elementor-post-type=\"page\">\n\t\t\t\t<div class=\"elementor-element elementor-element-bcadb1c e-flex e-con-boxed e-con e-parent\" data-id=\"bcadb1c\" data-element_type=\"container\">\n\t\t\t\t\t<div class=\"e-con-inner\">\n\t\t\t\t<div class=\"elementor-element elementor-element-e343cb2 elementor-grid-4 elementor-grid-tablet-2 elementor-grid-mobile-1 elementor-posts--thumbnail-top elementor-widget elementor-widget-posts\" data-id=\"e343cb2\" data-element_type=\"widget\" data-settings=\"{&quot;pagination_type&quot;:&quot;numbers_and_prev_next&quot;,&quot;classic_columns&quot;:&quot;4&quot;,&quot;classic_columns_tablet&quot;:&quot;2&quot;,&quot;classic_columns_mobile&quot;:&quot;1&quot;,&quot;classic_row_gap&quot;:{&quot;unit&quot;:&quot;px&quot;,&quot;size&quot;:35,&quot;sizes&quot;:[]},&quot;classic_row_gap_tablet&quot;:{&quot;unit&quot;:&quot;px&quot;,&quot;size&quot;:&quot;&quot;,&quot;sizes&quot;:[]},&quot;classic_row_gap_mobile&quot;:{&quot;unit&quot;:&quot;px&quot;,&quot;size&quot;:&quot;&quot;,&quot;sizes&quot;:[]}}\" data-widget_type=\"posts.classic\">\n\t\t\t\t<div class=\"elementor-widget-container\">\n\t\t\t\t\t\t\t<div class=\"elementor-posts-container elementor-posts elementor-posts--skin-classic elementor-grid\" role=\"list\">\n\t\t\t\t<article class=\"elementor-post elementor-grid-item post-3883 post type-post status-publish format-standard has-post-thumbnail hentry category-noticias\" role=\"listitem\">\n\t\t\t\t<a class=\"elementor-post__thumbnail__link\" href=\"https:\/\/departamento.us.es\/destadio\/jornadas-estadistica-herramienta-ientifica\/\" tabindex=\"-1\" >\n\t\t\t<div class=\"elementor-post__thumbnail\"><img fetchpriority=\"high\" decoding=\"async\" width=\"800\" height=\"569\" src=\"https:\/\/departamento.us.es\/destadio\/wp-content\/uploads\/2026\/03\/Taller_Sevilla_R-1024x728.jpg\" class=\"attachment-large size-large wp-image-4190\" alt=\"\" srcset=\"https:\/\/departamento.us.es\/destadio\/wp-content\/uploads\/2026\/03\/Taller_Sevilla_R-1024x728.jpg 1024w, https:\/\/departamento.us.es\/destadio\/wp-content\/uploads\/2026\/03\/Taller_Sevilla_R-300x213.jpg 300w, https:\/\/departamento.us.es\/destadio\/wp-content\/uploads\/2026\/03\/Taller_Sevilla_R-768x546.jpg 768w, https:\/\/departamento.us.es\/destadio\/wp-content\/uploads\/2026\/03\/Taller_Sevilla_R-1536x1091.jpg 1536w, https:\/\/departamento.us.es\/destadio\/wp-content\/uploads\/2026\/03\/Taller_Sevilla_R.jpg 2038w\" sizes=\"(max-width: 800px) 100vw, 800px\" \/><\/div>\n\t\t<\/a>\n\t\t\t\t<div class=\"elementor-post__text\">\n\t\t\t\t<h3 class=\"elementor-post__title\">\n\t\t\t<a href=\"https:\/\/departamento.us.es\/destadio\/jornadas-estadistica-herramienta-ientifica\/\" >\n\t\t\t\tTaller \u00a1Vuelve SevillaR!\t\t\t<\/a>\n\t\t<\/h3>\n\t\t\t\t<div class=\"elementor-post__meta-data\">\n\t\t\t\t\t<span class=\"elementor-post-date\">\n\t\t\t2 de marzo de 2026\t\t<\/span>\n\t\t\t\t<\/div>\n\t\t\t\t<div class=\"elementor-post__excerpt\">\n\t\t\t<p>El III Congreso y XIV Jornadas de Usuarios de R tendr\u00e1n lugar en Sevilla del 6 al 8 de noviembre de 2024. Este Congreso tiene como objetivo proporcionar un punto de encuentro a los usuarios y entusiastas de R, fomentando la colaboraci\u00f3n en un ambiente multidisciplinar y divulgando el conocimiento\t\t<\/div>\n\t\t\n\t\t<a class=\"elementor-post__read-more\" href=\"https:\/\/departamento.us.es\/destadio\/jornadas-estadistica-herramienta-ientifica\/\" aria-label=\"M\u00e1s informaci\u00f3n sobre Taller \u00a1Vuelve SevillaR!\" tabindex=\"-1\" >\n\t\t\tLeer m\u00e1s \u00bb\t\t<\/a>\n\n\t\t\t\t<\/div>\n\t\t\t\t<\/article>\n\t\t\t\t<article class=\"elementor-post elementor-grid-item post-4137 post type-post status-publish format-standard has-post-thumbnail hentry category-noticias\" role=\"listitem\">\n\t\t\t\t<a class=\"elementor-post__thumbnail__link\" href=\"https:\/\/departamento.us.es\/destadio\/data-science-y-big-data-v-edicion\/\" tabindex=\"-1\" >\n\t\t\t<div class=\"elementor-post__thumbnail\"><img decoding=\"async\" width=\"624\" height=\"311\" src=\"https:\/\/departamento.us.es\/destadio\/wp-content\/uploads\/2024\/05\/Noticia-datascience.png\" class=\"attachment-large size-large wp-image-4100\" alt=\"\" srcset=\"https:\/\/departamento.us.es\/destadio\/wp-content\/uploads\/2024\/05\/Noticia-datascience.png 624w, https:\/\/departamento.us.es\/destadio\/wp-content\/uploads\/2024\/05\/Noticia-datascience-300x150.png 300w\" sizes=\"(max-width: 624px) 100vw, 624px\" \/><\/div>\n\t\t<\/a>\n\t\t\t\t<div class=\"elementor-post__text\">\n\t\t\t\t<h3 class=\"elementor-post__title\">\n\t\t\t<a href=\"https:\/\/departamento.us.es\/destadio\/data-science-y-big-data-v-edicion\/\" >\n\t\t\t\tData Science y Big Data (VI Edici\u00f3n)\t\t\t<\/a>\n\t\t<\/h3>\n\t\t\t\t<div class=\"elementor-post__meta-data\">\n\t\t\t\t\t<span class=\"elementor-post-date\">\n\t\t\t15 de mayo de 2025\t\t<\/span>\n\t\t\t\t<\/div>\n\t\t\t\t<div class=\"elementor-post__excerpt\">\n\t\t\t<p>Preinscripci\u00f3n:\u00a0Del 15\/07\/2025 al 31\/08\/2025 Matr\u00edcula:\u00a0Del 01\/09\/2025 al 15\/09\/2025 Impartici\u00f3n:\u00a0Del 16\/10\/2025 al 30\/09\/2026 Precio (euros):\u00a02.494,00 (tasas incluidas) \u2013 Posibilidad de pago fraccionado Director de los estudios:\u00a0D. Joaqu\u00edn Borrego D\u00edaz N\u00famero de cr\u00e9ditos:\u00a060,00\u00a0ECTS Modalidad:\u00a0A distancia Ampliar Informaci\u00f3n del contenido del m\u00e1ster.pdf OBJETIVOS Habilitar al alumno en las competencias necesarias para el tratamiento<\/p>\n\t\t<\/div>\n\t\t\n\t\t<a class=\"elementor-post__read-more\" href=\"https:\/\/departamento.us.es\/destadio\/data-science-y-big-data-v-edicion\/\" aria-label=\"M\u00e1s informaci\u00f3n sobre Data Science y Big Data (VI Edici\u00f3n)\" tabindex=\"-1\" >\n\t\t\tLeer m\u00e1s \u00bb\t\t<\/a>\n\n\t\t\t\t<\/div>\n\t\t\t\t<\/article>\n\t\t\t\t<article class=\"elementor-post elementor-grid-item post-4138 post type-post status-publish format-standard has-post-thumbnail hentry category-noticias\" role=\"listitem\">\n\t\t\t\t<a class=\"elementor-post__thumbnail__link\" href=\"https:\/\/departamento.us.es\/destadio\/medalla-seio-2023\/\" tabindex=\"-1\" >\n\t\t\t<div class=\"elementor-post__thumbnail\"><img decoding=\"async\" width=\"784\" height=\"536\" src=\"https:\/\/departamento.us.es\/destadio\/wp-content\/uploads\/2024\/07\/Medalla-SEIO-2024.jpg\" class=\"attachment-large size-large wp-image-4131\" alt=\"\" srcset=\"https:\/\/departamento.us.es\/destadio\/wp-content\/uploads\/2024\/07\/Medalla-SEIO-2024.jpg 784w, https:\/\/departamento.us.es\/destadio\/wp-content\/uploads\/2024\/07\/Medalla-SEIO-2024-300x205.jpg 300w, https:\/\/departamento.us.es\/destadio\/wp-content\/uploads\/2024\/07\/Medalla-SEIO-2024-768x525.jpg 768w\" sizes=\"(max-width: 784px) 100vw, 784px\" \/><\/div>\n\t\t<\/a>\n\t\t\t\t<div class=\"elementor-post__text\">\n\t\t\t\t<h3 class=\"elementor-post__title\">\n\t\t\t<a href=\"https:\/\/departamento.us.es\/destadio\/medalla-seio-2023\/\" >\n\t\t\t\tMedalla SEIO 2024\t\t\t<\/a>\n\t\t<\/h3>\n\t\t\t\t<div class=\"elementor-post__meta-data\">\n\t\t\t\t\t<span class=\"elementor-post-date\">\n\t\t\t5 de julio de 2024\t\t<\/span>\n\t\t\t\t<\/div>\n\t\t\t\t<div class=\"elementor-post__excerpt\">\n\t\t\t<p>El jurado encargado de evaluar las medallas SEIO 2023, reunido el d\u00eda 17 de junio de 2024, tras analizar las propuestas presentadas y deliberar sobre sus m\u00e9ritos ha decidido, un\u00e1nimemente, otorgar las siguientes medallas: Emilio Fernando Carrizosa Priego Por una contribuci\u00f3n sobresaliente y continuada de investigaci\u00f3n en el \u00e1rea de<\/p>\n\t\t<\/div>\n\t\t\n\t\t<a class=\"elementor-post__read-more\" href=\"https:\/\/departamento.us.es\/destadio\/medalla-seio-2023\/\" aria-label=\"M\u00e1s informaci\u00f3n sobre Medalla SEIO 2024\" tabindex=\"-1\" >\n\t\t\tLeer m\u00e1s \u00bb\t\t<\/a>\n\n\t\t\t\t<\/div>\n\t\t\t\t<\/article>\n\t\t\t\t<article class=\"elementor-post elementor-grid-item post-3884 post type-post status-publish format-standard has-post-thumbnail hentry category-noticias\" role=\"listitem\">\n\t\t\t\t<a class=\"elementor-post__thumbnail__link\" href=\"https:\/\/departamento.us.es\/destadio\/premio-fama-2022-2023\/\" tabindex=\"-1\" >\n\t\t\t<div class=\"elementor-post__thumbnail\"><img loading=\"lazy\" decoding=\"async\" width=\"800\" height=\"534\" src=\"https:\/\/departamento.us.es\/destadio\/wp-content\/uploads\/2024\/03\/Fama1-1024x683.jpg\" class=\"attachment-large size-large wp-image-4089\" alt=\"\" srcset=\"https:\/\/departamento.us.es\/destadio\/wp-content\/uploads\/2024\/03\/Fama1-1024x683.jpg 1024w, https:\/\/departamento.us.es\/destadio\/wp-content\/uploads\/2024\/03\/Fama1-300x200.jpg 300w, https:\/\/departamento.us.es\/destadio\/wp-content\/uploads\/2024\/03\/Fama1-768x512.jpg 768w, https:\/\/departamento.us.es\/destadio\/wp-content\/uploads\/2024\/03\/Fama1-1536x1024.jpg 1536w, https:\/\/departamento.us.es\/destadio\/wp-content\/uploads\/2024\/03\/Fama1.jpg 1776w\" sizes=\"(max-width: 800px) 100vw, 800px\" \/><\/div>\n\t\t<\/a>\n\t\t\t\t<div class=\"elementor-post__text\">\n\t\t\t\t<h3 class=\"elementor-post__title\">\n\t\t\t<a href=\"https:\/\/departamento.us.es\/destadio\/premio-fama-2022-2023\/\" >\n\t\t\t\tPremio Fama 2022-2023\t\t\t<\/a>\n\t\t<\/h3>\n\t\t\t\t<div class=\"elementor-post__meta-data\">\n\t\t\t\t\t<span class=\"elementor-post-date\">\n\t\t\t12 de marzo de 2024\t\t<\/span>\n\t\t\t\t<\/div>\n\t\t\t\t<div class=\"elementor-post__excerpt\">\n\t\t\t<p>El objetivo de este premio, cuya convocatoria se incluye en el VII Plan Propio de Investigaci\u00f3n y Transferencia de la Universidad de Sevilla, es reconocer y divulgar los m\u00e9ritos acumulados por el personal docente e investigador de la US durante una trayectoria investigadora de excelencia desarrollada en la Universidad de\t\t<\/div>\n\t\t\n\t\t<a class=\"elementor-post__read-more\" href=\"https:\/\/departamento.us.es\/destadio\/premio-fama-2022-2023\/\" aria-label=\"M\u00e1s informaci\u00f3n sobre Premio Fama 2022-2023\" tabindex=\"-1\" >\n\t\t\tLeer m\u00e1s \u00bb\t\t<\/a>\n\n\t\t\t\t<\/div>\n\t\t\t\t<\/article>\n\t\t\t\t<\/div>\n\t\t\n\t\t\t\t\t\t<\/div>\n\t\t\t\t<\/div>\n\t\t\t\t\t<\/div>\n\t\t\t\t<\/div>\n\t\t\t\t<\/div>\n\t\t","protected":false},"excerpt":{"rendered":"","protected":false},"author":9,"featured_media":0,"parent":0,"menu_order":0,"comment_status":"closed","ping_status":"closed","template":"","meta":{"footnotes":""},"class_list":["post-4094","page","type-page","status-publish","hentry"],"yoast_head":"<!-- This site is optimized with the Yoast SEO plugin v27.4 - https:\/\/yoast.com\/product\/yoast-seo-wordpress\/ -->\n<title>Noticias - DESTADIO<\/title>\n<meta name=\"robots\" content=\"index, follow, max-snippet:-1, max-image-preview:large, max-video-preview:-1\" \/>\n<link rel=\"canonical\" href=\"https:\/\/departamento.us.es\/destadio\/noticias\/\" \/>\n<meta property=\"og:locale\" content=\"es_ES\" \/>\n<meta property=\"og:type\" content=\"article\" \/>\n<meta property=\"og:title\" content=\"Noticias - DESTADIO\" \/>\n<meta property=\"og:url\" content=\"https:\/\/departamento.us.es\/destadio\/noticias\/\" \/>\n<meta property=\"og:site_name\" content=\"DESTADIO\" \/>\n<meta property=\"article:modified_time\" content=\"2024-07-05T10:50:47+00:00\" \/>\n<meta name=\"twitter:card\" content=\"summary_large_image\" \/>\n<meta name=\"twitter:label1\" content=\"Tiempo de lectura\" \/>\n\t<meta name=\"twitter:data1\" content=\"2 minutos\" \/>\n<script type=\"application\/ld+json\" class=\"yoast-schema-graph\">{\"@context\":\"https:\\\/\\\/schema.org\",\"@graph\":[{\"@type\":\"WebPage\",\"@id\":\"https:\\\/\\\/departamento.us.es\\\/destadio\\\/noticias\\\/\",\"url\":\"https:\\\/\\\/departamento.us.es\\\/destadio\\\/noticias\\\/\",\"name\":\"Noticias - DESTADIO\",\"isPartOf\":{\"@id\":\"https:\\\/\\\/departamento.us.es\\\/destadio\\\/#website\"},\"datePublished\":\"2024-05-10T10:36:07+00:00\",\"dateModified\":\"2024-07-05T10:50:47+00:00\",\"inLanguage\":\"es\",\"potentialAction\":[{\"@type\":\"ReadAction\",\"target\":[\"https:\\\/\\\/departamento.us.es\\\/destadio\\\/noticias\\\/\"]}]},{\"@type\":\"WebSite\",\"@id\":\"https:\\\/\\\/departamento.us.es\\\/destadio\\\/#website\",\"url\":\"https:\\\/\\\/departamento.us.es\\\/destadio\\\/\",\"name\":\"DESTADIO\",\"description\":\"Departamento de Estad\u00edstica e Investigaci\u00f3n Operativa\",\"publisher\":{\"@id\":\"https:\\\/\\\/departamento.us.es\\\/destadio\\\/#organization\"},\"potentialAction\":[{\"@type\":\"SearchAction\",\"target\":{\"@type\":\"EntryPoint\",\"urlTemplate\":\"https:\\\/\\\/departamento.us.es\\\/destadio\\\/?s={search_term_string}\"},\"query-input\":{\"@type\":\"PropertyValueSpecification\",\"valueRequired\":true,\"valueName\":\"search_term_string\"}}],\"inLanguage\":\"es\"},{\"@type\":\"Organization\",\"@id\":\"https:\\\/\\\/departamento.us.es\\\/destadio\\\/#organization\",\"name\":\"DESTADIO\",\"url\":\"https:\\\/\\\/departamento.us.es\\\/destadio\\\/\",\"logo\":{\"@type\":\"ImageObject\",\"inLanguage\":\"es\",\"@id\":\"https:\\\/\\\/departamento.us.es\\\/destadio\\\/#\\\/schema\\\/logo\\\/image\\\/\",\"url\":\"https:\\\/\\\/departamento.us.es\\\/destadio\\\/wp-content\\\/uploads\\\/2022\\\/03\\\/logo_us.png\",\"contentUrl\":\"https:\\\/\\\/departamento.us.es\\\/destadio\\\/wp-content\\\/uploads\\\/2022\\\/03\\\/logo_us.png\",\"width\":300,\"height\":307,\"caption\":\"DESTADIO\"},\"image\":{\"@id\":\"https:\\\/\\\/departamento.us.es\\\/destadio\\\/#\\\/schema\\\/logo\\\/image\\\/\"}}]}<\/script>\n<!-- \/ Yoast SEO plugin. -->","yoast_head_json":{"title":"Noticias - DESTADIO","robots":{"index":"index","follow":"follow","max-snippet":"max-snippet:-1","max-image-preview":"max-image-preview:large","max-video-preview":"max-video-preview:-1"},"canonical":"https:\/\/departamento.us.es\/destadio\/noticias\/","og_locale":"es_ES","og_type":"article","og_title":"Noticias - DESTADIO","og_url":"https:\/\/departamento.us.es\/destadio\/noticias\/","og_site_name":"DESTADIO","article_modified_time":"2024-07-05T10:50:47+00:00","twitter_card":"summary_large_image","twitter_misc":{"Tiempo de lectura":"2 minutos"},"schema":{"@context":"https:\/\/schema.org","@graph":[{"@type":"WebPage","@id":"https:\/\/departamento.us.es\/destadio\/noticias\/","url":"https:\/\/departamento.us.es\/destadio\/noticias\/","name":"Noticias - DESTADIO","isPartOf":{"@id":"https:\/\/departamento.us.es\/destadio\/#website"},"datePublished":"2024-05-10T10:36:07+00:00","dateModified":"2024-07-05T10:50:47+00:00","inLanguage":"es","potentialAction":[{"@type":"ReadAction","target":["https:\/\/departamento.us.es\/destadio\/noticias\/"]}]},{"@type":"WebSite","@id":"https:\/\/departamento.us.es\/destadio\/#website","url":"https:\/\/departamento.us.es\/destadio\/","name":"DESTADIO","description":"Departamento de Estad\u00edstica e Investigaci\u00f3n Operativa","publisher":{"@id":"https:\/\/departamento.us.es\/destadio\/#organization"},"potentialAction":[{"@type":"SearchAction","target":{"@type":"EntryPoint","urlTemplate":"https:\/\/departamento.us.es\/destadio\/?s={search_term_string}"},"query-input":{"@type":"PropertyValueSpecification","valueRequired":true,"valueName":"search_term_string"}}],"inLanguage":"es"},{"@type":"Organization","@id":"https:\/\/departamento.us.es\/destadio\/#organization","name":"DESTADIO","url":"https:\/\/departamento.us.es\/destadio\/","logo":{"@type":"ImageObject","inLanguage":"es","@id":"https:\/\/departamento.us.es\/destadio\/#\/schema\/logo\/image\/","url":"https:\/\/departamento.us.es\/destadio\/wp-content\/uploads\/2022\/03\/logo_us.png","contentUrl":"https:\/\/departamento.us.es\/destadio\/wp-content\/uploads\/2022\/03\/logo_us.png","width":300,"height":307,"caption":"DESTADIO"},"image":{"@id":"https:\/\/departamento.us.es\/destadio\/#\/schema\/logo\/image\/"}}]}},"_links":{"self":[{"href":"https:\/\/departamento.us.es\/destadio\/wp-json\/wp\/v2\/pages\/4094","targetHints":{"allow":["GET"]}}],"collection":[{"href":"https:\/\/departamento.us.es\/destadio\/wp-json\/wp\/v2\/pages"}],"about":[{"href":"https:\/\/departamento.us.es\/destadio\/wp-json\/wp\/v2\/types\/page"}],"author":[{"embeddable":true,"href":"https:\/\/departamento.us.es\/destadio\/wp-json\/wp\/v2\/users\/9"}],"replies":[{"embeddable":true,"href":"https:\/\/departamento.us.es\/destadio\/wp-json\/wp\/v2\/comments?post=4094"}],"version-history":[{"count":0,"href":"https:\/\/departamento.us.es\/destadio\/wp-json\/wp\/v2\/pages\/4094\/revisions"}],"wp:attachment":[{"href":"https:\/\/departamento.us.es\/destadio\/wp-json\/wp\/v2\/media?parent=4094"}],"curies":[{"name":"wp","href":"https:\/\/api.w.org\/{rel}","templated":true}]}}