{"id":79,"date":"2025-03-15T14:40:48","date_gmt":"2025-03-15T13:40:48","guid":{"rendered":"https:\/\/departamento.us.es\/newedan\/?page_id=79"},"modified":"2025-03-17T14:20:34","modified_gmt":"2025-03-17T13:20:34","slug":"comisiones","status":"publish","type":"page","link":"https:\/\/departamento.us.es\/edan\/comisiones\/","title":{"rendered":"Comisiones"},"content":{"rendered":"\n<figure class=\"wp-block-table\"><table class=\"has-fixed-layout\"><tbody><tr><td><strong>Comisi\u00f3n Permanente<\/strong><\/td><\/tr><tr><td>Antonio Su\u00e1rez Fern\u00e1ndez (Director)<br>Juan Casado D\u00edaz (PDI)<br>Cristian Morales Rodrigo (PDI)<br>Mar\u00eda Teresa P\u00e9rez P\u00e9rez (PDI)<br>Samuele Rubino (PDI)<br>Alejandro Bandera Moreno (Estudiante de doctorado)<\/td><\/tr><\/tbody><\/table><\/figure>\n\n\n\n<figure class=\"wp-block-table\"><table class=\"has-fixed-layout\"><tbody><tr><td><strong>Comisi\u00f3n de Equipamiento<\/strong><\/td><\/tr><tr><td>Macarena G\u00f3mez M\u00e1rmol (Secretaria) <br>Daniel Franco Coronil (PDI) <br>Pedro Mar\u00edn Rubio (PDI) <br>Faustino Maestre Caballero (PDI) <br>Estrella Zambrana D\u00edaz (PAS) <br>Mart\u00edn Luna Barranco (Estudiante) <br>Maria Isabel de Paz V\u00e9lez (Estudiante)<\/td><\/tr><\/tbody><\/table><\/figure>\n\n\n\n<figure class=\"wp-block-table\"><table class=\"has-fixed-layout\"><tbody><tr><td>\n   <strong>Comisi\u00f3n de Investigaci\u00f3n<\/strong>\n   <\/td><\/tr><tr><td>\n   Antonio Su\u00e1rez Fern\u00e1ndez (Director) <br>\n   Juan Casado D\u00edaz (PDI) <br>\n   Cristian Morales Rodrigo (PDI) <br>\n   Mar\u00eda Teresa P\u00e9rez P\u00e9rez (PDI) <br>\n   Samuele Rubino (PDI) <br>\n   Alejandro Bandera Moreno (Estudiante de doctorado)\n   <\/td><\/tr><\/tbody><\/table><\/figure>\n\n\n\n<figure class=\"wp-block-table\"><table class=\"has-fixed-layout\"><tbody><tr><td><strong>Comisionala de Docencia<\/strong><\/td><\/tr><tr><td>Francisco Guill\u00e9n Gonz\u00e1lez (Profesor) <br>Anna Doubova Krasotchenko (Profesora) <br>Ma. \u00c1ngeles Rodr\u00edguez Bellido (Profesora) <br>\u00c1ngel Ruiz Campos (Estudiante) <br>Lilian Nadine Schl\u00e4pfer (Estudiante) <br><\/td><\/tr><\/tbody><\/table><\/figure>\n\n\n\n<p><\/p>\n","protected":false},"excerpt":{"rendered":"<p>Comisi\u00f3n Permanente Antonio Su\u00e1rez Fern\u00e1ndez (Director)Juan Casado D\u00edaz (PDI)Cristian Morales Rodrigo (PDI)Mar\u00eda Teresa P\u00e9rez P\u00e9rez (PDI)Samuele Rubino (PDI)Alejandro Bandera Moreno (Estudiante de doctorado) Comisi\u00f3n de Equipamiento Macarena G\u00f3mez M\u00e1rmol (Secretaria) Daniel Franco Coronil (PDI) Pedro Mar\u00edn Rubio (PDI) Faustino Maestre Caballero (PDI) Estrella Zambrana D\u00edaz (PAS) Mart\u00edn Luna Barranco (Estudiante) Maria Isabel de Paz V\u00e9lez [&hellip;]<\/p>\n","protected":false},"author":1,"featured_media":0,"parent":0,"menu_order":0,"comment_status":"closed","ping_status":"closed","template":"","meta":{"_uag_custom_page_level_css":"","site-sidebar-layout":"default","site-content-layout":"","ast-site-content-layout":"","site-content-style":"default","site-sidebar-style":"default","ast-global-header-display":"","ast-banner-title-visibility":"","ast-main-header-display":"","ast-hfb-above-header-display":"","ast-hfb-below-header-display":"","ast-hfb-mobile-header-display":"","site-post-title":"","ast-breadcrumbs-content":"","ast-featured-img":"","footer-sml-layout":"","theme-transparent-header-meta":"","adv-header-id-meta":"","stick-header-meta":"","header-above-stick-meta":"","header-main-stick-meta":"","header-below-stick-meta":"","astra-migrate-meta-layouts":"default","ast-page-background-enabled":"default","ast-page-background-meta":{"desktop":{"background-color":"var(--ast-global-color-5)","background-image":"","background-repeat":"repeat","background-position":"center center","background-size":"auto","background-attachment":"scroll","background-type":"","background-media":"","overlay-type":"","overlay-color":"","overlay-opacity":"","overlay-gradient":""},"tablet":{"background-color":"","background-image":"","background-repeat":"repeat","background-position":"center center","background-size":"auto","background-attachment":"scroll","background-type":"","background-media":"","overlay-type":"","overlay-color":"","overlay-opacity":"","overlay-gradient":""},"mobile":{"background-color":"","background-image":"","background-repeat":"repeat","background-position":"center center","background-size":"auto","background-attachment":"scroll","background-type":"","background-media":"","overlay-type":"","overlay-color":"","overlay-opacity":"","overlay-gradient":""}},"ast-content-background-meta":{"desktop":{"background-color":"var(--ast-global-color-4)","background-image":"","background-repeat":"repeat","background-position":"center center","background-size":"auto","background-attachment":"scroll","background-type":"","background-media":"","overlay-type":"","overlay-color":"","overlay-opacity":"","overlay-gradient":""},"tablet":{"background-color":"var(--ast-global-color-4)","background-image":"","background-repeat":"repeat","background-position":"center center","background-size":"auto","background-attachment":"scroll","background-type":"","background-media":"","overlay-type":"","overlay-color":"","overlay-opacity":"","overlay-gradient":""},"mobile":{"background-color":"var(--ast-global-color-4)","background-image":"","background-repeat":"repeat","background-position":"center center","background-size":"auto","background-attachment":"scroll","background-type":"","background-media":"","overlay-type":"","overlay-color":"","overlay-opacity":"","overlay-gradient":""}},"footnotes":""},"class_list":["post-79","page","type-page","status-publish","hentry"],"uagb_featured_image_src":{"full":false,"thumbnail":false,"medium":false,"medium_large":false,"large":false,"1536x1536":false,"2048x2048":false},"uagb_author_info":{"display_name":"rosa","author_link":"https:\/\/departamento.us.es\/edan\/author\/rosa\/"},"uagb_comment_info":0,"uagb_excerpt":"Comisi\u00f3n Permanente Antonio Su\u00e1rez Fern\u00e1ndez (Director)Juan Casado D\u00edaz (PDI)Cristian Morales Rodrigo (PDI)Mar\u00eda Teresa P\u00e9rez P\u00e9rez (PDI)Samuele Rubino (PDI)Alejandro Bandera Moreno (Estudiante de doctorado) Comisi\u00f3n de Equipamiento Macarena G\u00f3mez M\u00e1rmol (Secretaria) Daniel Franco Coronil (PDI) Pedro Mar\u00edn Rubio (PDI) Faustino Maestre Caballero (PDI) Estrella Zambrana D\u00edaz (PAS) Mart\u00edn Luna Barranco (Estudiante) Maria Isabel de Paz V\u00e9lez&hellip;","_links":{"self":[{"href":"https:\/\/departamento.us.es\/edan\/wp-json\/wp\/v2\/pages\/79","targetHints":{"allow":["GET"]}}],"collection":[{"href":"https:\/\/departamento.us.es\/edan\/wp-json\/wp\/v2\/pages"}],"about":[{"href":"https:\/\/departamento.us.es\/edan\/wp-json\/wp\/v2\/types\/page"}],"author":[{"embeddable":true,"href":"https:\/\/departamento.us.es\/edan\/wp-json\/wp\/v2\/users\/1"}],"replies":[{"embeddable":true,"href":"https:\/\/departamento.us.es\/edan\/wp-json\/wp\/v2\/comments?post=79"}],"version-history":[{"count":13,"href":"https:\/\/departamento.us.es\/edan\/wp-json\/wp\/v2\/pages\/79\/revisions"}],"predecessor-version":[{"id":464,"href":"https:\/\/departamento.us.es\/edan\/wp-json\/wp\/v2\/pages\/79\/revisions\/464"}],"wp:attachment":[{"href":"https:\/\/departamento.us.es\/edan\/wp-json\/wp\/v2\/media?parent=79"}],"curies":[{"name":"wp","href":"https:\/\/api.w.org\/{rel}","templated":true}]}}