{"id":14,"date":"2022-03-14T08:20:56","date_gmt":"2022-03-14T08:20:56","guid":{"rendered":"https:\/\/departamento.us.es\/fisamyn\/?page_id=14"},"modified":"2025-06-30T11:22:17","modified_gmt":"2025-06-30T11:22:17","slug":"inicio","status":"publish","type":"page","link":"https:\/\/departamento.us.es\/fisamyn\/inicio\/","title":{"rendered":"Inicio viejo"},"content":{"rendered":"\t\t<div data-elementor-type=\"wp-page\" data-elementor-id=\"14\" class=\"elementor elementor-14\" data-elementor-post-type=\"page\">\n\t\t\t\t<div class=\"elementor-element elementor-element-ed0f8f0 e-con-full e-flex elementor-invisible e-con e-parent\" data-id=\"ed0f8f0\" data-element_type=\"container\" data-e-type=\"container\" data-settings=\"{&quot;animation&quot;:&quot;fadeIn&quot;}\">\n\t\t<div class=\"elementor-element elementor-element-ab7ce9b e-con-full e-flex e-con e-child\" data-id=\"ab7ce9b\" data-element_type=\"container\" data-e-type=\"container\">\n\t\t\t\t<div class=\"elementor-element elementor-element-aa6a40e elementor-invisible elementor-widget elementor-widget-image\" data-id=\"aa6a40e\" data-element_type=\"widget\" data-e-type=\"widget\" data-settings=\"{&quot;_animation&quot;:&quot;fadeIn&quot;}\" data-widget_type=\"image.default\">\n\t\t\t\t<div class=\"elementor-widget-container\">\n\t\t\t\t\t\t\t\t\t\t\t\t\t\t\t<img fetchpriority=\"high\" decoding=\"async\" width=\"800\" height=\"414\" src=\"https:\/\/departamento.us.es\/fisamyn\/wp-content\/uploads\/2024\/10\/Lab_Joint_European_Master_NP-1024x530.jpg\" class=\"attachment-large size-large wp-image-4104\" alt=\"Lab Joint European Master NP\" srcset=\"https:\/\/departamento.us.es\/fisamyn\/wp-content\/uploads\/2024\/10\/Lab_Joint_European_Master_NP-1024x530.jpg 1024w, https:\/\/departamento.us.es\/fisamyn\/wp-content\/uploads\/2024\/10\/Lab_Joint_European_Master_NP-300x155.jpg 300w, https:\/\/departamento.us.es\/fisamyn\/wp-content\/uploads\/2024\/10\/Lab_Joint_European_Master_NP-768x398.jpg 768w, https:\/\/departamento.us.es\/fisamyn\/wp-content\/uploads\/2024\/10\/Lab_Joint_European_Master_NP-1536x795.jpg 1536w, https:\/\/departamento.us.es\/fisamyn\/wp-content\/uploads\/2024\/10\/Lab_Joint_European_Master_NP.jpg 1920w\" sizes=\"(max-width: 800px) 100vw, 800px\" \/>\t\t\t\t\t\t\t\t\t\t\t\t\t\t\t<\/div>\n\t\t\t\t<\/div>\n\t\t\t\t<\/div>\n\t\t\t\t<\/div>\n\t\t<div class=\"elementor-element elementor-element-7513dc2 e-flex e-con-boxed elementor-invisible e-con e-parent\" data-id=\"7513dc2\" data-element_type=\"container\" data-e-type=\"container\" data-settings=\"{&quot;animation&quot;:&quot;fadeIn&quot;}\">\n\t\t\t\t\t<div class=\"e-con-inner\">\n\t\t<div class=\"elementor-element elementor-element-9758b0b e-flex e-con-boxed elementor-invisible e-con e-child\" data-id=\"9758b0b\" data-element_type=\"container\" data-e-type=\"container\" data-settings=\"{&quot;animation&quot;:&quot;fadeIn&quot;,&quot;background_background&quot;:&quot;classic&quot;}\">\n\t\t\t\t\t<div class=\"e-con-inner\">\n\t\t\t\t<div class=\"elementor-element elementor-element-c538844 elementor-widget elementor-widget-heading\" data-id=\"c538844\" data-element_type=\"widget\" data-e-type=\"widget\" data-widget_type=\"heading.default\">\n\t\t\t\t<div class=\"elementor-widget-container\">\n\t\t\t\t\t<h2 class=\"elementor-heading-title elementor-size-default\">Bienvenidos a la p\u00e1gina web del Departamento de F\u00edsica At\u00f3mica, Molecular y Nuclear.<\/h2>\t\t\t\t<\/div>\n\t\t\t\t<\/div>\n\t\t\t\t<div class=\"elementor-element elementor-element-b5c721c elementor-widget__width-initial elementor-widget elementor-widget-text-editor\" data-id=\"b5c721c\" data-element_type=\"widget\" data-e-type=\"widget\" data-widget_type=\"text-editor.default\">\n\t\t\t\t<div class=\"elementor-widget-container\">\n\t\t\t\t\t\t\t\t\t<p>El Departamento se encuentra en la Facultad de F\u00edsica de la Universidad de Sevilla (Campus Reina Mercedes). Nuestra direcci\u00f3n es: Avenida Reina Mercedes s\/n, 41012 Sevilla.<\/p>\t\t\t\t\t\t\t\t<\/div>\n\t\t\t\t<\/div>\n\t\t\t\t\t<\/div>\n\t\t\t\t<\/div>\n\t\t\t\t\t<\/div>\n\t\t\t\t<\/div>\n\t\t<div class=\"elementor-element elementor-element-1c0dfc6 e-flex e-con-boxed elementor-invisible e-con e-parent\" data-id=\"1c0dfc6\" data-element_type=\"container\" data-e-type=\"container\" data-settings=\"{&quot;background_background&quot;:&quot;classic&quot;,&quot;shape_divider_top&quot;:&quot;curve&quot;,&quot;animation&quot;:&quot;fadeIn&quot;}\">\n\t\t\t\t\t<div class=\"e-con-inner\">\n\t\t\t\t<div class=\"elementor-shape elementor-shape-top\" aria-hidden=\"true\" data-negative=\"false\">\n\t\t\t<svg xmlns=\"http:\/\/www.w3.org\/2000\/svg\" viewBox=\"0 0 1000 100\" preserveAspectRatio=\"none\">\n    <path class=\"elementor-shape-fill\" d=\"M1000,4.3V0H0v4.3C0.9,23.1,126.7,99.2,500,100S1000,22.7,1000,4.3z\"\/>\n<\/svg>\t\t<\/div>\n\t\t<div class=\"elementor-element elementor-element-924a3a5 e-con-full e-flex e-con e-child\" data-id=\"924a3a5\" data-element_type=\"container\" data-e-type=\"container\">\n\t\t\t\t<div class=\"elementor-element elementor-element-5d7a700 elementor-position-inline-start elementor-view-default elementor-mobile-position-block-start elementor-widget elementor-widget-icon-box\" data-id=\"5d7a700\" data-element_type=\"widget\" data-e-type=\"widget\" data-widget_type=\"icon-box.default\">\n\t\t\t\t<div class=\"elementor-widget-container\">\n\t\t\t\t\t\t\t<div class=\"elementor-icon-box-wrapper\">\n\n\t\t\t\t\t\t<div class=\"elementor-icon-box-icon\">\n\t\t\t\t<span  class=\"elementor-icon\">\n\t\t\t\t<i aria-hidden=\"true\" class=\"far fa-newspaper\"><\/i>\t\t\t\t<\/span>\n\t\t\t<\/div>\n\t\t\t\n\t\t\t\t\t\t<div class=\"elementor-icon-box-content\">\n\n\t\t\t\t\t\t\t\t\t<p class=\"elementor-icon-box-title\">\n\t\t\t\t\t\t<span  >\n\t\t\t\t\t\t\tAnuncios\t\t\t\t\t\t<\/span>\n\t\t\t\t\t<\/p>\n\t\t\t\t\n\t\t\t\t\n\t\t\t<\/div>\n\t\t\t\n\t\t<\/div>\n\t\t\t\t\t\t<\/div>\n\t\t\t\t<\/div>\n\t\t\t\t<\/div>\n\t\t\t\t\t<\/div>\n\t\t\t\t<\/div>\n\t\t<div class=\"elementor-element elementor-element-0a34241 e-flex e-con-boxed elementor-invisible e-con e-parent\" data-id=\"0a34241\" data-element_type=\"container\" data-e-type=\"container\" data-settings=\"{&quot;background_background&quot;:&quot;classic&quot;,&quot;animation&quot;:&quot;fadeIn&quot;,&quot;shape_divider_bottom&quot;:&quot;curve&quot;}\">\n\t\t\t\t\t<div class=\"e-con-inner\">\n\t\t\t\t<div class=\"elementor-shape elementor-shape-bottom\" aria-hidden=\"true\" data-negative=\"false\">\n\t\t\t<svg xmlns=\"http:\/\/www.w3.org\/2000\/svg\" viewBox=\"0 0 1000 100\" preserveAspectRatio=\"none\">\n    <path class=\"elementor-shape-fill\" d=\"M1000,4.3V0H0v4.3C0.9,23.1,126.7,99.2,500,100S1000,22.7,1000,4.3z\"\/>\n<\/svg>\t\t<\/div>\n\t\t<div class=\"elementor-element elementor-element-6bb6074 e-con-full e-flex e-con e-child\" data-id=\"6bb6074\" data-element_type=\"container\" data-e-type=\"container\">\n\t\t<div class=\"elementor-element elementor-element-361ad20 e-con-full e-flex e-con e-child\" data-id=\"361ad20\" data-element_type=\"container\" data-e-type=\"container\">\n\t\t\t\t<div class=\"elementor-element elementor-element-f90f703 elementor-list-item-link-inline elementor-icon-list--layout-traditional elementor-widget elementor-widget-icon-list\" data-id=\"f90f703\" data-element_type=\"widget\" data-e-type=\"widget\" data-widget_type=\"icon-list.default\">\n\t\t\t\t<div class=\"elementor-widget-container\">\n\t\t\t\t\t\t\t<ul class=\"elementor-icon-list-items\">\n\t\t\t\t\t\t\t<li class=\"elementor-icon-list-item\">\n\t\t\t\t\t\t\t\t\t\t\t<span class=\"elementor-icon-list-icon\">\n\t\t\t\t\t\t\t<i aria-hidden=\"true\" class=\"fas fa-circle\"><\/i>\t\t\t\t\t\t<\/span>\n\t\t\t\t\t\t\t\t\t\t<span class=\"elementor-icon-list-text\">RANKING 250 M\u00c1STER EL MUNDO 2025<\/span>\n\t\t\t\t\t\t\t\t\t<\/li>\n\t\t\t\t\t\t\t\t<li class=\"elementor-icon-list-item\">\n\t\t\t\t\t\t\t\t\t\t<span class=\"elementor-icon-list-text\">26 junio 2025<\/span>\n\t\t\t\t\t\t\t\t\t<\/li>\n\t\t\t\t\t\t<\/ul>\n\t\t\t\t\t\t<\/div>\n\t\t\t\t<\/div>\n\t\t\t\t<div class=\"elementor-element elementor-element-a2391ed elementor-invisible elementor-widget elementor-widget-image\" data-id=\"a2391ed\" data-element_type=\"widget\" data-e-type=\"widget\" data-settings=\"{&quot;_animation&quot;:&quot;fadeIn&quot;}\" data-widget_type=\"image.default\">\n\t\t\t\t<div class=\"elementor-widget-container\">\n\t\t\t\t\t\t\t\t\t\t\t\t\t\t\t<img decoding=\"async\" width=\"400\" height=\"283\" src=\"https:\/\/departamento.us.es\/fisamyn\/wp-content\/uploads\/2025\/06\/Nuc.jpg\" class=\"attachment-large size-large wp-image-4537\" alt=\"\" srcset=\"https:\/\/departamento.us.es\/fisamyn\/wp-content\/uploads\/2025\/06\/Nuc.jpg 400w, https:\/\/departamento.us.es\/fisamyn\/wp-content\/uploads\/2025\/06\/Nuc-300x212.jpg 300w\" sizes=\"(max-width: 400px) 100vw, 400px\" \/>\t\t\t\t\t\t\t\t\t\t\t\t\t\t\t<\/div>\n\t\t\t\t<\/div>\n\t\t\t\t<div class=\"elementor-element elementor-element-ff6dcf4 elementor-widget__width-initial elementor-widget elementor-widget-text-editor\" data-id=\"ff6dcf4\" data-element_type=\"widget\" data-e-type=\"widget\" data-widget_type=\"text-editor.default\">\n\t\t\t\t<div class=\"elementor-widget-container\">\n\t\t\t\t\t\t\t\t\t<div class=\"x_elementToProof\" data-olk-copy-source=\"MessageBody\">El M\u00e1ster Europeo en F\u00edsica Nuclear (NucPhys), un m\u00e1ster conjunto con las Universidades de Barcelona, Complutense de Madrid, Caen, Catania y Padova que coordina nuestra universidad, ha quedado segundo en el \u00c1rea de Ciencias experimentales y tecnol\u00f3gicas del ranking 250 M\u00e1ster 2025 que organiza el peri\u00f3dico El Mundo.\u00a0<\/div><div class=\"x_elementToProof\">\u00a0<\/div><div class=\"x_elementToProof\">Dicho M\u00e1ster ha obtenido dos veces el Sello Erasmus Mundus y esperamos que lo consiga por tercera vez en la presente solicitud. Se trata, adem\u00e1s, de un M\u00e1ster que incluye a casi 30 centros asociados, incluyendo centros punteros en la investigaci\u00f3n en F\u00edsica Nuclear en todo el mundo como el CERN, TRIUMF, GANIL y diversas empresas como CAEN SpA y AVS. El M\u00e1ster recibe cada a\u00f1o m\u00e1s de 130 solicitudes de estudiantes de todo el mundo, seleccionando a 25 cada a\u00f1o en un proceso de selecci\u00f3n com\u00fan. Los seleccionados, visitan los tres pa\u00edses que integran el consorcio: Espa\u00f1a, Italia y Francia durante los dos a\u00f1os de duraci\u00f3n, pudiendo hacer tambi\u00e9n el Trabajo Fin de M\u00e1ster en colaboraci\u00f3n con los centros asociados, teniendo casos recientes en TRIUMF, Canad\u00e1, y en la empresa AVS.<\/div><div style=\"text-align: left;\">\u00a0<\/div>\t\t\t\t\t\t\t\t<\/div>\n\t\t\t\t<\/div>\n\t\t\t\t<\/div>\n\t\t<div class=\"elementor-element elementor-element-54eb139 e-con-full e-flex e-con e-child\" data-id=\"54eb139\" data-element_type=\"container\" data-e-type=\"container\">\n\t\t<div class=\"elementor-element elementor-element-833dbaa e-con-full e-flex e-con e-child\" data-id=\"833dbaa\" data-element_type=\"container\" data-e-type=\"container\">\n\t\t\t\t<div class=\"elementor-element elementor-element-d98545f elementor-list-item-link-inline elementor-icon-list--layout-traditional elementor-widget elementor-widget-icon-list\" data-id=\"d98545f\" data-element_type=\"widget\" data-e-type=\"widget\" data-widget_type=\"icon-list.default\">\n\t\t\t\t<div class=\"elementor-widget-container\">\n\t\t\t\t\t\t\t<ul class=\"elementor-icon-list-items\">\n\t\t\t\t\t\t\t<li class=\"elementor-icon-list-item\">\n\t\t\t\t\t\t\t\t\t\t\t<a href=\"https:\/\/gefn-rsef.github.io\/premios\/2021_23\" target=\"_blank\">\n\n\t\t\t\t\t\t\t\t\t\t\t\t<span class=\"elementor-icon-list-icon\">\n\t\t\t\t\t\t\t<i aria-hidden=\"true\" class=\"fas fa-circle\"><\/i>\t\t\t\t\t\t<\/span>\n\t\t\t\t\t\t\t\t\t\t<span class=\"elementor-icon-list-text\">Premios GEFN-ATI Sistemas a Tesis Doctorales y a Trabajos de Fin de M\u00e1ster en F\u00edsica Nuclear 2021-2023<\/span>\n\t\t\t\t\t\t\t\t\t\t\t<\/a>\n\t\t\t\t\t\t\t\t\t<\/li>\n\t\t\t\t\t\t\t\t<li class=\"elementor-icon-list-item\">\n\t\t\t\t\t\t\t\t\t\t<span class=\"elementor-icon-list-text\">17 marzo 2025<\/span>\n\t\t\t\t\t\t\t\t\t<\/li>\n\t\t\t\t\t\t\t\t<li class=\"elementor-icon-list-item\">\n\t\t\t\t\t\t\t\t\t\t<span class=\"elementor-icon-list-text\">M\u00e1s informaci\u00f3n:<\/span>\n\t\t\t\t\t\t\t\t\t<\/li>\n\t\t\t\t\t\t\t\t<li class=\"elementor-icon-list-item\">\n\t\t\t\t\t\t\t\t\t\t\t<a href=\"https:\/\/gefn-rsef.github.io\/premios\/2021_23\" target=\"_blank\">\n\n\t\t\t\t\t\t\t\t\t\t\t<span class=\"elementor-icon-list-text\">https:\/\/gefn-rsef.github.io\/premios\/2021_23<\/span>\n\t\t\t\t\t\t\t\t\t\t\t<\/a>\n\t\t\t\t\t\t\t\t\t<\/li>\n\t\t\t\t\t\t<\/ul>\n\t\t\t\t\t\t<\/div>\n\t\t\t\t<\/div>\n\t\t\t\t<\/div>\n\t\t<div class=\"elementor-element elementor-element-c6d6608 e-con-full e-flex e-con e-child\" data-id=\"c6d6608\" data-element_type=\"container\" data-e-type=\"container\">\n\t\t\t\t<div class=\"elementor-element elementor-element-63c7c1d elementor-list-item-link-inline elementor-icon-list--layout-traditional elementor-widget elementor-widget-icon-list\" data-id=\"63c7c1d\" data-element_type=\"widget\" data-e-type=\"widget\" data-widget_type=\"icon-list.default\">\n\t\t\t\t<div class=\"elementor-widget-container\">\n\t\t\t\t\t\t\t<ul class=\"elementor-icon-list-items\">\n\t\t\t\t\t\t\t<li class=\"elementor-icon-list-item\">\n\t\t\t\t\t\t\t\t\t\t\t<span class=\"elementor-icon-list-icon\">\n\t\t\t\t\t\t\t<i aria-hidden=\"true\" class=\"fas fa-circle\"><\/i>\t\t\t\t\t\t<\/span>\n\t\t\t\t\t\t\t\t\t\t<span class=\"elementor-icon-list-text\">Acto de Homenaje al Personal Jubilado en la Universidad de Sevilla, en los a\u00f1os 2019-2023<\/span>\n\t\t\t\t\t\t\t\t\t<\/li>\n\t\t\t\t\t\t\t\t<li class=\"elementor-icon-list-item\">\n\t\t\t\t\t\t\t\t\t\t<span class=\"elementor-icon-list-text\">25 Febrero 2025<\/span>\n\t\t\t\t\t\t\t\t\t<\/li>\n\t\t\t\t\t\t<\/ul>\n\t\t\t\t\t\t<\/div>\n\t\t\t\t<\/div>\n\t\t<div class=\"elementor-element elementor-element-4d1461d e-grid e-con-full e-con e-child\" data-id=\"4d1461d\" data-element_type=\"container\" data-e-type=\"container\">\n\t\t\t\t<div class=\"elementor-element elementor-element-fb333ba elementor-widget elementor-widget-image\" data-id=\"fb333ba\" data-element_type=\"widget\" data-e-type=\"widget\" data-widget_type=\"image.default\">\n\t\t\t\t<div class=\"elementor-widget-container\">\n\t\t\t\t\t\t\t\t\t\t\t\t\t\t\t<img decoding=\"async\" src=\"https:\/\/departamento.us.es\/fisamyn\/wp-content\/uploads\/2025\/02\/homenaje_jubilados.jpeg\" title=\"\" alt=\"\" loading=\"lazy\" \/>\t\t\t\t\t\t\t\t\t\t\t\t\t\t\t<\/div>\n\t\t\t\t<\/div>\n\t\t\t\t<\/div>\n\t\t\t\t<div class=\"elementor-element elementor-element-1385ed4 elementor-widget__width-initial elementor-widget elementor-widget-text-editor\" data-id=\"1385ed4\" data-element_type=\"widget\" data-e-type=\"widget\" data-widget_type=\"text-editor.default\">\n\t\t\t\t<div class=\"elementor-widget-container\">\n\t\t\t\t\t\t\t\t\t<div class=\"x_elementToProof\" data-olk-copy-source=\"MessageBody\">El pasado pasado 19 de febrero de 2025, la Universidad de Sevilla celebr\u00f3 un acto de homenaje al personal de la Universidad jubilado entre los a\u00f1os 2019-23. Entre los homenajeados, se encontraban varios antiguos miembros de este departamento, tanto de PDI como de PAS. El acto tuvo lugar en el Palacio de Congresos FIBES2.<\/div><div class=\"x_elementToProof\" style=\"text-align: left;\">\u00a0<\/div>\t\t\t\t\t\t\t\t<\/div>\n\t\t\t\t<\/div>\n\t\t\t\t<\/div>\n\t\t\t\t<\/div>\n\t\t<div class=\"elementor-element elementor-element-0525907 e-con-full e-flex e-con e-child\" data-id=\"0525907\" data-element_type=\"container\" data-e-type=\"container\">\n\t\t<div class=\"elementor-element elementor-element-afbd304 e-con-full e-flex e-con e-child\" data-id=\"afbd304\" data-element_type=\"container\" data-e-type=\"container\">\n\t\t\t\t<div class=\"elementor-element elementor-element-1c90cbe elementor-list-item-link-inline elementor-icon-list--layout-traditional elementor-widget elementor-widget-icon-list\" data-id=\"1c90cbe\" data-element_type=\"widget\" data-e-type=\"widget\" data-widget_type=\"icon-list.default\">\n\t\t\t\t<div class=\"elementor-widget-container\">\n\t\t\t\t\t\t\t<ul class=\"elementor-icon-list-items\">\n\t\t\t\t\t\t\t<li class=\"elementor-icon-list-item\">\n\t\t\t\t\t\t\t\t\t\t\t<span class=\"elementor-icon-list-icon\">\n\t\t\t\t\t\t\t<i aria-hidden=\"true\" class=\"fas fa-circle\"><\/i>\t\t\t\t\t\t<\/span>\n\t\t\t\t\t\t\t\t\t\t<span class=\"elementor-icon-list-text\">Actos por el D\u00eda Internacional de la Mujer y la Ni\u00f1a en la Ciencia<\/span>\n\t\t\t\t\t\t\t\t\t<\/li>\n\t\t\t\t\t\t\t\t<li class=\"elementor-icon-list-item\">\n\t\t\t\t\t\t\t\t\t\t<span class=\"elementor-icon-list-text\">11 Febrero 2025<\/span>\n\t\t\t\t\t\t\t\t\t<\/li>\n\t\t\t\t\t\t<\/ul>\n\t\t\t\t\t\t<\/div>\n\t\t\t\t<\/div>\n\t\t<div class=\"elementor-element elementor-element-8e563bd e-grid e-con-full e-con e-child\" data-id=\"8e563bd\" data-element_type=\"container\" data-e-type=\"container\">\n\t\t\t\t<div class=\"elementor-element elementor-element-866be76 elementor-widget elementor-widget-image\" data-id=\"866be76\" data-element_type=\"widget\" data-e-type=\"widget\" data-widget_type=\"image.default\">\n\t\t\t\t<div class=\"elementor-widget-container\">\n\t\t\t\t\t\t\t\t\t\t\t\t\t\t\t<img decoding=\"async\" src=\"https:\/\/departamento.us.es\/fisamyn\/wp-content\/uploads\/2025\/02\/autoreferentes.jpg\" title=\"\" alt=\"\" loading=\"lazy\" \/>\t\t\t\t\t\t\t\t\t\t\t\t\t\t\t<\/div>\n\t\t\t\t<\/div>\n\t\t\t\t<div class=\"elementor-element elementor-element-cb1a0f5 elementor-widget elementor-widget-image\" data-id=\"cb1a0f5\" data-element_type=\"widget\" data-e-type=\"widget\" data-widget_type=\"image.default\">\n\t\t\t\t<div class=\"elementor-widget-container\">\n\t\t\t\t\t\t\t\t\t\t\t\t\t\t\t<img decoding=\"async\" src=\"https:\/\/departamento.us.es\/fisamyn\/wp-content\/uploads\/2025\/02\/11F.jpg\" title=\"\" alt=\"\" loading=\"lazy\" \/>\t\t\t\t\t\t\t\t\t\t\t\t\t\t\t<\/div>\n\t\t\t\t<\/div>\n\t\t\t\t<\/div>\n\t\t\t\t<div class=\"elementor-element elementor-element-5c84312 elementor-widget__width-initial elementor-widget elementor-widget-text-editor\" data-id=\"5c84312\" data-element_type=\"widget\" data-e-type=\"widget\" data-widget_type=\"text-editor.default\">\n\t\t\t\t<div class=\"elementor-widget-container\">\n\t\t\t\t\t\t\t\t\t<p style=\"text-align: justify;\">Con motivo del \u00abD\u00eda Internacional de la Mujer y la Ni\u00f1a en la Ciencia\u00bb la Universidad de Sevilla organiz\u00f3 diversos actos en los que participaron varias de las profesoras e investigadoras de nuestro departamento, entre ellos:\u00a0 jornada de charlas de la Facultad de F\u00edsica (con participaci\u00f3n de la profesora <strong>Maribel Garc\u00eda de Soria Lucena<\/strong> y la investigadora predoctoral <strong>Natalia Ruiz Pino<\/strong>),\u00a0 la\u00a0 campa\u00f1a &#8216;Madrinas y ahijadas acad\u00e9micas\u00bb (en las que participaron la profesora <strong>Manuela Rodr\u00edguez Gallardo<\/strong> y\u00a0la contratada por proyecto\u00a0<strong>Carla Tatiana Mu\u00f1oz Chimbo<\/strong>), y el programa \u00abPrograma autoreferentes: Mujer y Ciencia\u00bb (promovido por la investigadora predoctoral <strong>Laura Olivera Atencio<\/strong>).\u00a0<\/p><p>Madrinas y ahijadas acad\u00e9micas:<\/p>\t\t\t\t\t\t\t\t<\/div>\n\t\t\t\t<\/div>\n\t\t\t\t<\/div>\n\t\t\t\t<div class=\"elementor-element elementor-element-959b7d0 elementor-list-item-link-inline elementor-align-start elementor-widget elementor-widget-icon-list\" data-id=\"959b7d0\" data-element_type=\"widget\" data-e-type=\"widget\" data-widget_type=\"icon-list.default\">\n\t\t\t\t<div class=\"elementor-widget-container\">\n\t\t\t\t\t\t\t<ul class=\"elementor-icon-list-items\">\n\t\t\t\t\t\t\t<li class=\"elementor-icon-list-item\">\n\t\t\t\t\t\t\t\t\t\t\t<a href=\"https:\/\/www.us.es\/actualidad-de-la-us\/la-us-presenta-la-campana-madrinas-y-ahijadas-academicas-por-el-11f\" target=\"_blank\">\n\n\t\t\t\t\t\t\t\t\t\t\t<span class=\"elementor-icon-list-text\">https:\/\/www.us.es\/actualidad-de-la-us\/la-us-presenta-la-campana-madrinas-y-ahijadas-academicas-por-el-11f<\/span>\n\t\t\t\t\t\t\t\t\t\t\t<\/a>\n\t\t\t\t\t\t\t\t\t<\/li>\n\t\t\t\t\t\t\t\t<li class=\"elementor-icon-list-item\">\n\t\t\t\t\t\t\t\t\t\t\t<a href=\"https:\/\/www.youtube.com\/watch?v=bZLbmIDMq78\" target=\"_blank\">\n\n\t\t\t\t\t\t\t\t\t\t\t<span class=\"elementor-icon-list-text\">https:\/\/www.youtube.com\/watch?v=bZLbmIDMq78<\/span>\n\t\t\t\t\t\t\t\t\t\t\t<\/a>\n\t\t\t\t\t\t\t\t\t<\/li>\n\t\t\t\t\t\t\t\t<li class=\"elementor-icon-list-item\">\n\t\t\t\t\t\t\t\t\t\t\t<a href=\"https:\/\/fisica.us.es\/noticias\/programa-autoreferentes-mujer-y-ciencia\" target=\"_blank\">\n\n\t\t\t\t\t\t\t\t\t\t\t<span class=\"elementor-icon-list-text\">https:\/\/fisica.us.es\/noticias\/programa-autoreferentes-mujer-y-ciencia<\/span>\n\t\t\t\t\t\t\t\t\t\t\t<\/a>\n\t\t\t\t\t\t\t\t\t<\/li>\n\t\t\t\t\t\t<\/ul>\n\t\t\t\t\t\t<\/div>\n\t\t\t\t<\/div>\n\t\t<div class=\"elementor-element elementor-element-1fc262d e-con-full e-flex e-con e-child\" data-id=\"1fc262d\" data-element_type=\"container\" data-e-type=\"container\">\n\t\t\t\t<div class=\"elementor-element elementor-element-17fb832 elementor-list-item-link-inline elementor-icon-list--layout-traditional elementor-widget elementor-widget-icon-list\" data-id=\"17fb832\" data-element_type=\"widget\" data-e-type=\"widget\" data-widget_type=\"icon-list.default\">\n\t\t\t\t<div class=\"elementor-widget-container\">\n\t\t\t\t\t\t\t<ul class=\"elementor-icon-list-items\">\n\t\t\t\t\t\t\t<li class=\"elementor-icon-list-item\">\n\t\t\t\t\t\t\t\t\t\t\t<a href=\"https:\/\/www.investigacion.us.es\/eventos\/jornadas-conmemorativas-ano-internacional-de-la-cuantica\" target=\"_blank\">\n\n\t\t\t\t\t\t\t\t\t\t\t\t<span class=\"elementor-icon-list-icon\">\n\t\t\t\t\t\t\t<i aria-hidden=\"true\" class=\"fas fa-circle\"><\/i>\t\t\t\t\t\t<\/span>\n\t\t\t\t\t\t\t\t\t\t<span class=\"elementor-icon-list-text\">Jornadas conmemorativas A\u00f1o Internacional de la Cu\u00e1ntica<\/span>\n\t\t\t\t\t\t\t\t\t\t\t<\/a>\n\t\t\t\t\t\t\t\t\t<\/li>\n\t\t\t\t\t\t\t\t<li class=\"elementor-icon-list-item\">\n\t\t\t\t\t\t\t\t\t\t<span class=\"elementor-icon-list-text\">17 Febrero 2025<\/span>\n\t\t\t\t\t\t\t\t\t<\/li>\n\t\t\t\t\t\t<\/ul>\n\t\t\t\t\t\t<\/div>\n\t\t\t\t<\/div>\n\t\t\t\t<div class=\"elementor-element elementor-element-d16da5b elementor-invisible elementor-widget elementor-widget-image\" data-id=\"d16da5b\" data-element_type=\"widget\" data-e-type=\"widget\" data-settings=\"{&quot;_animation&quot;:&quot;fadeIn&quot;}\" data-widget_type=\"image.default\">\n\t\t\t\t<div class=\"elementor-widget-container\">\n\t\t\t\t\t\t\t\t\t\t\t\t\t\t\t<img decoding=\"async\" src=\"https:\/\/departamento.us.es\/fisamyn\/wp-content\/uploads\/2025\/02\/conmemora.jpg\" title=\"\" alt=\"\" loading=\"lazy\" \/>\t\t\t\t\t\t\t\t\t\t\t\t\t\t\t<\/div>\n\t\t\t\t<\/div>\n\t\t\t\t<div class=\"elementor-element elementor-element-3ff4cdf elementor-widget__width-initial elementor-widget elementor-widget-text-editor\" data-id=\"3ff4cdf\" data-element_type=\"widget\" data-e-type=\"widget\" data-widget_type=\"text-editor.default\">\n\t\t\t\t<div class=\"elementor-widget-container\">\n\t\t\t\t\t\t\t\t\t<p style=\"text-align: left;\">M\u00e1s informaci\u00f3n y texto \u00edntegro en:<\/p>\t\t\t\t\t\t\t\t<\/div>\n\t\t\t\t<\/div>\n\t\t\t\t<\/div>\n\t\t\t\t<\/div>\n\t\t\t\t<div class=\"elementor-element elementor-element-4512e33 elementor-list-item-link-inline elementor-align-start elementor-widget elementor-widget-icon-list\" data-id=\"4512e33\" data-element_type=\"widget\" data-e-type=\"widget\" data-widget_type=\"icon-list.default\">\n\t\t\t\t<div class=\"elementor-widget-container\">\n\t\t\t\t\t\t\t<ul class=\"elementor-icon-list-items\">\n\t\t\t\t\t\t\t<li class=\"elementor-icon-list-item\">\n\t\t\t\t\t\t\t\t\t\t\t<a href=\"https:\/\/www.investigacion.us.es\/eventos\/jornadas-conmemorativas-ano-internacional-de-la-cuantica\" target=\"_blank\">\n\n\t\t\t\t\t\t\t\t\t\t\t<span class=\"elementor-icon-list-text\">https:\/\/www.investigacion.us.es\/eventos\/jornadas-conmemorativas-ano-internacional-de-la-cuantica<\/span>\n\t\t\t\t\t\t\t\t\t\t\t<\/a>\n\t\t\t\t\t\t\t\t\t<\/li>\n\t\t\t\t\t\t<\/ul>\n\t\t\t\t\t\t<\/div>\n\t\t\t\t<\/div>\n\t\t<div class=\"elementor-element elementor-element-132c68f e-con-full e-flex e-con e-child\" data-id=\"132c68f\" data-element_type=\"container\" data-e-type=\"container\">\n\t\t\t\t<div class=\"elementor-element elementor-element-79d1ecd elementor-list-item-link-inline elementor-icon-list--layout-traditional elementor-widget elementor-widget-icon-list\" data-id=\"79d1ecd\" data-element_type=\"widget\" data-e-type=\"widget\" data-widget_type=\"icon-list.default\">\n\t\t\t\t<div class=\"elementor-widget-container\">\n\t\t\t\t\t\t\t<ul class=\"elementor-icon-list-items\">\n\t\t\t\t\t\t\t<li class=\"elementor-icon-list-item\">\n\t\t\t\t\t\t\t\t\t\t\t<a href=\"https:\/\/fisica.us.es\/noticias\/articulo-homenaje-jose-manuel-casado-y-manuel-morillo\" target=\"_blank\">\n\n\t\t\t\t\t\t\t\t\t\t\t\t<span class=\"elementor-icon-list-icon\">\n\t\t\t\t\t\t\t<i aria-hidden=\"true\" class=\"fas fa-circle\"><\/i>\t\t\t\t\t\t<\/span>\n\t\t\t\t\t\t\t\t\t\t<span class=\"elementor-icon-list-text\">Art\u00edculo homenaje a<b> Jos\u00e9 Manuel Casado V\u00e1zquez<\/b> y <b>Manuel Morillo Buz\u00f3n<\/b>.<\/span>\n\t\t\t\t\t\t\t\t\t\t\t<\/a>\n\t\t\t\t\t\t\t\t\t<\/li>\n\t\t\t\t\t\t\t\t<li class=\"elementor-icon-list-item\">\n\t\t\t\t\t\t\t\t\t\t<span class=\"elementor-icon-list-text\">30 Enero 2025<\/span>\n\t\t\t\t\t\t\t\t\t<\/li>\n\t\t\t\t\t\t<\/ul>\n\t\t\t\t\t\t<\/div>\n\t\t\t\t<\/div>\n\t\t\t\t<div class=\"elementor-element elementor-element-51bb827 elementor-invisible elementor-widget elementor-widget-image\" data-id=\"51bb827\" data-element_type=\"widget\" data-e-type=\"widget\" data-settings=\"{&quot;_animation&quot;:&quot;fadeIn&quot;}\" data-widget_type=\"image.default\">\n\t\t\t\t<div class=\"elementor-widget-container\">\n\t\t\t\t\t\t\t\t\t\t\t\t\t\t\t<img decoding=\"async\" width=\"500\" height=\"281\" src=\"https:\/\/departamento.us.es\/fisamyn\/wp-content\/uploads\/2025\/02\/casado-y-murillo.jpg\" class=\"attachment-large size-large wp-image-4341\" alt=\"\" srcset=\"https:\/\/departamento.us.es\/fisamyn\/wp-content\/uploads\/2025\/02\/casado-y-murillo.jpg 500w, https:\/\/departamento.us.es\/fisamyn\/wp-content\/uploads\/2025\/02\/casado-y-murillo-300x169.jpg 300w\" sizes=\"(max-width: 500px) 100vw, 500px\" \/>\t\t\t\t\t\t\t\t\t\t\t\t\t\t\t<\/div>\n\t\t\t\t<\/div>\n\t\t\t\t<div class=\"elementor-element elementor-element-8203215 elementor-widget__width-initial elementor-widget elementor-widget-text-editor\" data-id=\"8203215\" data-element_type=\"widget\" data-e-type=\"widget\" data-widget_type=\"text-editor.default\">\n\t\t\t\t<div class=\"elementor-widget-container\">\n\t\t\t\t\t\t\t\t\t<p style=\"text-align: left;\">Se acaba de publicar en el \u00faltimo n\u00famero de la Revista Espa\u00f1ola de F\u00edsica un art\u00edculo In Memoriam de Jos\u00e9 Manuel Casado y Manuel Morillo, ambos catedr\u00e1ticos del \u00c1rea de F\u00edsica Te\u00f3rica del Departamento de F\u00edsica At\u00f3mica, Molecular y Nuclear de nuestra Facultad, recientemente fallecidos.<\/p><p style=\"text-align: left;\">En el art\u00edculo, a cargo de Jos\u00e9 G\u00f3mez y Jes\u00fas Casado, se hace una rese\u00f1a sobre las trayectorias investigadoras y docentes de nuestros queridos y a\u00f1orados compa\u00f1eros y amigos.<\/p><p style=\"text-align: left;\">M\u00e1s informaci\u00f3n y texto \u00edntegro en:<\/p>\t\t\t\t\t\t\t\t<\/div>\n\t\t\t\t<\/div>\n\t\t\t\t<\/div>\n\t\t\t\t<div class=\"elementor-element elementor-element-a04f2ea elementor-list-item-link-inline elementor-align-start elementor-widget elementor-widget-icon-list\" data-id=\"a04f2ea\" data-element_type=\"widget\" data-e-type=\"widget\" data-widget_type=\"icon-list.default\">\n\t\t\t\t<div class=\"elementor-widget-container\">\n\t\t\t\t\t\t\t<ul class=\"elementor-icon-list-items\">\n\t\t\t\t\t\t\t<li class=\"elementor-icon-list-item\">\n\t\t\t\t\t\t\t\t\t\t\t<a href=\"https:\/\/fisica.us.es\/investigacion\/actualidad-y-noticias\" target=\"_blank\">\n\n\t\t\t\t\t\t\t\t\t\t\t<span class=\"elementor-icon-list-text\">https:\/\/fisica.us.es\/investigacion\/actualidad-y-noticias<\/span>\n\t\t\t\t\t\t\t\t\t\t\t<\/a>\n\t\t\t\t\t\t\t\t\t<\/li>\n\t\t\t\t\t\t<\/ul>\n\t\t\t\t\t\t<\/div>\n\t\t\t\t<\/div>\n\t\t<div class=\"elementor-element elementor-element-71668c1 e-con-full e-flex e-con e-child\" data-id=\"71668c1\" data-element_type=\"container\" data-e-type=\"container\">\n\t\t\t\t<div class=\"elementor-element elementor-element-a33c76e elementor-list-item-link-inline elementor-icon-list--layout-traditional elementor-widget elementor-widget-icon-list\" data-id=\"a33c76e\" data-element_type=\"widget\" data-e-type=\"widget\" data-widget_type=\"icon-list.default\">\n\t\t\t\t<div class=\"elementor-widget-container\">\n\t\t\t\t\t\t\t<ul class=\"elementor-icon-list-items\">\n\t\t\t\t\t\t\t<li class=\"elementor-icon-list-item\">\n\t\t\t\t\t\t\t\t\t\t\t<a href=\"https:\/\/www.tandfonline.com\/toc\/tmph20\/122\/21-22\" target=\"_blank\">\n\n\t\t\t\t\t\t\t\t\t\t\t\t<span class=\"elementor-icon-list-icon\">\n\t\t\t\t\t\t\t<i aria-hidden=\"true\" class=\"fas fa-circle\"><\/i>\t\t\t\t\t\t<\/span>\n\t\t\t\t\t\t\t\t\t\t<span class=\"elementor-icon-list-text\">N\u00famero especial de la revista Molecular Physics dedicado a Luis Rull<\/span>\n\t\t\t\t\t\t\t\t\t\t\t<\/a>\n\t\t\t\t\t\t\t\t\t<\/li>\n\t\t\t\t\t\t\t\t<li class=\"elementor-icon-list-item\">\n\t\t\t\t\t\t\t\t\t\t<span class=\"elementor-icon-list-text\">19 Diciembre 2024<\/span>\n\t\t\t\t\t\t\t\t\t<\/li>\n\t\t\t\t\t\t<\/ul>\n\t\t\t\t\t\t<\/div>\n\t\t\t\t<\/div>\n\t\t\t\t<div class=\"elementor-element elementor-element-c7c0c62 elementor-invisible elementor-widget elementor-widget-image\" data-id=\"c7c0c62\" data-element_type=\"widget\" data-e-type=\"widget\" data-settings=\"{&quot;_animation&quot;:&quot;fadeIn&quot;}\" data-widget_type=\"image.default\">\n\t\t\t\t<div class=\"elementor-widget-container\">\n\t\t\t\t\t\t\t\t\t\t\t\t\t\t\t<img decoding=\"async\" src=\"https:\/\/departamento.us.es\/fisamyn\/wp-content\/uploads\/2025\/02\/rull.jpg\" title=\"\" alt=\"\" loading=\"lazy\" \/>\t\t\t\t\t\t\t\t\t\t\t\t\t\t\t<\/div>\n\t\t\t\t<\/div>\n\t\t\t\t<div class=\"elementor-element elementor-element-682ab01 elementor-widget__width-initial elementor-widget elementor-widget-text-editor\" data-id=\"682ab01\" data-element_type=\"widget\" data-e-type=\"widget\" data-widget_type=\"text-editor.default\">\n\t\t\t\t<div class=\"elementor-widget-container\">\n\t\t\t\t\t\t\t\t\t<p style=\"text-align: left;\">La revista Molecular Physics, de la editorial Taylor &amp; Francis, ha publicado un n\u00famero especial dedicado a Luis F. Rull y Jos\u00e9 Luis Fern\u00e1ndez Abascal, pioneros en la Simulaci\u00f3n por Ordenador aplicada a la Mec\u00e1nica Estad\u00edstica en Espa\u00f1a. Este n\u00famero, que ha contado como editores invitados a Fernando Bresme (Imperial College London), Eduardo Sanz (Universidad Complutense de Madrid), Erich A. M\u00fcller (Imperial College London), Jos\u00e9 Manuel Romero Enrique (Universidad de Sevilla) y Carlos Vega (Universidad Complutense de Madrid), cuenta con 42 art\u00edculos de alto nivel en el \u00e1rea, ilustrando el gran impacto de su investigaci\u00f3n tanto en Espa\u00f1a como internacionalmente y c\u00f3mo su legado ha contribuido a la gran vitalidad que en la actualidad tiene la comunidad dedicada a la Simulaci\u00f3n por Ordenador en la Escuela de Mec\u00e1nica Estad\u00edstica en Espa\u00f1a.<\/p><div style=\"text-align: left;\" data-olk-copy-source=\"MessageBody\">Link al special issue:\u00a0<a id=\"OWAcb1b56e8-cf03-5299-a36a-6a53540b4d7e\" title=\"https:\/\/www.tandfonline.com\/toc\/tmph20\/122\/21-22\" href=\"https:\/\/www.tandfonline.com\/toc\/tmph20\/122\/21-22\" target=\"_blank\" rel=\"noopener noreferrer\" data-linkindex=\"0\" data-auth=\"NotApplicable\">https:\/\/www.tandfonline.com\/toc\/tmph20\/122\/21-22<\/a><\/div><div style=\"text-align: left;\">Link al editorial (acceso abierto):\u00a0<a id=\"OWAbc523556-032e-feec-6c5f-34f69513383c\" title=\"https:\/\/doi.org\/10.1080\/00268976.2024.2431370\" href=\"https:\/\/doi.org\/10.1080\/00268976.2024.2431370\" target=\"_blank\" rel=\"noopener noreferrer\" data-linkindex=\"1\" data-auth=\"NotApplicable\">https:\/\/doi.org\/10.1080\/00268976.2024.2431370<\/a><\/div>\t\t\t\t\t\t\t\t<\/div>\n\t\t\t\t<\/div>\n\t\t\t\t<\/div>\n\t\t<div class=\"elementor-element elementor-element-15fbc24 e-con-full e-flex e-con e-child\" data-id=\"15fbc24\" data-element_type=\"container\" data-e-type=\"container\">\n\t\t\t\t<div class=\"elementor-element elementor-element-7a3aa47 elementor-list-item-link-inline elementor-icon-list--layout-traditional elementor-widget elementor-widget-icon-list\" data-id=\"7a3aa47\" data-element_type=\"widget\" data-e-type=\"widget\" data-widget_type=\"icon-list.default\">\n\t\t\t\t<div class=\"elementor-widget-container\">\n\t\t\t\t\t\t\t<ul class=\"elementor-icon-list-items\">\n\t\t\t\t\t\t\t<li class=\"elementor-icon-list-item\">\n\t\t\t\t\t\t\t\t\t\t\t<a href=\"https:\/\/www.us.es\/actualidad-de-la-us\/los-premios-fama-universidad-de-sevilla-reconocen-la-excelencia-de-cinco\" target=\"_blank\">\n\n\t\t\t\t\t\t\t\t\t\t\t\t<span class=\"elementor-icon-list-icon\">\n\t\t\t\t\t\t\t<i aria-hidden=\"true\" class=\"fas fa-circle\"><\/i>\t\t\t\t\t\t<\/span>\n\t\t\t\t\t\t\t\t\t\t<span class=\"elementor-icon-list-text\">La Universidad de Sevilla concede el Premio Fama a la trayectoria investigadora al profesor Manuel Garc\u00eda Le\u00f3n<\/span>\n\t\t\t\t\t\t\t\t\t\t\t<\/a>\n\t\t\t\t\t\t\t\t\t<\/li>\n\t\t\t\t\t\t\t\t<li class=\"elementor-icon-list-item\">\n\t\t\t\t\t\t\t\t\t\t<span class=\"elementor-icon-list-text\">22 Noviembre 2024<\/span>\n\t\t\t\t\t\t\t\t\t<\/li>\n\t\t\t\t\t\t<\/ul>\n\t\t\t\t\t\t<\/div>\n\t\t\t\t<\/div>\n\t\t\t\t<div class=\"elementor-element elementor-element-f1b3293 elementor-invisible elementor-widget elementor-widget-image\" data-id=\"f1b3293\" data-element_type=\"widget\" data-e-type=\"widget\" data-settings=\"{&quot;_animation&quot;:&quot;fadeIn&quot;}\" data-widget_type=\"image.default\">\n\t\t\t\t<div class=\"elementor-widget-container\">\n\t\t\t\t\t\t\t\t\t\t\t\t\t\t\t<img decoding=\"async\" src=\"https:\/\/departamento.us.es\/fisamyn\/wp-content\/uploads\/2025\/02\/manuel.jpg\" title=\"\" alt=\"\" loading=\"lazy\" \/>\t\t\t\t\t\t\t\t\t\t\t\t\t\t\t<\/div>\n\t\t\t\t<\/div>\n\t\t\t\t<div class=\"elementor-element elementor-element-18043f2 elementor-widget__width-initial elementor-widget elementor-widget-text-editor\" data-id=\"18043f2\" data-element_type=\"widget\" data-e-type=\"widget\" data-widget_type=\"text-editor.default\">\n\t\t\t\t<div class=\"elementor-widget-container\">\n\t\t\t\t\t\t\t\t\t<p style=\"text-align: left;\">La Universidad de Sevilla ha entregado su Premio Fama a la Trayectoria Investigadora correspondiente al curso 2023-2024 en un acto presidido por el rector Miguel \u00c1ngel Castro en el <strong>paraninfo de la US<\/strong>. En esta edici\u00f3n, el jurado ha reconocido por decisi\u00f3n un\u00e1nime la labor de <strong>Catalina Fuentes Rodr\u00edguez,<\/strong> en la rama de Artes y Humanidades;<strong> Manuel Garc\u00eda Le\u00f3n<\/strong>, en la categor\u00eda de Ciencias;<strong> Manuel Romero G\u00f3mez<\/strong>, en Ciencias de la Salud; <strong>Amparo M\u00e1rmol Conde,<\/strong> en Ciencias Sociales y Jur\u00eddicas; y <strong>Antonio Ru\u00edz Cort\u00e9s<\/strong>, en Ingenier\u00eda y Arquitectura.<\/p><p style=\"text-align: left;\">M\u00e1s informaci\u00f3n y texto \u00edntegro en:<\/p><p style=\"text-align: left;\"><a href=\"https:\/\/www.us.es\/actualidad-de-la-us\/los-premios-fama-universidad-de-sevilla-reconocen-la-excelencia-de-cinco\">https:\/\/fisica.us.es\/investigacion\/actualidad-y-noticias<\/a><\/p>\t\t\t\t\t\t\t\t<\/div>\n\t\t\t\t<\/div>\n\t\t\t\t<\/div>\n\t\t<div class=\"elementor-element elementor-element-6e53a6c e-con-full e-flex e-con e-child\" data-id=\"6e53a6c\" data-element_type=\"container\" data-e-type=\"container\">\n\t\t\t\t<div class=\"elementor-element elementor-element-8164512 elementor-list-item-link-inline elementor-icon-list--layout-traditional elementor-widget elementor-widget-icon-list\" data-id=\"8164512\" data-element_type=\"widget\" data-e-type=\"widget\" data-widget_type=\"icon-list.default\">\n\t\t\t\t<div class=\"elementor-widget-container\">\n\t\t\t\t\t\t\t<ul class=\"elementor-icon-list-items\">\n\t\t\t\t\t\t\t<li class=\"elementor-icon-list-item\">\n\t\t\t\t\t\t\t\t\t\t\t<a href=\"https:\/\/www.us.es\/estudiar\/becas-ayudas\/becas-y-ayudas-de-formacion\/externas\" target=\"_blank\">\n\n\t\t\t\t\t\t\t\t\t\t\t\t<span class=\"elementor-icon-list-icon\">\n\t\t\t\t\t\t\t<i aria-hidden=\"true\" class=\"fas fa-circle\"><\/i>\t\t\t\t\t\t<\/span>\n\t\t\t\t\t\t\t\t\t\t<span class=\"elementor-icon-list-text\">Publicada la resoluci\u00f3n de Becas de Colaboraci\u00f3n 2024\/25<\/span>\n\t\t\t\t\t\t\t\t\t\t\t<\/a>\n\t\t\t\t\t\t\t\t\t<\/li>\n\t\t\t\t\t\t<\/ul>\n\t\t\t\t\t\t<\/div>\n\t\t\t\t<\/div>\n\t\t\t\t<\/div>\n\t\t<div class=\"elementor-element elementor-element-4116127 e-con-full e-flex e-con e-child\" data-id=\"4116127\" data-element_type=\"container\" data-e-type=\"container\">\n\t\t\t\t<div class=\"elementor-element elementor-element-f34fe09 elementor-list-item-link-inline elementor-icon-list--layout-traditional elementor-widget elementor-widget-icon-list\" data-id=\"f34fe09\" data-element_type=\"widget\" data-e-type=\"widget\" data-widget_type=\"icon-list.default\">\n\t\t\t\t<div class=\"elementor-widget-container\">\n\t\t\t\t\t\t\t<ul class=\"elementor-icon-list-items\">\n\t\t\t\t\t\t\t<li class=\"elementor-icon-list-item\">\n\t\t\t\t\t\t\t\t\t\t\t<a href=\"https:\/\/departamento.us.es\/fisamyn\/estudiantes-internos\/\" target=\"_blank\">\n\n\t\t\t\t\t\t\t\t\t\t\t\t<span class=\"elementor-icon-list-icon\">\n\t\t\t\t\t\t\t<i aria-hidden=\"true\" class=\"fas fa-circle\"><\/i>\t\t\t\t\t\t<\/span>\n\t\t\t\t\t\t\t\t\t\t<span class=\"elementor-icon-list-text\">Convocatoria de Estudiantes Internos curso 2024\/25<\/span>\n\t\t\t\t\t\t\t\t\t\t\t<\/a>\n\t\t\t\t\t\t\t\t\t<\/li>\n\t\t\t\t\t\t\t\t<li class=\"elementor-icon-list-item\">\n\t\t\t\t\t\t\t\t\t\t<span class=\"elementor-icon-list-text\">30 Septiembre 2024<\/span>\n\t\t\t\t\t\t\t\t\t<\/li>\n\t\t\t\t\t\t<\/ul>\n\t\t\t\t\t\t<\/div>\n\t\t\t\t<\/div>\n\t\t\t\t<\/div>\n\t\t\t\t<\/div>\n\t\t\t\t\t<\/div>\n\t\t\t\t<\/div>\n\t\t<div class=\"elementor-element elementor-element-934ef8e e-flex e-con-boxed e-con e-parent\" data-id=\"934ef8e\" data-element_type=\"container\" data-e-type=\"container\">\n\t\t\t\t\t<div class=\"e-con-inner\">\n\t\t<div class=\"elementor-element elementor-element-13a9420 e-con-full e-flex e-con e-child\" data-id=\"13a9420\" data-element_type=\"container\" data-e-type=\"container\">\n\t\t\t\t<div class=\"elementor-element elementor-element-4d9e4f9 elementor-shape-square elementor-view-framed elementor-position-block-start elementor-mobile-position-block-start elementor-invisible elementor-widget elementor-widget-icon-box\" data-id=\"4d9e4f9\" data-element_type=\"widget\" data-e-type=\"widget\" data-settings=\"{&quot;_animation&quot;:&quot;fadeIn&quot;}\" data-widget_type=\"icon-box.default\">\n\t\t\t\t<div class=\"elementor-widget-container\">\n\t\t\t\t\t\t\t<div class=\"elementor-icon-box-wrapper\">\n\n\t\t\t\t\t\t<div class=\"elementor-icon-box-icon\">\n\t\t\t\t<a href=\"https:\/\/apoyotic.us.es\/reservas\/fisica\/day.php\" target=\"_blank\" rel=\"nofollow\" class=\"elementor-icon elementor-animation-grow\" tabindex=\"-1\" aria-label=\"Reserva Seminario\">\n\t\t\t\t<i aria-hidden=\"true\" class=\"fas fa-chalkboard-teacher\"><\/i>\t\t\t\t<\/a>\n\t\t\t<\/div>\n\t\t\t\n\t\t\t\t\t\t<div class=\"elementor-icon-box-content\">\n\n\t\t\t\t\t\t\t\t\t<h6 class=\"elementor-icon-box-title\">\n\t\t\t\t\t\t<a href=\"https:\/\/apoyotic.us.es\/reservas\/fisica\/day.php\" target=\"_blank\" rel=\"nofollow\" >\n\t\t\t\t\t\t\tReserva Seminario\t\t\t\t\t\t<\/a>\n\t\t\t\t\t<\/h6>\n\t\t\t\t\n\t\t\t\t\n\t\t\t<\/div>\n\t\t\t\n\t\t<\/div>\n\t\t\t\t\t\t<\/div>\n\t\t\t\t<\/div>\n\t\t\t\t<\/div>\n\t\t<div class=\"elementor-element elementor-element-8e0e0e4 e-con-full e-flex e-con e-child\" data-id=\"8e0e0e4\" data-element_type=\"container\" data-e-type=\"container\">\n\t\t\t\t<div class=\"elementor-element elementor-element-908bf9f elementor-shape-square elementor-view-framed elementor-position-block-start elementor-mobile-position-block-start elementor-invisible elementor-widget elementor-widget-icon-box\" data-id=\"908bf9f\" data-element_type=\"widget\" data-e-type=\"widget\" data-settings=\"{&quot;_animation&quot;:&quot;fadeIn&quot;}\" data-widget_type=\"icon-box.default\">\n\t\t\t\t<div class=\"elementor-widget-container\">\n\t\t\t\t\t\t\t<div class=\"elementor-icon-box-wrapper\">\n\n\t\t\t\t\t\t<div class=\"elementor-icon-box-icon\">\n\t\t\t\t<a href=\"https:\/\/servicio.us.es\/patrimonio\/Paginas\/Acuerdos_marco.htm\" target=\"_blank\" rel=\"nofollow\" class=\"elementor-icon elementor-animation-grow\" tabindex=\"-1\" aria-label=\"Acuerdos Marco\">\n\t\t\t\t<i aria-hidden=\"true\" class=\"fas fa-file-alt\"><\/i>\t\t\t\t<\/a>\n\t\t\t<\/div>\n\t\t\t\n\t\t\t\t\t\t<div class=\"elementor-icon-box-content\">\n\n\t\t\t\t\t\t\t\t\t<h6 class=\"elementor-icon-box-title\">\n\t\t\t\t\t\t<a href=\"https:\/\/servicio.us.es\/patrimonio\/Paginas\/Acuerdos_marco.htm\" target=\"_blank\" rel=\"nofollow\" >\n\t\t\t\t\t\t\tAcuerdos Marco\t\t\t\t\t\t<\/a>\n\t\t\t\t\t<\/h6>\n\t\t\t\t\n\t\t\t\t\n\t\t\t<\/div>\n\t\t\t\n\t\t<\/div>\n\t\t\t\t\t\t<\/div>\n\t\t\t\t<\/div>\n\t\t\t\t<\/div>\n\t\t<div class=\"elementor-element elementor-element-1afe324 e-con-full e-flex e-con e-child\" data-id=\"1afe324\" data-element_type=\"container\" data-e-type=\"container\">\n\t\t\t\t<div class=\"elementor-element elementor-element-ddee60d elementor-shape-square elementor-view-framed elementor-position-block-start elementor-mobile-position-block-start elementor-invisible elementor-widget elementor-widget-icon-box\" data-id=\"ddee60d\" data-element_type=\"widget\" data-e-type=\"widget\" data-settings=\"{&quot;_animation&quot;:&quot;fadeIn&quot;}\" data-widget_type=\"icon-box.default\">\n\t\t\t\t<div class=\"elementor-widget-container\">\n\t\t\t\t\t\t\t<div class=\"elementor-icon-box-wrapper\">\n\n\t\t\t\t\t\t<div class=\"elementor-icon-box-icon\">\n\t\t\t\t<a href=\"https:\/\/www.investigacion.us.es\/index.php\/apoyo-al-investigador\/tramites-comunes\/preguntas-frecuentes-del-personal-contratado-con-cargo-creditos-de-investigacion\/como-y-cuando-solicito-una-autorizacion-de-desplazamiento\" target=\"_blank\" rel=\"nofollow\" class=\"elementor-icon elementor-animation-grow\" tabindex=\"-1\" aria-label=\"Autorizaci\u00f3n de Desplazamiento\">\n\t\t\t\t<i aria-hidden=\"true\" class=\"fas fa-file-signature\"><\/i>\t\t\t\t<\/a>\n\t\t\t<\/div>\n\t\t\t\n\t\t\t\t\t\t<div class=\"elementor-icon-box-content\">\n\n\t\t\t\t\t\t\t\t\t<h6 class=\"elementor-icon-box-title\">\n\t\t\t\t\t\t<a href=\"https:\/\/www.investigacion.us.es\/index.php\/apoyo-al-investigador\/tramites-comunes\/preguntas-frecuentes-del-personal-contratado-con-cargo-creditos-de-investigacion\/como-y-cuando-solicito-una-autorizacion-de-desplazamiento\" target=\"_blank\" rel=\"nofollow\" >\n\t\t\t\t\t\t\tAutorizaci\u00f3n de Desplazamiento\t\t\t\t\t\t<\/a>\n\t\t\t\t\t<\/h6>\n\t\t\t\t\n\t\t\t\t\n\t\t\t<\/div>\n\t\t\t\n\t\t<\/div>\n\t\t\t\t\t\t<\/div>\n\t\t\t\t<\/div>\n\t\t\t\t<\/div>\n\t\t<div class=\"elementor-element elementor-element-dffab0a e-con-full e-flex e-con e-child\" data-id=\"dffab0a\" data-element_type=\"container\" data-e-type=\"container\">\n\t\t\t\t<div class=\"elementor-element elementor-element-e076d08 elementor-shape-square elementor-view-framed elementor-position-block-start elementor-mobile-position-block-start elementor-invisible elementor-widget elementor-widget-icon-box\" data-id=\"e076d08\" data-element_type=\"widget\" data-e-type=\"widget\" data-settings=\"{&quot;_animation&quot;:&quot;fadeIn&quot;}\" data-widget_type=\"icon-box.default\">\n\t\t\t\t<div class=\"elementor-widget-container\">\n\t\t\t\t\t\t\t<div class=\"elementor-icon-box-wrapper\">\n\n\t\t\t\t\t\t<div class=\"elementor-icon-box-icon\">\n\t\t\t\t<a href=\"https:\/\/sospersonal.us.es\/\" target=\"_blank\" rel=\"nofollow\" class=\"elementor-icon elementor-animation-grow\" tabindex=\"-1\" aria-label=\"Partes SOS Pas\/PDI\">\n\t\t\t\t<i aria-hidden=\"true\" class=\"fas fa-exclamation-circle\"><\/i>\t\t\t\t<\/a>\n\t\t\t<\/div>\n\t\t\t\n\t\t\t\t\t\t<div class=\"elementor-icon-box-content\">\n\n\t\t\t\t\t\t\t\t\t<h6 class=\"elementor-icon-box-title\">\n\t\t\t\t\t\t<a href=\"https:\/\/sospersonal.us.es\/\" target=\"_blank\" rel=\"nofollow\" >\n\t\t\t\t\t\t\tPartes SOS Pas\/PDI\t\t\t\t\t\t<\/a>\n\t\t\t\t\t<\/h6>\n\t\t\t\t\n\t\t\t\t\n\t\t\t<\/div>\n\t\t\t\n\t\t<\/div>\n\t\t\t\t\t\t<\/div>\n\t\t\t\t<\/div>\n\t\t\t\t<\/div>\n\t\t<div class=\"elementor-element elementor-element-708360c e-con-full e-flex e-con e-child\" data-id=\"708360c\" data-element_type=\"container\" data-e-type=\"container\">\n\t\t\t\t<div class=\"elementor-element elementor-element-b9d1112 elementor-shape-square elementor-view-framed elementor-position-block-start elementor-mobile-position-block-start elementor-invisible elementor-widget elementor-widget-icon-box\" data-id=\"b9d1112\" data-element_type=\"widget\" data-e-type=\"widget\" data-settings=\"{&quot;_animation&quot;:&quot;fadeIn&quot;}\" data-widget_type=\"icon-box.default\">\n\t\t\t\t<div class=\"elementor-widget-container\">\n\t\t\t\t\t\t\t<div class=\"elementor-icon-box-wrapper\">\n\n\t\t\t\t\t\t<div class=\"elementor-icon-box-icon\">\n\t\t\t\t<a href=\"https:\/\/gerencia.us.es\/unidades\/area-gestion-economica\/servicios\/gestion-gastos-investigacion\" target=\"_blank\" rel=\"nofollow\" class=\"elementor-icon elementor-animation-grow\" tabindex=\"-1\" aria-label=\"Gesti\u00f3n de Gastos de Investigaci\u00f3n\">\n\t\t\t\t<i aria-hidden=\"true\" class=\"fas fa-file-export\"><\/i>\t\t\t\t<\/a>\n\t\t\t<\/div>\n\t\t\t\n\t\t\t\t\t\t<div class=\"elementor-icon-box-content\">\n\n\t\t\t\t\t\t\t\t\t<h6 class=\"elementor-icon-box-title\">\n\t\t\t\t\t\t<a href=\"https:\/\/gerencia.us.es\/unidades\/area-gestion-economica\/servicios\/gestion-gastos-investigacion\" target=\"_blank\" rel=\"nofollow\" >\n\t\t\t\t\t\t\tGesti\u00f3n de Gastos de Investigaci\u00f3n\t\t\t\t\t\t<\/a>\n\t\t\t\t\t<\/h6>\n\t\t\t\t\n\t\t\t\t\n\t\t\t<\/div>\n\t\t\t\n\t\t<\/div>\n\t\t\t\t\t\t<\/div>\n\t\t\t\t<\/div>\n\t\t\t\t<\/div>\n\t\t<div class=\"elementor-element elementor-element-4bb89bf e-con-full e-flex e-con e-child\" data-id=\"4bb89bf\" data-element_type=\"container\" data-e-type=\"container\">\n\t\t\t\t<div class=\"elementor-element elementor-element-692b0df elementor-shape-square elementor-view-framed elementor-position-block-start elementor-mobile-position-block-start elementor-invisible elementor-widget elementor-widget-icon-box\" data-id=\"692b0df\" data-element_type=\"widget\" data-e-type=\"widget\" data-settings=\"{&quot;_animation&quot;:&quot;fadeIn&quot;}\" data-widget_type=\"icon-box.default\">\n\t\t\t\t<div class=\"elementor-widget-container\">\n\t\t\t\t\t\t\t<div class=\"elementor-icon-box-wrapper\">\n\n\t\t\t\t\t\t<div class=\"elementor-icon-box-icon\">\n\t\t\t\t<a href=\"https:\/\/investigacion.us.es\/sisiusapp\/entry\/invest\" target=\"_blank\" rel=\"nofollow\" class=\"elementor-icon elementor-animation-grow\" tabindex=\"-1\" aria-label=\"Portal de la Investigaci\u00f3n (Reserva de Cr\u00e9dito y Otros)\">\n\t\t\t\t<i aria-hidden=\"true\" class=\"fas fa-laptop\"><\/i>\t\t\t\t<\/a>\n\t\t\t<\/div>\n\t\t\t\n\t\t\t\t\t\t<div class=\"elementor-icon-box-content\">\n\n\t\t\t\t\t\t\t\t\t<h6 class=\"elementor-icon-box-title\">\n\t\t\t\t\t\t<a href=\"https:\/\/investigacion.us.es\/sisiusapp\/entry\/invest\" target=\"_blank\" rel=\"nofollow\" >\n\t\t\t\t\t\t\tPortal de la Investigaci\u00f3n (Reserva de Cr\u00e9dito y Otros)\t\t\t\t\t\t<\/a>\n\t\t\t\t\t<\/h6>\n\t\t\t\t\n\t\t\t\t\n\t\t\t<\/div>\n\t\t\t\n\t\t<\/div>\n\t\t\t\t\t\t<\/div>\n\t\t\t\t<\/div>\n\t\t\t\t<\/div>\n\t\t\t\t\t<\/div>\n\t\t\t\t<\/div>\n\t\t\t\t<\/div>\n\t\t","protected":false},"excerpt":{"rendered":"<p>Bienvenidos a la p\u00e1gina web del Departamento de F\u00edsica At\u00f3mica, Molecular y Nuclear. El Departamento se encuentra en la Facultad de F\u00edsica de la Universidad de Sevilla (Campus Reina Mercedes). Nuestra direcci\u00f3n es: Avenida Reina Mercedes s\/n, 41012 Sevilla. Anuncios RANKING 250 M\u00c1STER EL MUNDO 2025 26 junio 2025 El M\u00e1ster Europeo en F\u00edsica Nuclear [&hellip;]<\/p>\n","protected":false},"author":12,"featured_media":0,"parent":0,"menu_order":0,"comment_status":"closed","ping_status":"closed","template":"","meta":{"footnotes":""},"class_list":["post-14","page","type-page","status-publish","hentry"],"yoast_head":"<!-- This site is optimized with the Yoast SEO plugin v27.3 - https:\/\/yoast.com\/product\/yoast-seo-wordpress\/ -->\n<title>Inicio viejo - Departamento de F\u00edsica At\u00f3mica, Molecular y Nuclear<\/title>\n<meta name=\"robots\" content=\"index, follow, max-snippet:-1, max-image-preview:large, max-video-preview:-1\" \/>\n<link rel=\"canonical\" href=\"https:\/\/departamento.us.es\/fisamyn\/inicio\/\" \/>\n<meta property=\"og:locale\" content=\"es_ES\" \/>\n<meta property=\"og:type\" content=\"article\" \/>\n<meta property=\"og:title\" content=\"Inicio viejo - Departamento de F\u00edsica At\u00f3mica, Molecular y Nuclear\" \/>\n<meta property=\"og:description\" content=\"Bienvenidos a la p\u00e1gina web del Departamento de F\u00edsica At\u00f3mica, Molecular y Nuclear. El Departamento se encuentra en la Facultad de F\u00edsica de la Universidad de Sevilla (Campus Reina Mercedes). Nuestra direcci\u00f3n es: Avenida Reina Mercedes s\/n, 41012 Sevilla. Anuncios RANKING 250 M\u00c1STER EL MUNDO 2025 26 junio 2025 El M\u00e1ster Europeo en F\u00edsica Nuclear [&hellip;]\" \/>\n<meta property=\"og:url\" content=\"https:\/\/departamento.us.es\/fisamyn\/inicio\/\" \/>\n<meta property=\"og:site_name\" content=\"Departamento de F\u00edsica At\u00f3mica, Molecular y Nuclear\" \/>\n<meta property=\"article:modified_time\" content=\"2025-06-30T11:22:17+00:00\" \/>\n<meta property=\"og:image\" content=\"https:\/\/departamento.us.es\/fisamyn\/wp-content\/uploads\/2024\/10\/Lab_Joint_European_Master_NP-1024x530.jpg\" \/>\n<meta name=\"twitter:card\" content=\"summary_large_image\" \/>\n<meta name=\"twitter:label1\" content=\"Tiempo de lectura\" \/>\n\t<meta name=\"twitter:data1\" content=\"6 minutos\" \/>\n<script type=\"application\/ld+json\" class=\"yoast-schema-graph\">{\"@context\":\"https:\\\/\\\/schema.org\",\"@graph\":[{\"@type\":\"WebPage\",\"@id\":\"https:\\\/\\\/departamento.us.es\\\/fisamyn\\\/inicio\\\/\",\"url\":\"https:\\\/\\\/departamento.us.es\\\/fisamyn\\\/inicio\\\/\",\"name\":\"Inicio viejo - Departamento de F\u00edsica At\u00f3mica, Molecular y Nuclear\",\"isPartOf\":{\"@id\":\"https:\\\/\\\/departamento.us.es\\\/fisamyn\\\/#website\"},\"primaryImageOfPage\":{\"@id\":\"https:\\\/\\\/departamento.us.es\\\/fisamyn\\\/inicio\\\/#primaryimage\"},\"image\":{\"@id\":\"https:\\\/\\\/departamento.us.es\\\/fisamyn\\\/inicio\\\/#primaryimage\"},\"thumbnailUrl\":\"https:\\\/\\\/departamento.us.es\\\/fisamyn\\\/wp-content\\\/uploads\\\/2024\\\/10\\\/Lab_Joint_European_Master_NP-1024x530.jpg\",\"datePublished\":\"2022-03-14T08:20:56+00:00\",\"dateModified\":\"2025-06-30T11:22:17+00:00\",\"inLanguage\":\"es\",\"potentialAction\":[{\"@type\":\"ReadAction\",\"target\":[\"https:\\\/\\\/departamento.us.es\\\/fisamyn\\\/inicio\\\/\"]}]},{\"@type\":\"ImageObject\",\"inLanguage\":\"es\",\"@id\":\"https:\\\/\\\/departamento.us.es\\\/fisamyn\\\/inicio\\\/#primaryimage\",\"url\":\"https:\\\/\\\/departamento.us.es\\\/fisamyn\\\/wp-content\\\/uploads\\\/2024\\\/10\\\/Lab_Joint_European_Master_NP.jpg\",\"contentUrl\":\"https:\\\/\\\/departamento.us.es\\\/fisamyn\\\/wp-content\\\/uploads\\\/2024\\\/10\\\/Lab_Joint_European_Master_NP.jpg\",\"width\":1920,\"height\":994,\"caption\":\"Lab Joint European Master NP\"},{\"@type\":\"WebSite\",\"@id\":\"https:\\\/\\\/departamento.us.es\\\/fisamyn\\\/#website\",\"url\":\"https:\\\/\\\/departamento.us.es\\\/fisamyn\\\/\",\"name\":\"Departamento de F\u00edsica At\u00f3mica, Molecular y Nuclear\",\"description\":\"Universidad de Sevilla\",\"publisher\":{\"@id\":\"https:\\\/\\\/departamento.us.es\\\/fisamyn\\\/#organization\"},\"potentialAction\":[{\"@type\":\"SearchAction\",\"target\":{\"@type\":\"EntryPoint\",\"urlTemplate\":\"https:\\\/\\\/departamento.us.es\\\/fisamyn\\\/?s={search_term_string}\"},\"query-input\":{\"@type\":\"PropertyValueSpecification\",\"valueRequired\":true,\"valueName\":\"search_term_string\"}}],\"inLanguage\":\"es\"},{\"@type\":\"Organization\",\"@id\":\"https:\\\/\\\/departamento.us.es\\\/fisamyn\\\/#organization\",\"name\":\"Departamento de F\u00edsica At\u00f3mica, Molecular y Nuclear\",\"url\":\"https:\\\/\\\/departamento.us.es\\\/fisamyn\\\/\",\"logo\":{\"@type\":\"ImageObject\",\"inLanguage\":\"es\",\"@id\":\"https:\\\/\\\/departamento.us.es\\\/fisamyn\\\/#\\\/schema\\\/logo\\\/image\\\/\",\"url\":\"https:\\\/\\\/departamento.us.es\\\/fisamyn\\\/wp-content\\\/uploads\\\/2024\\\/07\\\/famn-favicon.png\",\"contentUrl\":\"https:\\\/\\\/departamento.us.es\\\/fisamyn\\\/wp-content\\\/uploads\\\/2024\\\/07\\\/famn-favicon.png\",\"width\":150,\"height\":150,\"caption\":\"Departamento de F\u00edsica At\u00f3mica, Molecular y Nuclear\"},\"image\":{\"@id\":\"https:\\\/\\\/departamento.us.es\\\/fisamyn\\\/#\\\/schema\\\/logo\\\/image\\\/\"}}]}<\/script>\n<!-- \/ Yoast SEO plugin. -->","yoast_head_json":{"title":"Inicio viejo - Departamento de F\u00edsica At\u00f3mica, Molecular y Nuclear","robots":{"index":"index","follow":"follow","max-snippet":"max-snippet:-1","max-image-preview":"max-image-preview:large","max-video-preview":"max-video-preview:-1"},"canonical":"https:\/\/departamento.us.es\/fisamyn\/inicio\/","og_locale":"es_ES","og_type":"article","og_title":"Inicio viejo - Departamento de F\u00edsica At\u00f3mica, Molecular y Nuclear","og_description":"Bienvenidos a la p\u00e1gina web del Departamento de F\u00edsica At\u00f3mica, Molecular y Nuclear. El Departamento se encuentra en la Facultad de F\u00edsica de la Universidad de Sevilla (Campus Reina Mercedes). Nuestra direcci\u00f3n es: Avenida Reina Mercedes s\/n, 41012 Sevilla. Anuncios RANKING 250 M\u00c1STER EL MUNDO 2025 26 junio 2025 El M\u00e1ster Europeo en F\u00edsica Nuclear [&hellip;]","og_url":"https:\/\/departamento.us.es\/fisamyn\/inicio\/","og_site_name":"Departamento de F\u00edsica At\u00f3mica, Molecular y Nuclear","article_modified_time":"2025-06-30T11:22:17+00:00","og_image":[{"url":"https:\/\/departamento.us.es\/fisamyn\/wp-content\/uploads\/2024\/10\/Lab_Joint_European_Master_NP-1024x530.jpg","type":"","width":"","height":""}],"twitter_card":"summary_large_image","twitter_misc":{"Tiempo de lectura":"6 minutos"},"schema":{"@context":"https:\/\/schema.org","@graph":[{"@type":"WebPage","@id":"https:\/\/departamento.us.es\/fisamyn\/inicio\/","url":"https:\/\/departamento.us.es\/fisamyn\/inicio\/","name":"Inicio viejo - Departamento de F\u00edsica At\u00f3mica, Molecular y Nuclear","isPartOf":{"@id":"https:\/\/departamento.us.es\/fisamyn\/#website"},"primaryImageOfPage":{"@id":"https:\/\/departamento.us.es\/fisamyn\/inicio\/#primaryimage"},"image":{"@id":"https:\/\/departamento.us.es\/fisamyn\/inicio\/#primaryimage"},"thumbnailUrl":"https:\/\/departamento.us.es\/fisamyn\/wp-content\/uploads\/2024\/10\/Lab_Joint_European_Master_NP-1024x530.jpg","datePublished":"2022-03-14T08:20:56+00:00","dateModified":"2025-06-30T11:22:17+00:00","inLanguage":"es","potentialAction":[{"@type":"ReadAction","target":["https:\/\/departamento.us.es\/fisamyn\/inicio\/"]}]},{"@type":"ImageObject","inLanguage":"es","@id":"https:\/\/departamento.us.es\/fisamyn\/inicio\/#primaryimage","url":"https:\/\/departamento.us.es\/fisamyn\/wp-content\/uploads\/2024\/10\/Lab_Joint_European_Master_NP.jpg","contentUrl":"https:\/\/departamento.us.es\/fisamyn\/wp-content\/uploads\/2024\/10\/Lab_Joint_European_Master_NP.jpg","width":1920,"height":994,"caption":"Lab Joint European Master NP"},{"@type":"WebSite","@id":"https:\/\/departamento.us.es\/fisamyn\/#website","url":"https:\/\/departamento.us.es\/fisamyn\/","name":"Departamento de F\u00edsica At\u00f3mica, Molecular y Nuclear","description":"Universidad de Sevilla","publisher":{"@id":"https:\/\/departamento.us.es\/fisamyn\/#organization"},"potentialAction":[{"@type":"SearchAction","target":{"@type":"EntryPoint","urlTemplate":"https:\/\/departamento.us.es\/fisamyn\/?s={search_term_string}"},"query-input":{"@type":"PropertyValueSpecification","valueRequired":true,"valueName":"search_term_string"}}],"inLanguage":"es"},{"@type":"Organization","@id":"https:\/\/departamento.us.es\/fisamyn\/#organization","name":"Departamento de F\u00edsica At\u00f3mica, Molecular y Nuclear","url":"https:\/\/departamento.us.es\/fisamyn\/","logo":{"@type":"ImageObject","inLanguage":"es","@id":"https:\/\/departamento.us.es\/fisamyn\/#\/schema\/logo\/image\/","url":"https:\/\/departamento.us.es\/fisamyn\/wp-content\/uploads\/2024\/07\/famn-favicon.png","contentUrl":"https:\/\/departamento.us.es\/fisamyn\/wp-content\/uploads\/2024\/07\/famn-favicon.png","width":150,"height":150,"caption":"Departamento de F\u00edsica At\u00f3mica, Molecular y Nuclear"},"image":{"@id":"https:\/\/departamento.us.es\/fisamyn\/#\/schema\/logo\/image\/"}}]}},"_links":{"self":[{"href":"https:\/\/departamento.us.es\/fisamyn\/wp-json\/wp\/v2\/pages\/14","targetHints":{"allow":["GET"]}}],"collection":[{"href":"https:\/\/departamento.us.es\/fisamyn\/wp-json\/wp\/v2\/pages"}],"about":[{"href":"https:\/\/departamento.us.es\/fisamyn\/wp-json\/wp\/v2\/types\/page"}],"author":[{"embeddable":true,"href":"https:\/\/departamento.us.es\/fisamyn\/wp-json\/wp\/v2\/users\/12"}],"replies":[{"embeddable":true,"href":"https:\/\/departamento.us.es\/fisamyn\/wp-json\/wp\/v2\/comments?post=14"}],"version-history":[{"count":357,"href":"https:\/\/departamento.us.es\/fisamyn\/wp-json\/wp\/v2\/pages\/14\/revisions"}],"predecessor-version":[{"id":4585,"href":"https:\/\/departamento.us.es\/fisamyn\/wp-json\/wp\/v2\/pages\/14\/revisions\/4585"}],"wp:attachment":[{"href":"https:\/\/departamento.us.es\/fisamyn\/wp-json\/wp\/v2\/media?parent=14"}],"curies":[{"name":"wp","href":"https:\/\/api.w.org\/{rel}","templated":true}]}}