{"id":1422,"date":"2023-01-10T11:27:00","date_gmt":"2023-01-10T11:27:00","guid":{"rendered":"https:\/\/departamento.us.es\/newhtcaetsa\/?page_id=1422"},"modified":"2025-12-05T10:25:21","modified_gmt":"2025-12-05T10:25:21","slug":"comisiones-departamentales","status":"publish","type":"page","link":"https:\/\/departamento.us.es\/htcaetsa\/comisiones-departamentales\/","title":{"rendered":"Comisiones Departamentales"},"content":{"rendered":"\t\t<div data-elementor-type=\"wp-page\" data-elementor-id=\"1422\" class=\"elementor elementor-1422\" data-elementor-post-type=\"page\">\n\t\t\t\t<div class=\"elementor-element elementor-element-1b5acd9 e-flex e-con-boxed e-con e-parent\" data-id=\"1b5acd9\" data-element_type=\"container\" data-e-type=\"container\">\n\t\t\t\t\t<div class=\"e-con-inner\">\n\t\t<div class=\"elementor-element elementor-element-9043824 e-con-full e-flex elementor-invisible e-con e-child\" data-id=\"9043824\" data-element_type=\"container\" data-e-type=\"container\" data-settings=\"{&quot;background_background&quot;:&quot;classic&quot;,&quot;animation&quot;:&quot;fadeInLeft&quot;}\">\n\t\t\t\t<div class=\"elementor-element elementor-element-8268461 elementor-widget elementor-widget-heading\" data-id=\"8268461\" data-element_type=\"widget\" data-e-type=\"widget\" data-widget_type=\"heading.default\">\n\t\t\t\t<div class=\"elementor-widget-container\">\n\t\t\t\t\t<h3 class=\"elementor-heading-title elementor-size-default\">Comisi\u00f3n de Docencia<\/h3>\t\t\t\t<\/div>\n\t\t\t\t<\/div>\n\t\t\t\t<div class=\"elementor-element elementor-element-72f931d elementor-widget elementor-widget-text-editor\" data-id=\"72f931d\" data-element_type=\"widget\" data-e-type=\"widget\" data-widget_type=\"text-editor.default\">\n\t\t\t\t<div class=\"elementor-widget-container\">\n\t\t\t\t\t\t\t\t\t<ul><li>Cascales Barrio, Juan<\/li><li>Peral L\u00f3pez, Jos\u00e9<\/li><li>Tapia Mart\u00edn, Carlos<\/li><li>Jim\u00e9nez Lepe, \u00c1ngela\u00a0\u00a0<\/li><li>Medina Medina, Alejandro\u00a0<\/li><li>Ramos Maestre, Sergio<\/li><\/ul>\t\t\t\t\t\t\t\t<\/div>\n\t\t\t\t<\/div>\n\t\t\t\t<\/div>\n\t\t<div class=\"elementor-element elementor-element-8addf7a e-con-full e-flex elementor-invisible e-con e-child\" data-id=\"8addf7a\" data-element_type=\"container\" data-e-type=\"container\" data-settings=\"{&quot;background_background&quot;:&quot;classic&quot;,&quot;animation&quot;:&quot;fadeInLeft&quot;}\">\n\t\t\t\t<div class=\"elementor-element elementor-element-c8def26 elementor-widget elementor-widget-heading\" data-id=\"c8def26\" data-element_type=\"widget\" data-e-type=\"widget\" data-widget_type=\"heading.default\">\n\t\t\t\t<div class=\"elementor-widget-container\">\n\t\t\t\t\t<h3 class=\"elementor-heading-title elementor-size-default\">Comisi\u00f3n de Investigaci\u00f3n y <br>Tercer ciclo<\/h3>\t\t\t\t<\/div>\n\t\t\t\t<\/div>\n\t\t\t\t<div class=\"elementor-element elementor-element-dfe3853 elementor-widget elementor-widget-text-editor\" data-id=\"dfe3853\" data-element_type=\"widget\" data-e-type=\"widget\" data-widget_type=\"text-editor.default\">\n\t\t\t\t<div class=\"elementor-widget-container\">\n\t\t\t\t\t\t\t\t\t<ul><li>Aladro Prieto, Jos\u00e9 Manuel<\/li><li>Cabeza La\u00ednez, Jos\u00e9 Mar\u00eda<\/li><li>Carrascal P\u00e9rez, Mar\u00eda Fernanda<\/li><li>Garc\u00eda de Casasola G\u00f3mez, Marta<\/li><li>Mosquera Adell, Eduardo<\/li><li>Gonz\u00e1lez Arques, Mar\u00eda Soledad<\/li><\/ul>\t\t\t\t\t\t\t\t<\/div>\n\t\t\t\t<\/div>\n\t\t\t\t<\/div>\n\t\t\t\t\t<\/div>\n\t\t\t\t<\/div>\n\t\t<div class=\"elementor-element elementor-element-ad3ce43 e-flex e-con-boxed e-con e-parent\" data-id=\"ad3ce43\" data-element_type=\"container\" data-e-type=\"container\">\n\t\t\t\t\t<div class=\"e-con-inner\">\n\t\t<div class=\"elementor-element elementor-element-6a03094 e-con-full e-flex elementor-invisible e-con e-child\" data-id=\"6a03094\" data-element_type=\"container\" data-e-type=\"container\" data-settings=\"{&quot;background_background&quot;:&quot;classic&quot;,&quot;animation&quot;:&quot;fadeInLeft&quot;}\">\n\t\t\t\t<div class=\"elementor-element elementor-element-379af3e elementor-widget elementor-widget-heading\" data-id=\"379af3e\" data-element_type=\"widget\" data-e-type=\"widget\" data-widget_type=\"heading.default\">\n\t\t\t\t<div class=\"elementor-widget-container\">\n\t\t\t\t\t<h3 class=\"elementor-heading-title elementor-size-default\">Comisi\u00f3n de Econom\u00eda e Infraestructuras<\/h3>\t\t\t\t<\/div>\n\t\t\t\t<\/div>\n\t\t\t\t<div class=\"elementor-element elementor-element-71fa968 elementor-widget elementor-widget-text-editor\" data-id=\"71fa968\" data-element_type=\"widget\" data-e-type=\"widget\" data-widget_type=\"text-editor.default\">\n\t\t\t\t<div class=\"elementor-widget-container\">\n\t\t\t\t\t\t\t\t\t<ul><li>Aladro Prieto, Jos\u00e9 Manuel<\/li><li>Almod\u00f3var Melendo, Jos\u00e9 Manuel<\/li><li>Rodr\u00edguez Barber\u00e1n, Javier<\/li><li>Jim\u00e9nez D\u00edaz-Benjumea, Carmen (PAS)<\/li><li>Jim\u00e9nez Lepe, \u00c1ngela\u00a0\u00a0<\/li><\/ul>\t\t\t\t\t\t\t\t<\/div>\n\t\t\t\t<\/div>\n\t\t\t\t<\/div>\n\t\t<div class=\"elementor-element elementor-element-b2d60d8 e-con-full e-flex elementor-invisible e-con e-child\" data-id=\"b2d60d8\" data-element_type=\"container\" data-e-type=\"container\" data-settings=\"{&quot;background_background&quot;:&quot;classic&quot;,&quot;animation&quot;:&quot;fadeInLeft&quot;}\">\n\t\t\t\t<div class=\"elementor-element elementor-element-67c2034 elementor-widget elementor-widget-heading\" data-id=\"67c2034\" data-element_type=\"widget\" data-e-type=\"widget\" data-widget_type=\"heading.default\">\n\t\t\t\t<div class=\"elementor-widget-container\">\n\t\t\t\t\t<h3 class=\"elementor-heading-title elementor-size-default\">Comisi\u00f3n de Extensi\u00f3n cultural<br><\/h3>\t\t\t\t<\/div>\n\t\t\t\t<\/div>\n\t\t\t\t<div class=\"elementor-element elementor-element-4d78333 elementor-widget elementor-widget-text-editor\" data-id=\"4d78333\" data-element_type=\"widget\" data-e-type=\"widget\" data-widget_type=\"text-editor.default\">\n\t\t\t\t<div class=\"elementor-widget-container\">\n\t\t\t\t\t\t\t\t\t<ul><li>Aladro Prieto, Jos\u00e9 Manuel<\/li><li>Royo Naranjo, Lourdes<\/li><li>S\u00e1nchez-Monta\u00f1\u00e9s Mac\u00edas, Benito<\/li><li>Medina Medina, Alejandro\u00a0<\/li><\/ul>\t\t\t\t\t\t\t\t<\/div>\n\t\t\t\t<\/div>\n\t\t\t\t<\/div>\n\t\t\t\t\t<\/div>\n\t\t\t\t<\/div>\n\t\t\t\t<\/div>\n\t\t","protected":false},"excerpt":{"rendered":"<p>Comisi\u00f3n de Docencia Cascales Barrio, Juan Peral L\u00f3pez, Jos\u00e9 Tapia Mart\u00edn, Carlos Jim\u00e9nez Lepe, \u00c1ngela\u00a0\u00a0 Medina Medina, Alejandro\u00a0 Ramos Maestre, Sergio Comisi\u00f3n de Investigaci\u00f3n y Tercer ciclo Aladro Prieto, Jos\u00e9 Manuel Cabeza La\u00ednez, Jos\u00e9 Mar\u00eda Carrascal P\u00e9rez, Mar\u00eda Fernanda Garc\u00eda de Casasola G\u00f3mez, Marta Mosquera Adell, Eduardo Gonz\u00e1lez Arques, Mar\u00eda Soledad Comisi\u00f3n de Econom\u00eda e [&hellip;]<\/p>\n","protected":false},"author":1,"featured_media":0,"parent":0,"menu_order":0,"comment_status":"closed","ping_status":"closed","template":"","meta":{"_acf_changed":false,"footnotes":""},"class_list":["post-1422","page","type-page","status-publish","hentry"],"acf":[],"yoast_head":"<!-- This site is optimized with the Yoast SEO plugin v27.4 - https:\/\/yoast.com\/product\/yoast-seo-wordpress\/ -->\n<title>Comisiones Departamentales - Departamento de Historia, Teor\u00eda y Composici\u00f3n Arquitect\u00f3nicas<\/title>\n<meta name=\"robots\" content=\"index, follow, max-snippet:-1, max-image-preview:large, max-video-preview:-1\" \/>\n<link rel=\"canonical\" href=\"https:\/\/departamento.us.es\/newhtcaetsa\/comisiones-departamentales\/\" \/>\n<meta property=\"og:locale\" content=\"es_ES\" \/>\n<meta property=\"og:type\" content=\"article\" \/>\n<meta property=\"og:title\" content=\"Comisiones Departamentales - Departamento de Historia, Teor\u00eda y Composici\u00f3n Arquitect\u00f3nicas\" \/>\n<meta property=\"og:description\" content=\"Comisi\u00f3n de Docencia Cascales Barrio, Juan Peral L\u00f3pez, Jos\u00e9 Tapia Mart\u00edn, Carlos Jim\u00e9nez Lepe, \u00c1ngela\u00a0\u00a0 Medina Medina, Alejandro\u00a0 Ramos Maestre, Sergio Comisi\u00f3n de Investigaci\u00f3n y Tercer ciclo Aladro Prieto, Jos\u00e9 Manuel Cabeza La\u00ednez, Jos\u00e9 Mar\u00eda Carrascal P\u00e9rez, Mar\u00eda Fernanda Garc\u00eda de Casasola G\u00f3mez, Marta Mosquera Adell, Eduardo Gonz\u00e1lez Arques, Mar\u00eda Soledad Comisi\u00f3n de Econom\u00eda e [&hellip;]\" \/>\n<meta property=\"og:url\" content=\"https:\/\/departamento.us.es\/newhtcaetsa\/comisiones-departamentales\/\" \/>\n<meta property=\"og:site_name\" content=\"Departamento de Historia, Teor\u00eda y Composici\u00f3n Arquitect\u00f3nicas\" \/>\n<meta property=\"article:modified_time\" content=\"2025-12-05T10:25:21+00:00\" \/>\n<meta name=\"twitter:card\" content=\"summary_large_image\" \/>\n<meta name=\"twitter:label1\" content=\"Tiempo de lectura\" \/>\n\t<meta name=\"twitter:data1\" content=\"1 minuto\" \/>\n<script type=\"application\/ld+json\" class=\"yoast-schema-graph\">{\"@context\":\"https:\\\/\\\/schema.org\",\"@graph\":[{\"@type\":\"WebPage\",\"@id\":\"https:\\\/\\\/departamento.us.es\\\/newhtcaetsa\\\/comisiones-departamentales\\\/\",\"url\":\"https:\\\/\\\/departamento.us.es\\\/newhtcaetsa\\\/comisiones-departamentales\\\/\",\"name\":\"Comisiones Departamentales - Departamento de Historia, Teor\u00eda y Composici\u00f3n Arquitect\u00f3nicas\",\"isPartOf\":{\"@id\":\"https:\\\/\\\/departamento.us.es\\\/newhtcaetsa\\\/#website\"},\"datePublished\":\"2023-01-10T11:27:00+00:00\",\"dateModified\":\"2025-12-05T10:25:21+00:00\",\"inLanguage\":\"es\",\"potentialAction\":[{\"@type\":\"ReadAction\",\"target\":[\"https:\\\/\\\/departamento.us.es\\\/newhtcaetsa\\\/comisiones-departamentales\\\/\"]}]},{\"@type\":\"WebSite\",\"@id\":\"https:\\\/\\\/departamento.us.es\\\/newhtcaetsa\\\/#website\",\"url\":\"https:\\\/\\\/departamento.us.es\\\/newhtcaetsa\\\/\",\"name\":\"Departamento de Historia, Teor\u00eda y Composici\u00f3n Arquitect\u00f3nicas\",\"description\":\"Universidad de Sevilla\",\"publisher\":{\"@id\":\"https:\\\/\\\/departamento.us.es\\\/newhtcaetsa\\\/#organization\"},\"potentialAction\":[{\"@type\":\"SearchAction\",\"target\":{\"@type\":\"EntryPoint\",\"urlTemplate\":\"https:\\\/\\\/departamento.us.es\\\/newhtcaetsa\\\/?s={search_term_string}\"},\"query-input\":{\"@type\":\"PropertyValueSpecification\",\"valueRequired\":true,\"valueName\":\"search_term_string\"}}],\"inLanguage\":\"es\"},{\"@type\":\"Organization\",\"@id\":\"https:\\\/\\\/departamento.us.es\\\/newhtcaetsa\\\/#organization\",\"name\":\"Departamento de Historia, Teor\u00eda y Composici\u00f3n Arquitect\u00f3nicas\",\"url\":\"https:\\\/\\\/departamento.us.es\\\/newhtcaetsa\\\/\",\"logo\":{\"@type\":\"ImageObject\",\"inLanguage\":\"es\",\"@id\":\"https:\\\/\\\/departamento.us.es\\\/newhtcaetsa\\\/#\\\/schema\\\/logo\\\/image\\\/\",\"url\":\"https:\\\/\\\/departamento.us.es\\\/htcaetsa\\\/wp-content\\\/uploads\\\/2022\\\/03\\\/US-marca-digital-cuadrada-100.webp\",\"contentUrl\":\"https:\\\/\\\/departamento.us.es\\\/htcaetsa\\\/wp-content\\\/uploads\\\/2022\\\/03\\\/US-marca-digital-cuadrada-100.webp\",\"width\":100,\"height\":103,\"caption\":\"Departamento de Historia, Teor\u00eda y Composici\u00f3n Arquitect\u00f3nicas\"},\"image\":{\"@id\":\"https:\\\/\\\/departamento.us.es\\\/newhtcaetsa\\\/#\\\/schema\\\/logo\\\/image\\\/\"}}]}<\/script>\n<!-- \/ Yoast SEO plugin. -->","yoast_head_json":{"title":"Comisiones Departamentales - Departamento de Historia, Teor\u00eda y Composici\u00f3n Arquitect\u00f3nicas","robots":{"index":"index","follow":"follow","max-snippet":"max-snippet:-1","max-image-preview":"max-image-preview:large","max-video-preview":"max-video-preview:-1"},"canonical":"https:\/\/departamento.us.es\/newhtcaetsa\/comisiones-departamentales\/","og_locale":"es_ES","og_type":"article","og_title":"Comisiones Departamentales - Departamento de Historia, Teor\u00eda y Composici\u00f3n Arquitect\u00f3nicas","og_description":"Comisi\u00f3n de Docencia Cascales Barrio, Juan Peral L\u00f3pez, Jos\u00e9 Tapia Mart\u00edn, Carlos Jim\u00e9nez Lepe, \u00c1ngela\u00a0\u00a0 Medina Medina, Alejandro\u00a0 Ramos Maestre, Sergio Comisi\u00f3n de Investigaci\u00f3n y Tercer ciclo Aladro Prieto, Jos\u00e9 Manuel Cabeza La\u00ednez, Jos\u00e9 Mar\u00eda Carrascal P\u00e9rez, Mar\u00eda Fernanda Garc\u00eda de Casasola G\u00f3mez, Marta Mosquera Adell, Eduardo Gonz\u00e1lez Arques, Mar\u00eda Soledad Comisi\u00f3n de Econom\u00eda e [&hellip;]","og_url":"https:\/\/departamento.us.es\/newhtcaetsa\/comisiones-departamentales\/","og_site_name":"Departamento de Historia, Teor\u00eda y Composici\u00f3n Arquitect\u00f3nicas","article_modified_time":"2025-12-05T10:25:21+00:00","twitter_card":"summary_large_image","twitter_misc":{"Tiempo de lectura":"1 minuto"},"schema":{"@context":"https:\/\/schema.org","@graph":[{"@type":"WebPage","@id":"https:\/\/departamento.us.es\/newhtcaetsa\/comisiones-departamentales\/","url":"https:\/\/departamento.us.es\/newhtcaetsa\/comisiones-departamentales\/","name":"Comisiones Departamentales - Departamento de Historia, Teor\u00eda y Composici\u00f3n Arquitect\u00f3nicas","isPartOf":{"@id":"https:\/\/departamento.us.es\/newhtcaetsa\/#website"},"datePublished":"2023-01-10T11:27:00+00:00","dateModified":"2025-12-05T10:25:21+00:00","inLanguage":"es","potentialAction":[{"@type":"ReadAction","target":["https:\/\/departamento.us.es\/newhtcaetsa\/comisiones-departamentales\/"]}]},{"@type":"WebSite","@id":"https:\/\/departamento.us.es\/newhtcaetsa\/#website","url":"https:\/\/departamento.us.es\/newhtcaetsa\/","name":"Departamento de Historia, Teor\u00eda y Composici\u00f3n Arquitect\u00f3nicas","description":"Universidad de Sevilla","publisher":{"@id":"https:\/\/departamento.us.es\/newhtcaetsa\/#organization"},"potentialAction":[{"@type":"SearchAction","target":{"@type":"EntryPoint","urlTemplate":"https:\/\/departamento.us.es\/newhtcaetsa\/?s={search_term_string}"},"query-input":{"@type":"PropertyValueSpecification","valueRequired":true,"valueName":"search_term_string"}}],"inLanguage":"es"},{"@type":"Organization","@id":"https:\/\/departamento.us.es\/newhtcaetsa\/#organization","name":"Departamento de Historia, Teor\u00eda y Composici\u00f3n Arquitect\u00f3nicas","url":"https:\/\/departamento.us.es\/newhtcaetsa\/","logo":{"@type":"ImageObject","inLanguage":"es","@id":"https:\/\/departamento.us.es\/newhtcaetsa\/#\/schema\/logo\/image\/","url":"https:\/\/departamento.us.es\/htcaetsa\/wp-content\/uploads\/2022\/03\/US-marca-digital-cuadrada-100.webp","contentUrl":"https:\/\/departamento.us.es\/htcaetsa\/wp-content\/uploads\/2022\/03\/US-marca-digital-cuadrada-100.webp","width":100,"height":103,"caption":"Departamento de Historia, Teor\u00eda y Composici\u00f3n Arquitect\u00f3nicas"},"image":{"@id":"https:\/\/departamento.us.es\/newhtcaetsa\/#\/schema\/logo\/image\/"}}]}},"_links":{"self":[{"href":"https:\/\/departamento.us.es\/htcaetsa\/wp-json\/wp\/v2\/pages\/1422","targetHints":{"allow":["GET"]}}],"collection":[{"href":"https:\/\/departamento.us.es\/htcaetsa\/wp-json\/wp\/v2\/pages"}],"about":[{"href":"https:\/\/departamento.us.es\/htcaetsa\/wp-json\/wp\/v2\/types\/page"}],"author":[{"embeddable":true,"href":"https:\/\/departamento.us.es\/htcaetsa\/wp-json\/wp\/v2\/users\/1"}],"replies":[{"embeddable":true,"href":"https:\/\/departamento.us.es\/htcaetsa\/wp-json\/wp\/v2\/comments?post=1422"}],"version-history":[{"count":0,"href":"https:\/\/departamento.us.es\/htcaetsa\/wp-json\/wp\/v2\/pages\/1422\/revisions"}],"wp:attachment":[{"href":"https:\/\/departamento.us.es\/htcaetsa\/wp-json\/wp\/v2\/media?parent=1422"}],"curies":[{"name":"wp","href":"https:\/\/api.w.org\/{rel}","templated":true}]}}