{"id":1439,"date":"2023-01-10T11:32:23","date_gmt":"2023-01-10T11:32:23","guid":{"rendered":"https:\/\/departamento.us.es\/newhtcaetsa\/?page_id=1439"},"modified":"2026-01-09T20:20:29","modified_gmt":"2026-01-09T20:20:29","slug":"master-universitario-en-arquitectura","status":"publish","type":"page","link":"https:\/\/departamento.us.es\/htcaetsa\/master-universitario-en-arquitectura\/","title":{"rendered":"M\u00e1ster Universitario en Arquitectura"},"content":{"rendered":"\t\t<div data-elementor-type=\"wp-page\" data-elementor-id=\"1439\" class=\"elementor elementor-1439\" data-elementor-post-type=\"page\">\n\t\t\t\t<div class=\"elementor-element elementor-element-a82e54c e-flex e-con-boxed elementor-invisible e-con e-parent\" data-id=\"a82e54c\" data-element_type=\"container\" data-e-type=\"container\" data-settings=\"{&quot;animation&quot;:&quot;fadeIn&quot;}\">\n\t\t\t\t\t<div class=\"e-con-inner\">\n\t\t<div class=\"elementor-element elementor-element-7128440 e-con-full e-flex e-con e-child\" data-id=\"7128440\" data-element_type=\"container\" data-e-type=\"container\">\n\t\t\t\t<div class=\"elementor-element elementor-element-ded6c00 elementor-widget elementor-widget-heading\" data-id=\"ded6c00\" data-element_type=\"widget\" data-e-type=\"widget\" data-widget_type=\"heading.default\">\n\t\t\t\t<div class=\"elementor-widget-container\">\n\t\t\t\t\t<h3 class=\"elementor-heading-title elementor-size-medium\">Asignaturas<\/h3>\t\t\t\t<\/div>\n\t\t\t\t<\/div>\n\t\t\t\t<div class=\"elementor-element elementor-element-266725e elementor-tabs-view-horizontal elementor-widget elementor-widget-tabs\" data-id=\"266725e\" data-element_type=\"widget\" data-e-type=\"widget\" data-widget_type=\"tabs.default\">\n\t\t\t\t<div class=\"elementor-widget-container\">\n\t\t\t\t\t\t\t<div class=\"elementor-tabs\">\n\t\t\t<div class=\"elementor-tabs-wrapper\" role=\"tablist\" >\n\t\t\t\t\t\t\t\t\t<div id=\"elementor-tab-title-4021\" class=\"elementor-tab-title elementor-tab-desktop-title\" aria-selected=\"true\" data-tab=\"1\" role=\"tab\" tabindex=\"0\" aria-controls=\"elementor-tab-content-4021\" aria-expanded=\"false\">1er Curso<\/div>\n\t\t\t\t\t\t\t<\/div>\n\t\t\t<div class=\"elementor-tabs-content-wrapper\" role=\"tablist\" aria-orientation=\"vertical\">\n\t\t\t\t\t\t\t\t\t<div class=\"elementor-tab-title elementor-tab-mobile-title\" aria-selected=\"true\" data-tab=\"1\" role=\"tab\" tabindex=\"0\" aria-controls=\"elementor-tab-content-4021\" aria-expanded=\"false\">1er Curso<\/div>\n\t\t\t\t\t<div id=\"elementor-tab-content-4021\" class=\"elementor-tab-content elementor-clearfix\" data-tab=\"1\" role=\"tabpanel\" aria-labelledby=\"elementor-tab-title-4021\" tabindex=\"0\" hidden=\"false\"><table style=\"width: 100%; border-collapse: collapse; border-style: hidden; height: 161px;\"><tbody><tr style=\"height: 161px;\"><td style=\"width: 50%; height: 161px;\"><h6><span style=\"font-size: 12pt;\"><strong>1ER CUATRIMESTRE<\/strong><\/span><\/h6><p><strong>Proyectos Avanzados en Arquitectura\u00a0<\/strong><br \/><span style=\"font-size: 12pt;\">Obligatoria\u00a0<br \/><\/span><a href=\"https:\/\/departamento.us.es\/htcaetsa\/proyectos-avanzados-en-arquitectura\/\" target=\"_blank\" rel=\"noopener\"><span style=\"color: #bc042e;\">(+)<\/span><\/a><\/p><\/td><td style=\"width: 50%; border-style: hidden; height: 161px;\"><h6><span style=\"font-size: 12pt;\"><strong>ANUAL\u00a0 \u00a0<\/strong><\/span><\/h6><p><strong>Proyecto Fin de Carrera<\/strong><br \/><span style=\"font-size: 12pt;\">Proyecto Fin de M\u00e1ster<br \/><\/span><a href=\"https:\/\/departamento.us.es\/htcaetsa\/proyecto-fin-de-carrera\/\" target=\"_blank\" rel=\"noopener\"><span style=\"color: #bc042e;\">(+)<\/span><\/a><\/p><\/td><\/tr><\/tbody><\/table><\/div>\n\t\t\t\t\t\t\t<\/div>\n\t\t<\/div>\n\t\t\t\t\t\t<\/div>\n\t\t\t\t<\/div>\n\t\t\t\t<\/div>\n\t\t\t\t\t<\/div>\n\t\t\t\t<\/div>\n\t\t\t\t<\/div>\n\t\t","protected":false},"excerpt":{"rendered":"<p>Asignaturas 1er Curso 1er Curso 1ER CUATRIMESTRE Proyectos Avanzados en Arquitectura\u00a0Obligatoria\u00a0(+) ANUAL\u00a0 \u00a0 Proyecto Fin de CarreraProyecto Fin de M\u00e1ster(+)<\/p>\n","protected":false},"author":1,"featured_media":0,"parent":0,"menu_order":0,"comment_status":"closed","ping_status":"closed","template":"","meta":{"_acf_changed":false,"footnotes":""},"class_list":["post-1439","page","type-page","status-publish","hentry"],"acf":[],"yoast_head":"<!-- This site is optimized with the Yoast SEO plugin v27.4 - https:\/\/yoast.com\/product\/yoast-seo-wordpress\/ -->\n<title>M\u00e1ster Universitario en Arquitectura - Departamento de Historia, Teor\u00eda y Composici\u00f3n Arquitect\u00f3nicas<\/title>\n<meta name=\"robots\" content=\"index, follow, max-snippet:-1, max-image-preview:large, max-video-preview:-1\" \/>\n<link rel=\"canonical\" href=\"https:\/\/departamento.us.es\/htcaetsa\/master-universitario-en-arquitectura\/\" \/>\n<meta property=\"og:locale\" content=\"es_ES\" \/>\n<meta property=\"og:type\" content=\"article\" \/>\n<meta property=\"og:title\" content=\"M\u00e1ster Universitario en Arquitectura - Departamento de Historia, Teor\u00eda y Composici\u00f3n Arquitect\u00f3nicas\" \/>\n<meta property=\"og:description\" content=\"Asignaturas 1er Curso 1er Curso 1ER CUATRIMESTRE Proyectos Avanzados en Arquitectura\u00a0Obligatoria\u00a0(+) ANUAL\u00a0 \u00a0 Proyecto Fin de CarreraProyecto Fin de M\u00e1ster(+)\" \/>\n<meta property=\"og:url\" content=\"https:\/\/departamento.us.es\/htcaetsa\/master-universitario-en-arquitectura\/\" \/>\n<meta property=\"og:site_name\" content=\"Departamento de Historia, Teor\u00eda y Composici\u00f3n Arquitect\u00f3nicas\" \/>\n<meta property=\"article:modified_time\" content=\"2026-01-09T20:20:29+00:00\" \/>\n<meta name=\"twitter:card\" content=\"summary_large_image\" \/>\n<meta name=\"twitter:label1\" content=\"Tiempo de lectura\" \/>\n\t<meta name=\"twitter:data1\" content=\"1 minuto\" \/>\n<script type=\"application\/ld+json\" class=\"yoast-schema-graph\">{\"@context\":\"https:\\\/\\\/schema.org\",\"@graph\":[{\"@type\":\"WebPage\",\"@id\":\"https:\\\/\\\/departamento.us.es\\\/htcaetsa\\\/master-universitario-en-arquitectura\\\/\",\"url\":\"https:\\\/\\\/departamento.us.es\\\/htcaetsa\\\/master-universitario-en-arquitectura\\\/\",\"name\":\"M\u00e1ster Universitario en Arquitectura - Departamento de Historia, Teor\u00eda y Composici\u00f3n Arquitect\u00f3nicas\",\"isPartOf\":{\"@id\":\"https:\\\/\\\/departamento.us.es\\\/newhtcaetsa\\\/#website\"},\"datePublished\":\"2023-01-10T11:32:23+00:00\",\"dateModified\":\"2026-01-09T20:20:29+00:00\",\"inLanguage\":\"es\",\"potentialAction\":[{\"@type\":\"ReadAction\",\"target\":[\"https:\\\/\\\/departamento.us.es\\\/htcaetsa\\\/master-universitario-en-arquitectura\\\/\"]}]},{\"@type\":\"WebSite\",\"@id\":\"https:\\\/\\\/departamento.us.es\\\/newhtcaetsa\\\/#website\",\"url\":\"https:\\\/\\\/departamento.us.es\\\/newhtcaetsa\\\/\",\"name\":\"Departamento de Historia, Teor\u00eda y Composici\u00f3n Arquitect\u00f3nicas\",\"description\":\"Universidad de Sevilla\",\"publisher\":{\"@id\":\"https:\\\/\\\/departamento.us.es\\\/newhtcaetsa\\\/#organization\"},\"potentialAction\":[{\"@type\":\"SearchAction\",\"target\":{\"@type\":\"EntryPoint\",\"urlTemplate\":\"https:\\\/\\\/departamento.us.es\\\/newhtcaetsa\\\/?s={search_term_string}\"},\"query-input\":{\"@type\":\"PropertyValueSpecification\",\"valueRequired\":true,\"valueName\":\"search_term_string\"}}],\"inLanguage\":\"es\"},{\"@type\":\"Organization\",\"@id\":\"https:\\\/\\\/departamento.us.es\\\/newhtcaetsa\\\/#organization\",\"name\":\"Departamento de Historia, Teor\u00eda y Composici\u00f3n Arquitect\u00f3nicas\",\"url\":\"https:\\\/\\\/departamento.us.es\\\/newhtcaetsa\\\/\",\"logo\":{\"@type\":\"ImageObject\",\"inLanguage\":\"es\",\"@id\":\"https:\\\/\\\/departamento.us.es\\\/newhtcaetsa\\\/#\\\/schema\\\/logo\\\/image\\\/\",\"url\":\"https:\\\/\\\/departamento.us.es\\\/htcaetsa\\\/wp-content\\\/uploads\\\/2022\\\/03\\\/US-marca-digital-cuadrada-100.webp\",\"contentUrl\":\"https:\\\/\\\/departamento.us.es\\\/htcaetsa\\\/wp-content\\\/uploads\\\/2022\\\/03\\\/US-marca-digital-cuadrada-100.webp\",\"width\":100,\"height\":103,\"caption\":\"Departamento de Historia, Teor\u00eda y Composici\u00f3n Arquitect\u00f3nicas\"},\"image\":{\"@id\":\"https:\\\/\\\/departamento.us.es\\\/newhtcaetsa\\\/#\\\/schema\\\/logo\\\/image\\\/\"}}]}<\/script>\n<!-- \/ Yoast SEO plugin. -->","yoast_head_json":{"title":"M\u00e1ster Universitario en Arquitectura - Departamento de Historia, Teor\u00eda y Composici\u00f3n Arquitect\u00f3nicas","robots":{"index":"index","follow":"follow","max-snippet":"max-snippet:-1","max-image-preview":"max-image-preview:large","max-video-preview":"max-video-preview:-1"},"canonical":"https:\/\/departamento.us.es\/htcaetsa\/master-universitario-en-arquitectura\/","og_locale":"es_ES","og_type":"article","og_title":"M\u00e1ster Universitario en Arquitectura - Departamento de Historia, Teor\u00eda y Composici\u00f3n Arquitect\u00f3nicas","og_description":"Asignaturas 1er Curso 1er Curso 1ER CUATRIMESTRE Proyectos Avanzados en Arquitectura\u00a0Obligatoria\u00a0(+) ANUAL\u00a0 \u00a0 Proyecto Fin de CarreraProyecto Fin de M\u00e1ster(+)","og_url":"https:\/\/departamento.us.es\/htcaetsa\/master-universitario-en-arquitectura\/","og_site_name":"Departamento de Historia, Teor\u00eda y Composici\u00f3n Arquitect\u00f3nicas","article_modified_time":"2026-01-09T20:20:29+00:00","twitter_card":"summary_large_image","twitter_misc":{"Tiempo de lectura":"1 minuto"},"schema":{"@context":"https:\/\/schema.org","@graph":[{"@type":"WebPage","@id":"https:\/\/departamento.us.es\/htcaetsa\/master-universitario-en-arquitectura\/","url":"https:\/\/departamento.us.es\/htcaetsa\/master-universitario-en-arquitectura\/","name":"M\u00e1ster Universitario en Arquitectura - Departamento de Historia, Teor\u00eda y Composici\u00f3n Arquitect\u00f3nicas","isPartOf":{"@id":"https:\/\/departamento.us.es\/newhtcaetsa\/#website"},"datePublished":"2023-01-10T11:32:23+00:00","dateModified":"2026-01-09T20:20:29+00:00","inLanguage":"es","potentialAction":[{"@type":"ReadAction","target":["https:\/\/departamento.us.es\/htcaetsa\/master-universitario-en-arquitectura\/"]}]},{"@type":"WebSite","@id":"https:\/\/departamento.us.es\/newhtcaetsa\/#website","url":"https:\/\/departamento.us.es\/newhtcaetsa\/","name":"Departamento de Historia, Teor\u00eda y Composici\u00f3n Arquitect\u00f3nicas","description":"Universidad de Sevilla","publisher":{"@id":"https:\/\/departamento.us.es\/newhtcaetsa\/#organization"},"potentialAction":[{"@type":"SearchAction","target":{"@type":"EntryPoint","urlTemplate":"https:\/\/departamento.us.es\/newhtcaetsa\/?s={search_term_string}"},"query-input":{"@type":"PropertyValueSpecification","valueRequired":true,"valueName":"search_term_string"}}],"inLanguage":"es"},{"@type":"Organization","@id":"https:\/\/departamento.us.es\/newhtcaetsa\/#organization","name":"Departamento de Historia, Teor\u00eda y Composici\u00f3n Arquitect\u00f3nicas","url":"https:\/\/departamento.us.es\/newhtcaetsa\/","logo":{"@type":"ImageObject","inLanguage":"es","@id":"https:\/\/departamento.us.es\/newhtcaetsa\/#\/schema\/logo\/image\/","url":"https:\/\/departamento.us.es\/htcaetsa\/wp-content\/uploads\/2022\/03\/US-marca-digital-cuadrada-100.webp","contentUrl":"https:\/\/departamento.us.es\/htcaetsa\/wp-content\/uploads\/2022\/03\/US-marca-digital-cuadrada-100.webp","width":100,"height":103,"caption":"Departamento de Historia, Teor\u00eda y Composici\u00f3n Arquitect\u00f3nicas"},"image":{"@id":"https:\/\/departamento.us.es\/newhtcaetsa\/#\/schema\/logo\/image\/"}}]}},"_links":{"self":[{"href":"https:\/\/departamento.us.es\/htcaetsa\/wp-json\/wp\/v2\/pages\/1439","targetHints":{"allow":["GET"]}}],"collection":[{"href":"https:\/\/departamento.us.es\/htcaetsa\/wp-json\/wp\/v2\/pages"}],"about":[{"href":"https:\/\/departamento.us.es\/htcaetsa\/wp-json\/wp\/v2\/types\/page"}],"author":[{"embeddable":true,"href":"https:\/\/departamento.us.es\/htcaetsa\/wp-json\/wp\/v2\/users\/1"}],"replies":[{"embeddable":true,"href":"https:\/\/departamento.us.es\/htcaetsa\/wp-json\/wp\/v2\/comments?post=1439"}],"version-history":[{"count":0,"href":"https:\/\/departamento.us.es\/htcaetsa\/wp-json\/wp\/v2\/pages\/1439\/revisions"}],"wp:attachment":[{"href":"https:\/\/departamento.us.es\/htcaetsa\/wp-json\/wp\/v2\/media?parent=1439"}],"curies":[{"name":"wp","href":"https:\/\/api.w.org\/{rel}","templated":true}]}}