{"id":135,"date":"2024-12-03T13:24:33","date_gmt":"2024-12-03T12:24:33","guid":{"rendered":"https:\/\/grupo.us.es\/medievalcth\/?page_id=135"},"modified":"2024-12-03T13:24:33","modified_gmt":"2024-12-03T12:24:33","slug":"sociedades-y-fundaciones","status":"publish","type":"page","link":"https:\/\/departamento.us.es\/medievalcth\/?page_id=135","title":{"rendered":"Sociedades y Fundaciones"},"content":{"rendered":"\n<h3 class=\"wp-block-heading\">SOCIEDADES Y FUNDACIONES<\/h3>\n\n\n\n<ul class=\"wp-block-list\"><li><a href=\"https:\/\/www.ub.edu\/ardit\/\" target=\"_blank\" rel=\"noreferrer noopener\">ARDIT<\/a><\/li><li><a href=\"https:\/\/sites.google.com\/site\/acalmudayna\/\" target=\"_blank\" rel=\"noreferrer noopener\">Asociaci\u00f3n Cultural Almudayna&nbsp;\u00b7 Universidad Complutense de Madrid<\/a><\/li><li><a href=\"https:\/\/www.aeam.es\/\" target=\"_blank\" rel=\"noreferrer noopener\">Asociaci\u00f3n Espa\u00f1ola de Arqueolog\u00eda Medieval<\/a><\/li><li><a href=\"https:\/\/aeehj.net\/\" target=\"_blank\" rel=\"noreferrer noopener\">Asociaci\u00f3n Espa\u00f1ola de Estudios Hebreos y Jud\u00edos<\/a><\/li><li><a href=\"https:\/\/www.aeihm.org\/\" target=\"_blank\" rel=\"noreferrer noopener\">Asociaci\u00f3n Espa\u00f1ola de Estudios de Historia de las Mujeres<\/a><\/li><li><a href=\"https:\/\/www.aehe.es\/\" target=\"_blank\" rel=\"noreferrer noopener\">Asociaci\u00f3n Espa\u00f1ola de Historia Econ\u00f3mica<\/a><\/li><li><a href=\"https:\/\/www.ahlm.es\/\" target=\"_blank\" rel=\"noreferrer noopener\">Asociaci\u00f3n Hisp\u00e1nica de Literatura Medieval<\/a><\/li><li><a href=\"https:\/\/aihmilitar.wixsite.com\/site\" target=\"_blank\" rel=\"noreferrer noopener\">Asociaci\u00f3n Ib\u00e9rica de Historia Militar<\/a><\/li><li>Cabildo de Pedro I<\/li><li><a href=\"https:\/\/www.legadoandalusi.es\/\" target=\"_blank\" rel=\"noreferrer noopener\">Fundaci\u00f3n El Legado Andalus\u00ed&nbsp;<\/a>\u00b7 Granada<\/li><li><a href=\"https:\/\/www.ibntufayl.org\/\" target=\"_blank\" rel=\"noreferrer noopener\">Fundaci\u00f3n Ibn Tufayl de Estudios \u00c1rabes<\/a>&nbsp;\u00b7 Almer\u00eda<\/li><li><a href=\"https:\/\/www.fsancho-sabio.es\/\" target=\"_blank\" rel=\"noreferrer noopener\">Fundaci\u00f3n Sancho el Sabio<\/a>&nbsp;\u00b7 Vitoria<\/li><li><a href=\"https:\/\/www.fundacionoguera.com\/\" target=\"_blank\" rel=\"noreferrer noopener\">Fundaci\u00f3 Noguera&nbsp;<\/a>\u00b7 Barcelona<\/li><li><a href=\"https:\/\/www.sehn.org.es\/\" target=\"_blank\" rel=\"noreferrer noopener\">Sociedad de Estudios Historicos de Navarra<\/a>&nbsp;\u00b7 Pamplona<\/li><li><a href=\"https:\/\/www.la-semyr.es\/\" target=\"_blank\" rel=\"noreferrer noopener\">Sociedad de Estudios Medievales y Renacentistas<\/a><\/li><li><a href=\"https:\/\/sofime.eu\/\" target=\"_blank\" rel=\"noreferrer noopener\">Sociedad de Filosof\u00eda Medieval&nbsp;\u00b7 Zaragoza<\/a><\/li><li><a href=\"https:\/\/www.cartulario.es\/\" target=\"_blank\" rel=\"noreferrer noopener\">Sociedad Espa\u00f1ola de Ciencias y T\u00e9cnicas Historiogr\u00e1ficas<\/a><\/li><li><a href=\"https:\/\/www.estudiosarabes.org\/\" target=\"_blank\" rel=\"noreferrer noopener\">Sociedad Espa\u00f1ola de Estudios \u00c1rabes<\/a><\/li><li><a href=\"https:\/\/www.medievalistas.es\/\" target=\"_blank\" rel=\"noreferrer noopener\">Sociedad Espa\u00f1ola de Estudios Medievales<\/a><\/li><li><a href=\"https:\/\/seha.info\/\" target=\"_blank\" rel=\"noreferrer noopener\">Sociedad Espa\u00f1ola de Historia Agraria<\/a><\/li><li><a href=\"https:\/\/www.unioviedo.es\/SELIM\/\" target=\"_blank\" rel=\"noreferrer noopener\">Sociedad Espa\u00f1ola de Lengua y Literatura Inglesa Medieval<\/a><\/li><li><a href=\"https:\/\/blogs.iec.cat\/scehb\/\" target=\"_blank\" rel=\"noreferrer noopener\">Societat Catalana d&#8217;Estudis Hebr\u00e0ics<\/a><\/li><\/ul>\n","protected":false},"excerpt":{"rendered":"<p>SOCIEDADES Y FUNDACIONES ARDIT Asociaci\u00f3n Cultural Almudayna&nbsp;\u00b7 Universidad Complutense de Madrid Asociaci\u00f3n Espa\u00f1ola de Arqueolog\u00eda Medieval Asociaci\u00f3n Espa\u00f1ola de Estudios Hebreos y Jud\u00edos Asociaci\u00f3n Espa\u00f1ola de Estudios de Historia de las Mujeres Asociaci\u00f3n Espa\u00f1ola de Historia Econ\u00f3mica Asociaci\u00f3n Hisp\u00e1nica de Literatura Medieval Asociaci\u00f3n Ib\u00e9rica de Historia Militar Cabildo de Pedro I Fundaci\u00f3n El Legado Andalus\u00ed&nbsp;\u00b7 [&hellip;]<\/p>\n","protected":false},"author":2,"featured_media":0,"parent":0,"menu_order":0,"comment_status":"closed","ping_status":"closed","template":"","meta":{"footnotes":""},"class_list":["post-135","page","type-page","status-publish","hentry"],"_links":{"self":[{"href":"https:\/\/departamento.us.es\/medievalcth\/index.php?rest_route=\/wp\/v2\/pages\/135","targetHints":{"allow":["GET"]}}],"collection":[{"href":"https:\/\/departamento.us.es\/medievalcth\/index.php?rest_route=\/wp\/v2\/pages"}],"about":[{"href":"https:\/\/departamento.us.es\/medievalcth\/index.php?rest_route=\/wp\/v2\/types\/page"}],"author":[{"embeddable":true,"href":"https:\/\/departamento.us.es\/medievalcth\/index.php?rest_route=\/wp\/v2\/users\/2"}],"replies":[{"embeddable":true,"href":"https:\/\/departamento.us.es\/medievalcth\/index.php?rest_route=%2Fwp%2Fv2%2Fcomments&post=135"}],"version-history":[{"count":1,"href":"https:\/\/departamento.us.es\/medievalcth\/index.php?rest_route=\/wp\/v2\/pages\/135\/revisions"}],"predecessor-version":[{"id":136,"href":"https:\/\/departamento.us.es\/medievalcth\/index.php?rest_route=\/wp\/v2\/pages\/135\/revisions\/136"}],"wp:attachment":[{"href":"https:\/\/departamento.us.es\/medievalcth\/index.php?rest_route=%2Fwp%2Fv2%2Fmedia&parent=135"}],"curies":[{"name":"wp","href":"https:\/\/api.w.org\/{rel}","templated":true}]}}