{"id":2181,"date":"2023-03-08T10:58:33","date_gmt":"2023-03-08T10:58:33","guid":{"rendered":"https:\/\/departamento.us.es\/psieved\/?page_id=2181"},"modified":"2026-03-16T13:15:44","modified_gmt":"2026-03-16T13:15:44","slug":"organigrama","status":"publish","type":"page","link":"https:\/\/departamento.us.es\/psieved\/organigrama\/","title":{"rendered":"Organigrama"},"content":{"rendered":"<h3>Departamento de Psicolog\u00eda Evolutiva y de la Educaci\u00f3n<\/h3>\n<h6>Directora:<\/h6>\n<p>Dra. Isabel de los Reyes Rodr\u00edguez Ortiz<\/p>\n<h6>Secretaria:<\/h6>\n<p>Dra. M\u00f3nica Ojeda P\u00e9rez<\/p>\n<h5>Personal de Administraci\u00f3n y servicios<\/h5>\n<h6>Gestor:<\/h6>\n<p>D. Ra\u00fal Barrios Rodr\u00edguez<\/p>\n<h6>Admin:<\/h6>\n<p>D\u00aa Manuela Santacruz Becerra<\/p>\n<h6>Correo Administraci\u00f3n:<\/h6>\n<p><a href=\"mailto:dpee@us.es\">dpee@us.es<\/a><\/p>\n<h5>Comisiones (En costrucci\u00f3n)<\/h5>\n","protected":false},"excerpt":{"rendered":"<p>Departamento de Psicolog\u00eda Evolutiva y de la Educaci\u00f3n Directora: Dra. Isabel de los Reyes Rodr\u00edguez Ortiz Secretaria: Dra. M\u00f3nica Ojeda<\/p>\n","protected":false},"author":2,"featured_media":0,"parent":0,"menu_order":0,"comment_status":"closed","ping_status":"closed","template":"","meta":{"footnotes":""},"class_list":["post-2181","page","type-page","status-publish","hentry"],"yoast_head":"<!-- This site is optimized with the Yoast SEO plugin v21.9.1 - https:\/\/yoast.com\/wordpress\/plugins\/seo\/ -->\n<title>Organigrama - Departamento de Psicolog\u00eda Evolutiva y de la Educaci\u00f3n<\/title>\n<meta name=\"robots\" content=\"index, follow, max-snippet:-1, max-image-preview:large, max-video-preview:-1\" \/>\n<link rel=\"canonical\" href=\"https:\/\/departamento.us.es\/psieved\/organigrama\/\" \/>\n<meta property=\"og:locale\" content=\"es_ES\" \/>\n<meta property=\"og:type\" content=\"article\" \/>\n<meta property=\"og:title\" content=\"Organigrama - Departamento de Psicolog\u00eda Evolutiva y de la Educaci\u00f3n\" \/>\n<meta property=\"og:description\" content=\"Departamento de Psicolog\u00eda Evolutiva y de la Educaci\u00f3n Directora: Dra. Isabel de los Reyes Rodr\u00edguez Ortiz Secretaria: Dra. M\u00f3nica Ojeda\" \/>\n<meta property=\"og:url\" content=\"https:\/\/departamento.us.es\/psieved\/organigrama\/\" \/>\n<meta property=\"og:site_name\" content=\"Departamento de Psicolog\u00eda Evolutiva y de la Educaci\u00f3n\" \/>\n<meta property=\"article:modified_time\" content=\"2026-03-16T13:15:44+00:00\" \/>\n<meta name=\"twitter:card\" content=\"summary_large_image\" \/>\n<meta name=\"twitter:label1\" content=\"Tiempo de lectura\" \/>\n\t<meta name=\"twitter:data1\" content=\"1 minuto\" \/>\n<script type=\"application\/ld+json\" class=\"yoast-schema-graph\">{\"@context\":\"https:\/\/schema.org\",\"@graph\":[{\"@type\":\"WebPage\",\"@id\":\"https:\/\/departamento.us.es\/psieved\/organigrama\/\",\"url\":\"https:\/\/departamento.us.es\/psieved\/organigrama\/\",\"name\":\"Organigrama - Departamento de Psicolog\u00eda Evolutiva y de la Educaci\u00f3n\",\"isPartOf\":{\"@id\":\"https:\/\/departamento.us.es\/psieved\/#website\"},\"datePublished\":\"2023-03-08T10:58:33+00:00\",\"dateModified\":\"2026-03-16T13:15:44+00:00\",\"inLanguage\":\"es\",\"potentialAction\":[{\"@type\":\"ReadAction\",\"target\":[\"https:\/\/departamento.us.es\/psieved\/organigrama\/\"]}]},{\"@type\":\"WebSite\",\"@id\":\"https:\/\/departamento.us.es\/psieved\/#website\",\"url\":\"https:\/\/departamento.us.es\/psieved\/\",\"name\":\"Departamento de Psicolog\u00eda Evolutiva y de la Educaci\u00f3n\",\"description\":\"Universidad de Sevilla\",\"potentialAction\":[{\"@type\":\"SearchAction\",\"target\":{\"@type\":\"EntryPoint\",\"urlTemplate\":\"https:\/\/departamento.us.es\/psieved\/?s={search_term_string}\"},\"query-input\":\"required name=search_term_string\"}],\"inLanguage\":\"es\"}]}<\/script>\n<!-- \/ Yoast SEO plugin. -->","yoast_head_json":{"title":"Organigrama - Departamento de Psicolog\u00eda Evolutiva y de la Educaci\u00f3n","robots":{"index":"index","follow":"follow","max-snippet":"max-snippet:-1","max-image-preview":"max-image-preview:large","max-video-preview":"max-video-preview:-1"},"canonical":"https:\/\/departamento.us.es\/psieved\/organigrama\/","og_locale":"es_ES","og_type":"article","og_title":"Organigrama - Departamento de Psicolog\u00eda Evolutiva y de la Educaci\u00f3n","og_description":"Departamento de Psicolog\u00eda Evolutiva y de la Educaci\u00f3n Directora: Dra. Isabel de los Reyes Rodr\u00edguez Ortiz Secretaria: Dra. M\u00f3nica Ojeda","og_url":"https:\/\/departamento.us.es\/psieved\/organigrama\/","og_site_name":"Departamento de Psicolog\u00eda Evolutiva y de la Educaci\u00f3n","article_modified_time":"2026-03-16T13:15:44+00:00","twitter_card":"summary_large_image","twitter_misc":{"Tiempo de lectura":"1 minuto"},"schema":{"@context":"https:\/\/schema.org","@graph":[{"@type":"WebPage","@id":"https:\/\/departamento.us.es\/psieved\/organigrama\/","url":"https:\/\/departamento.us.es\/psieved\/organigrama\/","name":"Organigrama - Departamento de Psicolog\u00eda Evolutiva y de la Educaci\u00f3n","isPartOf":{"@id":"https:\/\/departamento.us.es\/psieved\/#website"},"datePublished":"2023-03-08T10:58:33+00:00","dateModified":"2026-03-16T13:15:44+00:00","inLanguage":"es","potentialAction":[{"@type":"ReadAction","target":["https:\/\/departamento.us.es\/psieved\/organigrama\/"]}]},{"@type":"WebSite","@id":"https:\/\/departamento.us.es\/psieved\/#website","url":"https:\/\/departamento.us.es\/psieved\/","name":"Departamento de Psicolog\u00eda Evolutiva y de la Educaci\u00f3n","description":"Universidad de Sevilla","potentialAction":[{"@type":"SearchAction","target":{"@type":"EntryPoint","urlTemplate":"https:\/\/departamento.us.es\/psieved\/?s={search_term_string}"},"query-input":"required name=search_term_string"}],"inLanguage":"es"}]}},"_links":{"self":[{"href":"https:\/\/departamento.us.es\/psieved\/wp-json\/wp\/v2\/pages\/2181","targetHints":{"allow":["GET"]}}],"collection":[{"href":"https:\/\/departamento.us.es\/psieved\/wp-json\/wp\/v2\/pages"}],"about":[{"href":"https:\/\/departamento.us.es\/psieved\/wp-json\/wp\/v2\/types\/page"}],"author":[{"embeddable":true,"href":"https:\/\/departamento.us.es\/psieved\/wp-json\/wp\/v2\/users\/2"}],"replies":[{"embeddable":true,"href":"https:\/\/departamento.us.es\/psieved\/wp-json\/wp\/v2\/comments?post=2181"}],"version-history":[{"count":0,"href":"https:\/\/departamento.us.es\/psieved\/wp-json\/wp\/v2\/pages\/2181\/revisions"}],"wp:attachment":[{"href":"https:\/\/departamento.us.es\/psieved\/wp-json\/wp\/v2\/media?parent=2181"}],"curies":[{"name":"wp","href":"https:\/\/api.w.org\/{rel}","templated":true}]}}