{"id":2653,"date":"2023-10-03T10:30:36","date_gmt":"2023-10-03T10:30:36","guid":{"rendered":"https:\/\/departamento.us.es\/psocial\/?page_id=2653"},"modified":"2024-09-19T07:21:12","modified_gmt":"2024-09-19T07:21:12","slug":"saludo-de-la-direccion","status":"publish","type":"page","link":"https:\/\/departamento.us.es\/psocial\/saludo-de-la-direccion\/","title":{"rendered":"Saludo de la direcci\u00f3n"},"content":{"rendered":"\t\t<div data-elementor-type=\"wp-page\" data-elementor-id=\"2653\" class=\"elementor elementor-2653\" data-elementor-post-type=\"page\">\n\t\t\t\t<div class=\"elementor-element elementor-element-a6851dd e-flex e-con-boxed e-con e-parent\" data-id=\"a6851dd\" data-element_type=\"container\" data-e-type=\"container\">\n\t\t\t\t\t<div class=\"e-con-inner\">\n\t\t<div class=\"elementor-element elementor-element-483efec e-con-full e-flex e-con e-child\" data-id=\"483efec\" data-element_type=\"container\" data-e-type=\"container\">\n\t\t\t\t<div class=\"elementor-element elementor-element-d7daf47 elementor-widget elementor-widget-image\" data-id=\"d7daf47\" data-element_type=\"widget\" data-e-type=\"widget\" data-widget_type=\"image.default\">\n\t\t\t\t<div class=\"elementor-widget-container\">\n\t\t\t\t\t\t\t\t\t\t\t\t\t\t\t<img fetchpriority=\"high\" decoding=\"async\" width=\"1140\" height=\"400\" src=\"https:\/\/departamento.us.es\/psocial\/wp-content\/uploads\/2023\/10\/US-cabecera-centros-6-1.jpg\" class=\"attachment-full size-full wp-image-2717\" alt=\"\" srcset=\"https:\/\/departamento.us.es\/psocial\/wp-content\/uploads\/2023\/10\/US-cabecera-centros-6-1.jpg 1140w, https:\/\/departamento.us.es\/psocial\/wp-content\/uploads\/2023\/10\/US-cabecera-centros-6-1-300x105.jpg 300w, https:\/\/departamento.us.es\/psocial\/wp-content\/uploads\/2023\/10\/US-cabecera-centros-6-1-1024x359.jpg 1024w, https:\/\/departamento.us.es\/psocial\/wp-content\/uploads\/2023\/10\/US-cabecera-centros-6-1-768x269.jpg 768w\" sizes=\"(max-width: 1140px) 100vw, 1140px\" \/>\t\t\t\t\t\t\t\t\t\t\t\t\t\t\t<\/div>\n\t\t\t\t<\/div>\n\t\t\t\t<div class=\"elementor-element elementor-element-9603f61 elementor-widget elementor-widget-text-editor\" data-id=\"9603f61\" data-element_type=\"widget\" data-e-type=\"widget\" data-widget_type=\"text-editor.default\">\n\t\t\t\t<div class=\"elementor-widget-container\">\n\t\t\t\t\t\t\t\t\t<p>Bienvenidos a la p\u00e1gina web del Departamento de Psicolog\u00eda Social de la Universidad de Sevilla.<\/p><p>En nombre de todo el equipo del Departamento de Psicolog\u00eda Social de la Universidad de Sevilla, me complace enviarles un c\u00e1lido saludo desde nuestra comunidad acad\u00e9mica.<\/p><p>Impacto, liderazgo y compromiso con las personas son las tres palabras que definen nuestra labor diaria. Somos un equipo de personas altamente cualificadas que trabajamos incansablemente para transmitir la gran importancia de comprender los factores psicosociales que explican todas las facetas de la conducta humana individual, grupal, organizacional y social desde un enfoque integral.<\/p><p>En nuestra p\u00e1gina web, podr\u00e1n encontrar una representaci\u00f3n de todo lo que somos y hacemos realidad en el Departamento de Psicolog\u00eda Social. Nos enorgullece promocionar el bienestar, la sostenibilidad, la equidad y el empoderamiento de las personas a trav\u00e9s de nuestras investigaciones, proyectos y programas.<\/p><p>Nos esforzamos por marcar una diferencia tangible en la vida de las personas, y nuestra pasi\u00f3n por la Psicolog\u00eda Social nos impulsa a buscar constantemente nuevas formas de crear un impacto positivo en nuestra sociedad. En nuestra web, descubrir\u00e1n el fruto de nuestro compromiso con la comprensi\u00f3n de los aspectos psicosociales y su influencia en la vida cotidiana.<\/p><p>Sabemos lo importante que es tener acceso a informaci\u00f3n relevante y \u00fatil para tu experiencia acad\u00e9mica, y por eso hemos creado esta plataforma con el objetivo de brindarte todo lo que necesitas en un solo lugar: documentos, gu\u00edas, informes, publicaciones acad\u00e9micas, infograf\u00edas, etc., que te ayudar\u00e1n a ampliar tus conocimientos y estar al tanto de las \u00faltimas investigaciones y avances en nuestra \u00e1rea de estudio.<\/p><p>Asimismo, te proporcionaremos acceso a una amplia selecci\u00f3n de normativa, formularios e instrucciones, para que puedas realizar tr\u00e1mites administrativos de manera r\u00e1pida y sencilla. Ya sea que necesites: solicitar vinculaci\u00f3n con el departamento, gestionar estancias, solicitar permisos, etc., aqu\u00ed encontrar\u00e1s todo lo que necesitas para agilizar estos procesos. Si acabas de incorporarte, no dejes de consultar nuestro<a href=\"https:\/\/departamento.us.es\/psocial\/wp-content\/uploads\/2024\/09\/MANUAL-DE-BIENVENIDA.pdf\" target=\"_blank\" rel=\"noopener\"> manual de bienvenida<\/a>, que seguro que te ayudar\u00e1 a agilizar muchos procesos.<\/p><p>Adem\u00e1s, hemos recopilado enlaces \u00fatiles a otras instancias universitarias, como bibliotecas, centros de investigaci\u00f3n y servicios de apoyo estudiantil. De esta manera, podr\u00e1s acceder f\u00e1cilmente a recursos adicionales y aprovechar al m\u00e1ximo tu experiencia en nuestro departamento.<\/p><p>Te invitamos a explorar nuestro sitio y aprovechar al m\u00e1ximo todo lo que tenemos para ofrecerte. Estamos aqu\u00ed para ayudarte, para facilitar tu experiencia acad\u00e9mica y para que conozcas a nuestro equipo y nuestro trabajo. De esta forma comenzamos nuestro compromiso con el impacto positivo en la sociedad.<\/p><p>Atentamente,<\/p><p>El director del Departamento de Psicolog\u00eda Social de la Universidad de Sevilla<\/p>\t\t\t\t\t\t\t\t<\/div>\n\t\t\t\t<\/div>\n\t\t\t\t<\/div>\n\t\t\t\t\t<\/div>\n\t\t\t\t<\/div>\n\t\t\t\t<\/div>\n\t\t","protected":false},"excerpt":{"rendered":"<p>Bienvenidos a la p\u00e1gina web del Departamento de Psicolog\u00eda Social de la Universidad de Sevilla. En nombre de todo el equipo del Departamento de Psicolog\u00eda Social de la Universidad de Sevilla, me complace enviarles un c\u00e1lido saludo desde nuestra comunidad acad\u00e9mica. Impacto, liderazgo y compromiso con las personas son las tres palabras que definen nuestra [&hellip;]<\/p>\n","protected":false},"author":3,"featured_media":0,"parent":0,"menu_order":0,"comment_status":"closed","ping_status":"closed","template":"","meta":{"footnotes":""},"class_list":["post-2653","page","type-page","status-publish","hentry"],"yoast_head":"<!-- This site is optimized with the Yoast SEO plugin v27.3 - https:\/\/yoast.com\/product\/yoast-seo-wordpress\/ -->\n<title>Saludo de la direcci\u00f3n - Psicolog\u00eda Social<\/title>\n<meta name=\"robots\" content=\"index, follow, max-snippet:-1, max-image-preview:large, max-video-preview:-1\" \/>\n<link rel=\"canonical\" href=\"https:\/\/departamento.us.es\/psocial\/saludo-de-la-direccion\/\" \/>\n<meta property=\"og:locale\" content=\"es_ES\" \/>\n<meta property=\"og:type\" content=\"article\" \/>\n<meta property=\"og:title\" content=\"Saludo de la direcci\u00f3n - Psicolog\u00eda Social\" \/>\n<meta property=\"og:description\" content=\"Bienvenidos a la p\u00e1gina web del Departamento de Psicolog\u00eda Social de la Universidad de Sevilla. En nombre de todo el equipo del Departamento de Psicolog\u00eda Social de la Universidad de Sevilla, me complace enviarles un c\u00e1lido saludo desde nuestra comunidad acad\u00e9mica. Impacto, liderazgo y compromiso con las personas son las tres palabras que definen nuestra [&hellip;]\" \/>\n<meta property=\"og:url\" content=\"https:\/\/departamento.us.es\/psocial\/saludo-de-la-direccion\/\" \/>\n<meta property=\"og:site_name\" content=\"Psicolog\u00eda Social\" \/>\n<meta property=\"article:modified_time\" content=\"2024-09-19T07:21:12+00:00\" \/>\n<meta property=\"og:image\" content=\"https:\/\/departamento.us.es\/psocial\/wp-content\/uploads\/2023\/10\/US-cabecera-centros-6-1.jpg\" \/>\n<meta name=\"twitter:card\" content=\"summary_large_image\" \/>\n<meta name=\"twitter:label1\" content=\"Tiempo de lectura\" \/>\n\t<meta name=\"twitter:data1\" content=\"3 minutos\" \/>\n<script type=\"application\/ld+json\" class=\"yoast-schema-graph\">{\"@context\":\"https:\\\/\\\/schema.org\",\"@graph\":[{\"@type\":\"WebPage\",\"@id\":\"https:\\\/\\\/departamento.us.es\\\/psocial\\\/saludo-de-la-direccion\\\/\",\"url\":\"https:\\\/\\\/departamento.us.es\\\/psocial\\\/saludo-de-la-direccion\\\/\",\"name\":\"Saludo de la direcci\u00f3n - Psicolog\u00eda Social\",\"isPartOf\":{\"@id\":\"https:\\\/\\\/departamento.us.es\\\/psocial\\\/#website\"},\"primaryImageOfPage\":{\"@id\":\"https:\\\/\\\/departamento.us.es\\\/psocial\\\/saludo-de-la-direccion\\\/#primaryimage\"},\"image\":{\"@id\":\"https:\\\/\\\/departamento.us.es\\\/psocial\\\/saludo-de-la-direccion\\\/#primaryimage\"},\"thumbnailUrl\":\"https:\\\/\\\/departamento.us.es\\\/psocial\\\/wp-content\\\/uploads\\\/2023\\\/10\\\/US-cabecera-centros-6-1.jpg\",\"datePublished\":\"2023-10-03T10:30:36+00:00\",\"dateModified\":\"2024-09-19T07:21:12+00:00\",\"inLanguage\":\"es\",\"potentialAction\":[{\"@type\":\"ReadAction\",\"target\":[\"https:\\\/\\\/departamento.us.es\\\/psocial\\\/saludo-de-la-direccion\\\/\"]}]},{\"@type\":\"ImageObject\",\"inLanguage\":\"es\",\"@id\":\"https:\\\/\\\/departamento.us.es\\\/psocial\\\/saludo-de-la-direccion\\\/#primaryimage\",\"url\":\"https:\\\/\\\/departamento.us.es\\\/psocial\\\/wp-content\\\/uploads\\\/2023\\\/10\\\/US-cabecera-centros-6-1.jpg\",\"contentUrl\":\"https:\\\/\\\/departamento.us.es\\\/psocial\\\/wp-content\\\/uploads\\\/2023\\\/10\\\/US-cabecera-centros-6-1.jpg\",\"width\":1140,\"height\":400},{\"@type\":\"WebSite\",\"@id\":\"https:\\\/\\\/departamento.us.es\\\/psocial\\\/#website\",\"url\":\"https:\\\/\\\/departamento.us.es\\\/psocial\\\/\",\"name\":\"Psicolog\u00eda Social\",\"description\":\"Departamento de Psicolog\u00eda Social de la Universidad de Sevilla\",\"publisher\":{\"@id\":\"https:\\\/\\\/departamento.us.es\\\/psocial\\\/#organization\"},\"potentialAction\":[{\"@type\":\"SearchAction\",\"target\":{\"@type\":\"EntryPoint\",\"urlTemplate\":\"https:\\\/\\\/departamento.us.es\\\/psocial\\\/?s={search_term_string}\"},\"query-input\":{\"@type\":\"PropertyValueSpecification\",\"valueRequired\":true,\"valueName\":\"search_term_string\"}}],\"inLanguage\":\"es\"},{\"@type\":\"Organization\",\"@id\":\"https:\\\/\\\/departamento.us.es\\\/psocial\\\/#organization\",\"name\":\"Departamento de Psicolog\u00eda Social de la Universidad de Sevilla\",\"url\":\"https:\\\/\\\/departamento.us.es\\\/psocial\\\/\",\"logo\":{\"@type\":\"ImageObject\",\"inLanguage\":\"es\",\"@id\":\"https:\\\/\\\/departamento.us.es\\\/psocial\\\/#\\\/schema\\\/logo\\\/image\\\/\",\"url\":\"https:\\\/\\\/departamento.us.es\\\/psocial\\\/wp-content\\\/uploads\\\/2023\\\/10\\\/Logo-Modificado-redim.png\",\"contentUrl\":\"https:\\\/\\\/departamento.us.es\\\/psocial\\\/wp-content\\\/uploads\\\/2023\\\/10\\\/Logo-Modificado-redim.png\",\"width\":981,\"height\":982,\"caption\":\"Departamento de Psicolog\u00eda Social de la Universidad de Sevilla\"},\"image\":{\"@id\":\"https:\\\/\\\/departamento.us.es\\\/psocial\\\/#\\\/schema\\\/logo\\\/image\\\/\"}}]}<\/script>\n<!-- \/ Yoast SEO plugin. -->","yoast_head_json":{"title":"Saludo de la direcci\u00f3n - Psicolog\u00eda Social","robots":{"index":"index","follow":"follow","max-snippet":"max-snippet:-1","max-image-preview":"max-image-preview:large","max-video-preview":"max-video-preview:-1"},"canonical":"https:\/\/departamento.us.es\/psocial\/saludo-de-la-direccion\/","og_locale":"es_ES","og_type":"article","og_title":"Saludo de la direcci\u00f3n - Psicolog\u00eda Social","og_description":"Bienvenidos a la p\u00e1gina web del Departamento de Psicolog\u00eda Social de la Universidad de Sevilla. En nombre de todo el equipo del Departamento de Psicolog\u00eda Social de la Universidad de Sevilla, me complace enviarles un c\u00e1lido saludo desde nuestra comunidad acad\u00e9mica. Impacto, liderazgo y compromiso con las personas son las tres palabras que definen nuestra [&hellip;]","og_url":"https:\/\/departamento.us.es\/psocial\/saludo-de-la-direccion\/","og_site_name":"Psicolog\u00eda Social","article_modified_time":"2024-09-19T07:21:12+00:00","og_image":[{"url":"https:\/\/departamento.us.es\/psocial\/wp-content\/uploads\/2023\/10\/US-cabecera-centros-6-1.jpg","type":"","width":"","height":""}],"twitter_card":"summary_large_image","twitter_misc":{"Tiempo de lectura":"3 minutos"},"schema":{"@context":"https:\/\/schema.org","@graph":[{"@type":"WebPage","@id":"https:\/\/departamento.us.es\/psocial\/saludo-de-la-direccion\/","url":"https:\/\/departamento.us.es\/psocial\/saludo-de-la-direccion\/","name":"Saludo de la direcci\u00f3n - Psicolog\u00eda Social","isPartOf":{"@id":"https:\/\/departamento.us.es\/psocial\/#website"},"primaryImageOfPage":{"@id":"https:\/\/departamento.us.es\/psocial\/saludo-de-la-direccion\/#primaryimage"},"image":{"@id":"https:\/\/departamento.us.es\/psocial\/saludo-de-la-direccion\/#primaryimage"},"thumbnailUrl":"https:\/\/departamento.us.es\/psocial\/wp-content\/uploads\/2023\/10\/US-cabecera-centros-6-1.jpg","datePublished":"2023-10-03T10:30:36+00:00","dateModified":"2024-09-19T07:21:12+00:00","inLanguage":"es","potentialAction":[{"@type":"ReadAction","target":["https:\/\/departamento.us.es\/psocial\/saludo-de-la-direccion\/"]}]},{"@type":"ImageObject","inLanguage":"es","@id":"https:\/\/departamento.us.es\/psocial\/saludo-de-la-direccion\/#primaryimage","url":"https:\/\/departamento.us.es\/psocial\/wp-content\/uploads\/2023\/10\/US-cabecera-centros-6-1.jpg","contentUrl":"https:\/\/departamento.us.es\/psocial\/wp-content\/uploads\/2023\/10\/US-cabecera-centros-6-1.jpg","width":1140,"height":400},{"@type":"WebSite","@id":"https:\/\/departamento.us.es\/psocial\/#website","url":"https:\/\/departamento.us.es\/psocial\/","name":"Psicolog\u00eda Social","description":"Departamento de Psicolog\u00eda Social de la Universidad de Sevilla","publisher":{"@id":"https:\/\/departamento.us.es\/psocial\/#organization"},"potentialAction":[{"@type":"SearchAction","target":{"@type":"EntryPoint","urlTemplate":"https:\/\/departamento.us.es\/psocial\/?s={search_term_string}"},"query-input":{"@type":"PropertyValueSpecification","valueRequired":true,"valueName":"search_term_string"}}],"inLanguage":"es"},{"@type":"Organization","@id":"https:\/\/departamento.us.es\/psocial\/#organization","name":"Departamento de Psicolog\u00eda Social de la Universidad de Sevilla","url":"https:\/\/departamento.us.es\/psocial\/","logo":{"@type":"ImageObject","inLanguage":"es","@id":"https:\/\/departamento.us.es\/psocial\/#\/schema\/logo\/image\/","url":"https:\/\/departamento.us.es\/psocial\/wp-content\/uploads\/2023\/10\/Logo-Modificado-redim.png","contentUrl":"https:\/\/departamento.us.es\/psocial\/wp-content\/uploads\/2023\/10\/Logo-Modificado-redim.png","width":981,"height":982,"caption":"Departamento de Psicolog\u00eda Social de la Universidad de Sevilla"},"image":{"@id":"https:\/\/departamento.us.es\/psocial\/#\/schema\/logo\/image\/"}}]}},"_links":{"self":[{"href":"https:\/\/departamento.us.es\/psocial\/wp-json\/wp\/v2\/pages\/2653","targetHints":{"allow":["GET"]}}],"collection":[{"href":"https:\/\/departamento.us.es\/psocial\/wp-json\/wp\/v2\/pages"}],"about":[{"href":"https:\/\/departamento.us.es\/psocial\/wp-json\/wp\/v2\/types\/page"}],"author":[{"embeddable":true,"href":"https:\/\/departamento.us.es\/psocial\/wp-json\/wp\/v2\/users\/3"}],"replies":[{"embeddable":true,"href":"https:\/\/departamento.us.es\/psocial\/wp-json\/wp\/v2\/comments?post=2653"}],"version-history":[{"count":23,"href":"https:\/\/departamento.us.es\/psocial\/wp-json\/wp\/v2\/pages\/2653\/revisions"}],"predecessor-version":[{"id":3996,"href":"https:\/\/departamento.us.es\/psocial\/wp-json\/wp\/v2\/pages\/2653\/revisions\/3996"}],"wp:attachment":[{"href":"https:\/\/departamento.us.es\/psocial\/wp-json\/wp\/v2\/media?parent=2653"}],"curies":[{"name":"wp","href":"https:\/\/api.w.org\/{rel}","templated":true}]}}