{"id":2925,"date":"2024-07-10T10:48:07","date_gmt":"2024-07-10T10:48:07","guid":{"rendered":"https:\/\/departamento.us.es\/psocial\/?page_id=2925"},"modified":"2024-09-14T11:44:39","modified_gmt":"2024-09-14T11:44:39","slug":"como-funcionamos","status":"publish","type":"page","link":"https:\/\/departamento.us.es\/psocial\/como-funcionamos\/","title":{"rendered":"\u00bfC\u00f3mo funcionamos?"},"content":{"rendered":"\t\t<div data-elementor-type=\"wp-page\" data-elementor-id=\"2925\" class=\"elementor elementor-2925\" data-elementor-post-type=\"page\">\n\t\t\t\t<div class=\"elementor-element elementor-element-4c9e5dd e-flex e-con-boxed e-con e-parent\" data-id=\"4c9e5dd\" data-element_type=\"container\" data-e-type=\"container\">\n\t\t\t\t\t<div class=\"e-con-inner\">\n\t\t\t\t<div class=\"elementor-element elementor-element-41816c2 elementor-widget elementor-widget-heading\" data-id=\"41816c2\" data-element_type=\"widget\" data-e-type=\"widget\" data-widget_type=\"heading.default\">\n\t\t\t\t<div class=\"elementor-widget-container\">\n\t\t\t\t\t<p class=\"elementor-heading-title elementor-size-default\">A fin de agilizar y aumentar la calidad de las decisiones tomadas en el seno del Departamento de Psicolog\u00eda Social, el reglamento de funcionamiento del mismo prev\u00e9 las siguientes comisiones cuyos acuerdos deben ser ratificados en cada caso en los Consejos de Departamento:<\/p>\t\t\t\t<\/div>\n\t\t\t\t<\/div>\n\t\t\t\t<div class=\"elementor-element elementor-element-03dfab7 elementor-widget elementor-widget-heading\" data-id=\"03dfab7\" data-element_type=\"widget\" data-e-type=\"widget\" data-widget_type=\"heading.default\">\n\t\t\t\t<div class=\"elementor-widget-container\">\n\t\t\t\t\t<h5 class=\"elementor-heading-title elementor-size-default\">Comisi\u00f3n de Docencia: <\/h5>\t\t\t\t<\/div>\n\t\t\t\t<\/div>\n\t\t\t\t<div class=\"elementor-element elementor-element-b43b29d elementor-widget elementor-widget-image\" data-id=\"b43b29d\" data-element_type=\"widget\" data-e-type=\"widget\" data-widget_type=\"image.default\">\n\t\t\t\t<div class=\"elementor-widget-container\">\n\t\t\t\t\t\t\t\t\t\t\t\t\t\t\t<img decoding=\"async\" src=\"https:\/\/departamento.us.es\/psocial\/wp-content\/uploads\/elementor\/thumbs\/cabecera_titular_2-rbvrxn6r2pun7c4268jm1hp7w96zrbgqonnr8u2rfo.jpg\" title=\"cabecera_titular_2\" alt=\"cabecera_titular_2\" loading=\"lazy\" \/>\t\t\t\t\t\t\t\t\t\t\t\t\t\t\t<\/div>\n\t\t\t\t<\/div>\n\t\t\t\t<div class=\"elementor-element elementor-element-20ab1423 elementor-widget elementor-widget-text-editor\" data-id=\"20ab1423\" data-element_type=\"widget\" data-e-type=\"widget\" data-widget_type=\"text-editor.default\">\n\t\t\t\t<div class=\"elementor-widget-container\">\n\t\t\t\t\t\t\t\t\t<p><span style=\"color: var( --e-global-color-text ); font-family: var( --e-global-typography-text-font-family ), Sans-serif; font-weight: var( --e-global-typography-text-font-weight ); text-align: var(--text-align); font-size: 1rem;\">Est\u00e1 compuesta por Yolanda Troyano Rodr\u00edguez (presidenta), Francisco J Cantero S\u00e1nchez (vocal), In\u00e9s Mart\u00ednez Corts (secretaria) y Jes\u00fas Mart\u00ednez Calvo (representante de estudiantes).<\/span><\/p><p>Tiene entre otros cometidos:<\/p><ul><li>Proponer medidas para la mejora de la calidad de la docencia en el departamento<\/li><li>Emitir cuantos informes le sean solicitados por la direcci\u00f3n del Departamento o el Consejo de Departamento.<\/li><li>Resolver los conflictos relativos a la docencia impartida en el Departamento<\/li><li>Velar por el cumplimiento de las obligaciones docentes.<\/li><\/ul>\t\t\t\t\t\t\t\t<\/div>\n\t\t\t\t<\/div>\n\t\t\t\t<div class=\"elementor-element elementor-element-d58a6e8 elementor-widget elementor-widget-heading\" data-id=\"d58a6e8\" data-element_type=\"widget\" data-e-type=\"widget\" data-widget_type=\"heading.default\">\n\t\t\t\t<div class=\"elementor-widget-container\">\n\t\t\t\t\t<h5 class=\"elementor-heading-title elementor-size-default\">Comisi\u00f3n de Investigaci\u00f3n: <\/h5>\t\t\t\t<\/div>\n\t\t\t\t<\/div>\n\t\t\t\t<div class=\"elementor-element elementor-element-690cd33 elementor-widget elementor-widget-image\" data-id=\"690cd33\" data-element_type=\"widget\" data-e-type=\"widget\" data-widget_type=\"image.default\">\n\t\t\t\t<div class=\"elementor-widget-container\">\n\t\t\t\t\t\t\t\t\t\t\t\t\t\t\t<img decoding=\"async\" src=\"https:\/\/departamento.us.es\/psocial\/wp-content\/uploads\/elementor\/thumbs\/cabecera_titular_2-rbvrxn6r2pun7c4268jm1hp7w96zrbgqonnr8u2rfo.jpg\" title=\"cabecera_titular_2\" alt=\"cabecera_titular_2\" loading=\"lazy\" \/>\t\t\t\t\t\t\t\t\t\t\t\t\t\t\t<\/div>\n\t\t\t\t<\/div>\n\t\t\t\t<div class=\"elementor-element elementor-element-bf3e947 elementor-widget elementor-widget-text-editor\" data-id=\"bf3e947\" data-element_type=\"widget\" data-e-type=\"widget\" data-widget_type=\"text-editor.default\">\n\t\t\t\t<div class=\"elementor-widget-container\">\n\t\t\t\t\t\t\t\t\t<p><span style=\"color: var( --e-global-color-text ); font-family: var( --e-global-typography-text-font-family ), Sans-serif; font-weight: var( --e-global-typography-text-font-weight ); text-align: var(--text-align); font-size: 1rem;\">Est\u00e1 compuesta por Alicia Arenas Moreno (vocal), Manuel Garc\u00eda Ram\u00edrez (vocal), Miguel \u00c1ngel Garrido Torres (presidente), Isabel Herrera S\u00e1nchez (vocal) y Jos\u00e9 Mar\u00eda Le\u00f3n P\u00e9rez (vocal)<\/span><\/p><p>Entre otros cometidos, se ocupa de:<\/p><ul><li>Proponer al Consejo de Departamento medidas para la coordinaci\u00f3n de la investigaci\u00f3n.<\/li><li>La optimizaci\u00f3n del uso de los recursos de investigaci\u00f3n.<\/li><li>Emitir informes a las entidades solicitantes vinculadas con la investigaci\u00f3n del PDI del departamento<\/li><li>Velar por realizar una investigaci\u00f3n \u00e9tica y de calidad en el departamento<\/li><\/ul>\t\t\t\t\t\t\t\t<\/div>\n\t\t\t\t<\/div>\n\t\t\t\t<div class=\"elementor-element elementor-element-46bbdae elementor-widget elementor-widget-heading\" data-id=\"46bbdae\" data-element_type=\"widget\" data-e-type=\"widget\" data-widget_type=\"heading.default\">\n\t\t\t\t<div class=\"elementor-widget-container\">\n\t\t\t\t\t<h5 class=\"elementor-heading-title elementor-size-default\">Comisi\u00f3n de asuntos econ\u00f3micos y de equipamiento:<\/h5>\t\t\t\t<\/div>\n\t\t\t\t<\/div>\n\t\t\t\t<div class=\"elementor-element elementor-element-2e8d68f elementor-widget elementor-widget-image\" data-id=\"2e8d68f\" data-element_type=\"widget\" data-e-type=\"widget\" data-widget_type=\"image.default\">\n\t\t\t\t<div class=\"elementor-widget-container\">\n\t\t\t\t\t\t\t\t\t\t\t\t\t\t\t<img decoding=\"async\" src=\"https:\/\/departamento.us.es\/psocial\/wp-content\/uploads\/elementor\/thumbs\/cabecera_titular_2-rbvrxn6r2pun7c4268jm1hp7w96zrbgqonnr8u2rfo.jpg\" title=\"cabecera_titular_2\" alt=\"cabecera_titular_2\" loading=\"lazy\" \/>\t\t\t\t\t\t\t\t\t\t\t\t\t\t\t<\/div>\n\t\t\t\t<\/div>\n\t\t\t\t<div class=\"elementor-element elementor-element-f0c1174 elementor-widget elementor-widget-text-editor\" data-id=\"f0c1174\" data-element_type=\"widget\" data-e-type=\"widget\" data-widget_type=\"text-editor.default\">\n\t\t\t\t<div class=\"elementor-widget-container\">\n\t\t\t\t\t\t\t\t\t<p><span style=\"color: var( --e-global-color-text ); font-family: var( --e-global-typography-text-font-family ), Sans-serif; font-weight: var( --e-global-typography-text-font-weight ); text-align: var(--text-align); font-size: 1rem;\">Est\u00e1 compuesta por Roc\u00edo Boh\u00f3rquez G\u00f3mez-Mill\u00e1n (secretaria), Miguel \u00c1ngel Garrido Torres (presidente), Ignacio Ramos Vidal (vocal), Trinidad N\u00fa\u00f1ez Dom\u00ednguez (vocal), y Mar\u00eda Jos\u00e9 Murillo Zabalza (vocal)<\/span><\/p><p>Se encarga de asuntos como:<\/p><ul><li>Preparar y gestionar presupuestos para proyectos de infraestructuras y equipamiento<\/li><li>Asegurar el mantenimiento regular y adecuado de las infraestructuras y equipos existentes para garantizar su funcionamiento eficiente y prolongar su vida \u00fatil.<\/li><li>Gestionar la compra de equipos necesarios para el buen desempe\u00f1o del PDI y PTGAS del departamento<\/li><li>Asegurar que todas las actividades relacionadas con infraestructuras y equipamiento cumplen con las normativas y est\u00e1ndares actuales.<\/li><li>Garantizar que las infraestructuras y equipos cumplan con los est\u00e1ndares de seguridad y salud para proteger a PDI, PTGAS, estudiantes y dem\u00e1s usuarios.<\/li><li>Implementar pr\u00e1cticas sostenibles y eco-amigables en la gesti\u00f3n de infraestructuras y equipamiento, promoviendo la eficiencia energ\u00e9tica y la reducci\u00f3n de residuos.<\/li><li>Realizar evaluaciones peri\u00f3dicas de las infraestructuras y equipos para identificar \u00e1reas de mejora y garantizar que se mantengan en condiciones \u00f3ptimas.<\/li><\/ul>\t\t\t\t\t\t\t\t<\/div>\n\t\t\t\t<\/div>\n\t\t\t\t<div class=\"elementor-element elementor-element-4fadb3a elementor-widget elementor-widget-heading\" data-id=\"4fadb3a\" data-element_type=\"widget\" data-e-type=\"widget\" data-widget_type=\"heading.default\">\n\t\t\t\t<div class=\"elementor-widget-container\">\n\t\t\t\t\t<h5 class=\"elementor-heading-title elementor-size-default\">Comisi\u00f3n permanente:<\/h5>\t\t\t\t<\/div>\n\t\t\t\t<\/div>\n\t\t\t\t<div class=\"elementor-element elementor-element-2c29258 elementor-widget elementor-widget-image\" data-id=\"2c29258\" data-element_type=\"widget\" data-e-type=\"widget\" data-widget_type=\"image.default\">\n\t\t\t\t<div class=\"elementor-widget-container\">\n\t\t\t\t\t\t\t\t\t\t\t\t\t\t\t<img decoding=\"async\" src=\"https:\/\/departamento.us.es\/psocial\/wp-content\/uploads\/elementor\/thumbs\/cabecera_titular_2-rbvrxn6r2pun7c4268jm1hp7w96zrbgqonnr8u2rfo.jpg\" title=\"cabecera_titular_2\" alt=\"cabecera_titular_2\" loading=\"lazy\" \/>\t\t\t\t\t\t\t\t\t\t\t\t\t\t\t<\/div>\n\t\t\t\t<\/div>\n\t\t\t\t<div class=\"elementor-element elementor-element-a2717cc elementor-widget elementor-widget-text-editor\" data-id=\"a2717cc\" data-element_type=\"widget\" data-e-type=\"widget\" data-widget_type=\"text-editor.default\">\n\t\t\t\t<div class=\"elementor-widget-container\">\n\t\t\t\t\t\t\t\t\t<p><span style=\"color: var( --e-global-color-text ); font-family: var( --e-global-typography-text-font-family ), Sans-serif; font-weight: var( --e-global-typography-text-font-weight ); text-align: var(--text-align); font-size: 1rem;\">Est\u00e1 compuesta por: Roc\u00edo Boh\u00f3rquez G\u00f3mez-Mill\u00e1n (secretaria), M\u00aa Reyes Bueno Moreno (vocal), Miguel A. Garrido Torres (presidente), Virginia Paloma Castro (vocal) y Jes\u00fas Mart\u00ednez Calvo (representante de estudiantes).<\/span><\/p><p>Son dos sus funciones principales:<\/p><ul><li>Atender asuntos que por su urgencia no pueden ser tratados en tiempo y forma por el Consejo de Departamento.<\/li><li>Gestionar asuntos de tr\u00e1mite para lo que no es necesario la concurrencia de todo el Consejo de Departamento.<\/li><\/ul>\t\t\t\t\t\t\t\t<\/div>\n\t\t\t\t<\/div>\n\t\t\t\t<div class=\"elementor-element elementor-element-56082a5 elementor-widget elementor-widget-heading\" data-id=\"56082a5\" data-element_type=\"widget\" data-e-type=\"widget\" data-widget_type=\"heading.default\">\n\t\t\t\t<div class=\"elementor-widget-container\">\n\t\t\t\t\t<h5 class=\"elementor-heading-title elementor-size-default\">Comisi\u00f3n de Comunicaci\u00f3n y Difusi\u00f3n Digital:<\/h5>\t\t\t\t<\/div>\n\t\t\t\t<\/div>\n\t\t\t\t<div class=\"elementor-element elementor-element-08cfd00 elementor-widget elementor-widget-image\" data-id=\"08cfd00\" data-element_type=\"widget\" data-e-type=\"widget\" data-widget_type=\"image.default\">\n\t\t\t\t<div class=\"elementor-widget-container\">\n\t\t\t\t\t\t\t\t\t\t\t\t\t\t\t<img decoding=\"async\" src=\"https:\/\/departamento.us.es\/psocial\/wp-content\/uploads\/elementor\/thumbs\/cabecera_titular_2-rbvrxn6r2pun7c4268jm1hp7w96zrbgqonnr8u2rfo.jpg\" title=\"cabecera_titular_2\" alt=\"cabecera_titular_2\" loading=\"lazy\" \/>\t\t\t\t\t\t\t\t\t\t\t\t\t\t\t<\/div>\n\t\t\t\t<\/div>\n\t\t\t\t<div class=\"elementor-element elementor-element-646542d elementor-widget elementor-widget-text-editor\" data-id=\"646542d\" data-element_type=\"widget\" data-e-type=\"widget\" data-widget_type=\"text-editor.default\">\n\t\t\t\t<div class=\"elementor-widget-container\">\n\t\t\t\t\t\t\t\t\t<p><span style=\"color: var( --e-global-color-text ); font-family: var( --e-global-typography-text-font-family ), Sans-serif; font-weight: var( --e-global-typography-text-font-weight ); text-align: var(--text-align); font-size: 1rem;\">Est\u00e1 compuesta por: Miguel \u00c1ngel Garrido Torres (presidente), Roc\u00edo Boh\u00f3rquez G\u00f3mez-Mill\u00e1n (secretaria), <\/span>Nuria Gamero V\u00e1zquez (vocal), Gemma S\u00e1ez D\u00edaz (vocal), Francisco J. Santolaya Soriano (vocal), Tatiana Duque Moreno (vocal) y Jes\u00fas Mart\u00ednez Calvo (vocal).&nbsp;<\/p>\n<p>Sus funciones principales son:<\/p>\n<ul>\n<li>Creaci\u00f3n y gesti\u00f3n de contenidos para los diversos canales digitales (sitios web, blogs, redes sociales, boletines electr\u00f3nicos, etc.).<\/li>\n<li>Redactar, dise\u00f1ar y producir materiales audiovisuales y gr\u00e1ficos para comunicar mensajes clave de la organizaci\u00f3n.<\/li>\n<li>Actualizar y mantener al d\u00eda los contenidos en las plataformas digitales.<\/li>\n<li>Identificar temas relevantes y noticias importantes que deben ser comunicadas a la audiencia.<\/li><li><span style=\"text-indent: -18pt; background-color: transparent; color: var( --e-global-color-text ); font-family: var( --e-global-typography-text-font-family ), Sans-serif; font-weight: var( --e-global-typography-text-font-weight ); text-align: var(--text-align);\">Asegurar la difusi\u00f3n de la informaci\u00f3n a las instancias interesadas.<\/span><\/li>\n<\/ul>\t\t\t\t\t\t\t\t<\/div>\n\t\t\t\t<\/div>\n\t\t\t\t<div class=\"elementor-element elementor-element-5a7ced3 elementor-widget elementor-widget-heading\" data-id=\"5a7ced3\" data-element_type=\"widget\" data-e-type=\"widget\" data-widget_type=\"heading.default\">\n\t\t\t\t<div class=\"elementor-widget-container\">\n\t\t\t\t\t<h5 class=\"elementor-heading-title elementor-size-default\">Nuestros representantes en los diferentes centros:<\/h5>\t\t\t\t<\/div>\n\t\t\t\t<\/div>\n\t\t\t\t<div class=\"elementor-element elementor-element-0ffec83 elementor-widget elementor-widget-image\" data-id=\"0ffec83\" data-element_type=\"widget\" data-e-type=\"widget\" data-widget_type=\"image.default\">\n\t\t\t\t<div class=\"elementor-widget-container\">\n\t\t\t\t\t\t\t\t\t\t\t\t\t\t\t<img decoding=\"async\" src=\"https:\/\/departamento.us.es\/psocial\/wp-content\/uploads\/elementor\/thumbs\/cabecera_titular_2-rbvrxn6r2pun7c4268jm1hp7w96zrbgqonnr8u2rfo.jpg\" title=\"cabecera_titular_2\" alt=\"cabecera_titular_2\" loading=\"lazy\" \/>\t\t\t\t\t\t\t\t\t\t\t\t\t\t\t<\/div>\n\t\t\t\t<\/div>\n\t\t\t\t<div class=\"elementor-element elementor-element-20646d4 elementor-widget elementor-widget-text-editor\" data-id=\"20646d4\" data-element_type=\"widget\" data-e-type=\"widget\" data-widget_type=\"text-editor.default\">\n\t\t\t\t<div class=\"elementor-widget-container\">\n\t\t\t\t\t\t\t\t\t<p><span style=\"color: var( --e-global-color-text ); font-family: var( --e-global-typography-text-font-family ), Sans-serif; font-weight: var( --e-global-typography-text-font-weight ); text-align: var(--text-align); font-size: 1rem;\">En la mayor\u00eda de las juntas de los diferentes centros en los que impartimos docencia disponemos de representantes. Estos son los siguientes:<\/span><\/p><p><strong>Facultad de Psicolog\u00eda:<\/strong> Cristina de Francisco Palacios<\/p><p><strong>Facultad de Ciencias de la Educaci\u00f3n:<\/strong> Mercedes Dur\u00e1n Segura<\/p><p><strong>Facultad de Ciencias del Trabajo:<\/strong> Miguel \u00c1ngel Garrido Torres<\/p><p><strong>Facultad de Comunicaci\u00f3n:<\/strong> Trinidad N\u00fa\u00f1ez Dom\u00ednguez<\/p><p>\u00a0<\/p>\t\t\t\t\t\t\t\t<\/div>\n\t\t\t\t<\/div>\n\t\t\t\t\t<\/div>\n\t\t\t\t<\/div>\n\t\t\t\t<\/div>\n\t\t","protected":false},"excerpt":{"rendered":"<p>A fin de agilizar y aumentar la calidad de las decisiones tomadas en el seno del Departamento de Psicolog\u00eda Social, el reglamento de funcionamiento del mismo prev\u00e9 las siguientes comisiones cuyos acuerdos deben ser ratificados en cada caso en los Consejos de Departamento: Comisi\u00f3n de Docencia: Est\u00e1 compuesta por Yolanda Troyano Rodr\u00edguez (presidenta), Francisco J [&hellip;]<\/p>\n","protected":false},"author":1,"featured_media":0,"parent":0,"menu_order":0,"comment_status":"closed","ping_status":"closed","template":"","meta":{"footnotes":""},"class_list":["post-2925","page","type-page","status-publish","hentry"],"yoast_head":"<!-- This site is optimized with the Yoast SEO plugin v27.3 - https:\/\/yoast.com\/product\/yoast-seo-wordpress\/ -->\n<title>\u00bfC\u00f3mo funcionamos? - Psicolog\u00eda Social<\/title>\n<meta name=\"robots\" content=\"index, follow, max-snippet:-1, max-image-preview:large, max-video-preview:-1\" \/>\n<link rel=\"canonical\" href=\"https:\/\/departamento.us.es\/psocial\/como-funcionamos\/\" \/>\n<meta property=\"og:locale\" content=\"es_ES\" \/>\n<meta property=\"og:type\" content=\"article\" \/>\n<meta property=\"og:title\" content=\"\u00bfC\u00f3mo funcionamos? - Psicolog\u00eda Social\" \/>\n<meta property=\"og:description\" content=\"A fin de agilizar y aumentar la calidad de las decisiones tomadas en el seno del Departamento de Psicolog\u00eda Social, el reglamento de funcionamiento del mismo prev\u00e9 las siguientes comisiones cuyos acuerdos deben ser ratificados en cada caso en los Consejos de Departamento: Comisi\u00f3n de Docencia: Est\u00e1 compuesta por Yolanda Troyano Rodr\u00edguez (presidenta), Francisco J [&hellip;]\" \/>\n<meta property=\"og:url\" content=\"https:\/\/departamento.us.es\/psocial\/como-funcionamos\/\" \/>\n<meta property=\"og:site_name\" content=\"Psicolog\u00eda Social\" \/>\n<meta property=\"article:modified_time\" content=\"2024-09-14T11:44:39+00:00\" \/>\n<meta property=\"og:image\" content=\"https:\/\/departamento.us.es\/psocial\/wp-content\/uploads\/2022\/03\/cabecera_titular_2.jpg\" \/>\n<meta name=\"twitter:card\" content=\"summary_large_image\" \/>\n<meta name=\"twitter:label1\" content=\"Tiempo de lectura\" \/>\n\t<meta name=\"twitter:data1\" content=\"5 minutos\" \/>\n<script type=\"application\/ld+json\" class=\"yoast-schema-graph\">{\"@context\":\"https:\\\/\\\/schema.org\",\"@graph\":[{\"@type\":\"WebPage\",\"@id\":\"https:\\\/\\\/departamento.us.es\\\/psocial\\\/como-funcionamos\\\/\",\"url\":\"https:\\\/\\\/departamento.us.es\\\/psocial\\\/como-funcionamos\\\/\",\"name\":\"\u00bfC\u00f3mo funcionamos? - Psicolog\u00eda Social\",\"isPartOf\":{\"@id\":\"https:\\\/\\\/departamento.us.es\\\/psocial\\\/#website\"},\"primaryImageOfPage\":{\"@id\":\"https:\\\/\\\/departamento.us.es\\\/psocial\\\/como-funcionamos\\\/#primaryimage\"},\"image\":{\"@id\":\"https:\\\/\\\/departamento.us.es\\\/psocial\\\/como-funcionamos\\\/#primaryimage\"},\"thumbnailUrl\":\"https:\\\/\\\/departamento.us.es\\\/psocial\\\/wp-content\\\/uploads\\\/2022\\\/03\\\/cabecera_titular_2.jpg\",\"datePublished\":\"2024-07-10T10:48:07+00:00\",\"dateModified\":\"2024-09-14T11:44:39+00:00\",\"inLanguage\":\"es\",\"potentialAction\":[{\"@type\":\"ReadAction\",\"target\":[\"https:\\\/\\\/departamento.us.es\\\/psocial\\\/como-funcionamos\\\/\"]}]},{\"@type\":\"ImageObject\",\"inLanguage\":\"es\",\"@id\":\"https:\\\/\\\/departamento.us.es\\\/psocial\\\/como-funcionamos\\\/#primaryimage\",\"url\":\"https:\\\/\\\/departamento.us.es\\\/psocial\\\/wp-content\\\/uploads\\\/2022\\\/03\\\/cabecera_titular_2.jpg\",\"contentUrl\":\"https:\\\/\\\/departamento.us.es\\\/psocial\\\/wp-content\\\/uploads\\\/2022\\\/03\\\/cabecera_titular_2.jpg\",\"width\":120,\"height\":7},{\"@type\":\"WebSite\",\"@id\":\"https:\\\/\\\/departamento.us.es\\\/psocial\\\/#website\",\"url\":\"https:\\\/\\\/departamento.us.es\\\/psocial\\\/\",\"name\":\"Psicolog\u00eda Social\",\"description\":\"Departamento de Psicolog\u00eda Social de la Universidad de Sevilla\",\"publisher\":{\"@id\":\"https:\\\/\\\/departamento.us.es\\\/psocial\\\/#organization\"},\"potentialAction\":[{\"@type\":\"SearchAction\",\"target\":{\"@type\":\"EntryPoint\",\"urlTemplate\":\"https:\\\/\\\/departamento.us.es\\\/psocial\\\/?s={search_term_string}\"},\"query-input\":{\"@type\":\"PropertyValueSpecification\",\"valueRequired\":true,\"valueName\":\"search_term_string\"}}],\"inLanguage\":\"es\"},{\"@type\":\"Organization\",\"@id\":\"https:\\\/\\\/departamento.us.es\\\/psocial\\\/#organization\",\"name\":\"Departamento de Psicolog\u00eda Social de la Universidad de Sevilla\",\"url\":\"https:\\\/\\\/departamento.us.es\\\/psocial\\\/\",\"logo\":{\"@type\":\"ImageObject\",\"inLanguage\":\"es\",\"@id\":\"https:\\\/\\\/departamento.us.es\\\/psocial\\\/#\\\/schema\\\/logo\\\/image\\\/\",\"url\":\"https:\\\/\\\/departamento.us.es\\\/psocial\\\/wp-content\\\/uploads\\\/2023\\\/10\\\/Logo-Modificado-redim.png\",\"contentUrl\":\"https:\\\/\\\/departamento.us.es\\\/psocial\\\/wp-content\\\/uploads\\\/2023\\\/10\\\/Logo-Modificado-redim.png\",\"width\":981,\"height\":982,\"caption\":\"Departamento de Psicolog\u00eda Social de la Universidad de Sevilla\"},\"image\":{\"@id\":\"https:\\\/\\\/departamento.us.es\\\/psocial\\\/#\\\/schema\\\/logo\\\/image\\\/\"}}]}<\/script>\n<!-- \/ Yoast SEO plugin. -->","yoast_head_json":{"title":"\u00bfC\u00f3mo funcionamos? - Psicolog\u00eda Social","robots":{"index":"index","follow":"follow","max-snippet":"max-snippet:-1","max-image-preview":"max-image-preview:large","max-video-preview":"max-video-preview:-1"},"canonical":"https:\/\/departamento.us.es\/psocial\/como-funcionamos\/","og_locale":"es_ES","og_type":"article","og_title":"\u00bfC\u00f3mo funcionamos? - Psicolog\u00eda Social","og_description":"A fin de agilizar y aumentar la calidad de las decisiones tomadas en el seno del Departamento de Psicolog\u00eda Social, el reglamento de funcionamiento del mismo prev\u00e9 las siguientes comisiones cuyos acuerdos deben ser ratificados en cada caso en los Consejos de Departamento: Comisi\u00f3n de Docencia: Est\u00e1 compuesta por Yolanda Troyano Rodr\u00edguez (presidenta), Francisco J [&hellip;]","og_url":"https:\/\/departamento.us.es\/psocial\/como-funcionamos\/","og_site_name":"Psicolog\u00eda Social","article_modified_time":"2024-09-14T11:44:39+00:00","og_image":[{"url":"https:\/\/departamento.us.es\/psocial\/wp-content\/uploads\/2022\/03\/cabecera_titular_2.jpg","type":"","width":"","height":""}],"twitter_card":"summary_large_image","twitter_misc":{"Tiempo de lectura":"5 minutos"},"schema":{"@context":"https:\/\/schema.org","@graph":[{"@type":"WebPage","@id":"https:\/\/departamento.us.es\/psocial\/como-funcionamos\/","url":"https:\/\/departamento.us.es\/psocial\/como-funcionamos\/","name":"\u00bfC\u00f3mo funcionamos? - Psicolog\u00eda Social","isPartOf":{"@id":"https:\/\/departamento.us.es\/psocial\/#website"},"primaryImageOfPage":{"@id":"https:\/\/departamento.us.es\/psocial\/como-funcionamos\/#primaryimage"},"image":{"@id":"https:\/\/departamento.us.es\/psocial\/como-funcionamos\/#primaryimage"},"thumbnailUrl":"https:\/\/departamento.us.es\/psocial\/wp-content\/uploads\/2022\/03\/cabecera_titular_2.jpg","datePublished":"2024-07-10T10:48:07+00:00","dateModified":"2024-09-14T11:44:39+00:00","inLanguage":"es","potentialAction":[{"@type":"ReadAction","target":["https:\/\/departamento.us.es\/psocial\/como-funcionamos\/"]}]},{"@type":"ImageObject","inLanguage":"es","@id":"https:\/\/departamento.us.es\/psocial\/como-funcionamos\/#primaryimage","url":"https:\/\/departamento.us.es\/psocial\/wp-content\/uploads\/2022\/03\/cabecera_titular_2.jpg","contentUrl":"https:\/\/departamento.us.es\/psocial\/wp-content\/uploads\/2022\/03\/cabecera_titular_2.jpg","width":120,"height":7},{"@type":"WebSite","@id":"https:\/\/departamento.us.es\/psocial\/#website","url":"https:\/\/departamento.us.es\/psocial\/","name":"Psicolog\u00eda Social","description":"Departamento de Psicolog\u00eda Social de la Universidad de Sevilla","publisher":{"@id":"https:\/\/departamento.us.es\/psocial\/#organization"},"potentialAction":[{"@type":"SearchAction","target":{"@type":"EntryPoint","urlTemplate":"https:\/\/departamento.us.es\/psocial\/?s={search_term_string}"},"query-input":{"@type":"PropertyValueSpecification","valueRequired":true,"valueName":"search_term_string"}}],"inLanguage":"es"},{"@type":"Organization","@id":"https:\/\/departamento.us.es\/psocial\/#organization","name":"Departamento de Psicolog\u00eda Social de la Universidad de Sevilla","url":"https:\/\/departamento.us.es\/psocial\/","logo":{"@type":"ImageObject","inLanguage":"es","@id":"https:\/\/departamento.us.es\/psocial\/#\/schema\/logo\/image\/","url":"https:\/\/departamento.us.es\/psocial\/wp-content\/uploads\/2023\/10\/Logo-Modificado-redim.png","contentUrl":"https:\/\/departamento.us.es\/psocial\/wp-content\/uploads\/2023\/10\/Logo-Modificado-redim.png","width":981,"height":982,"caption":"Departamento de Psicolog\u00eda Social de la Universidad de Sevilla"},"image":{"@id":"https:\/\/departamento.us.es\/psocial\/#\/schema\/logo\/image\/"}}]}},"_links":{"self":[{"href":"https:\/\/departamento.us.es\/psocial\/wp-json\/wp\/v2\/pages\/2925","targetHints":{"allow":["GET"]}}],"collection":[{"href":"https:\/\/departamento.us.es\/psocial\/wp-json\/wp\/v2\/pages"}],"about":[{"href":"https:\/\/departamento.us.es\/psocial\/wp-json\/wp\/v2\/types\/page"}],"author":[{"embeddable":true,"href":"https:\/\/departamento.us.es\/psocial\/wp-json\/wp\/v2\/users\/1"}],"replies":[{"embeddable":true,"href":"https:\/\/departamento.us.es\/psocial\/wp-json\/wp\/v2\/comments?post=2925"}],"version-history":[{"count":43,"href":"https:\/\/departamento.us.es\/psocial\/wp-json\/wp\/v2\/pages\/2925\/revisions"}],"predecessor-version":[{"id":3979,"href":"https:\/\/departamento.us.es\/psocial\/wp-json\/wp\/v2\/pages\/2925\/revisions\/3979"}],"wp:attachment":[{"href":"https:\/\/departamento.us.es\/psocial\/wp-json\/wp\/v2\/media?parent=2925"}],"curies":[{"name":"wp","href":"https:\/\/api.w.org\/{rel}","templated":true}]}}