{"id":2946,"date":"2024-07-10T11:04:36","date_gmt":"2024-07-10T11:04:36","guid":{"rendered":"https:\/\/departamento.us.es\/psocial\/?page_id=2946"},"modified":"2024-07-30T12:04:42","modified_gmt":"2024-07-30T12:04:42","slug":"gestionamos","status":"publish","type":"page","link":"https:\/\/departamento.us.es\/psocial\/gestionamos\/","title":{"rendered":"Gestionamos"},"content":{"rendered":"\t\t<div data-elementor-type=\"wp-page\" data-elementor-id=\"2946\" class=\"elementor elementor-2946\" data-elementor-post-type=\"page\">\n\t\t\t\t<div class=\"elementor-element elementor-element-71ed0ac1 e-flex e-con-boxed e-con e-parent\" data-id=\"71ed0ac1\" data-element_type=\"container\" data-e-type=\"container\">\n\t\t\t\t\t<div class=\"e-con-inner\">\n\t\t\t\t<div class=\"elementor-element elementor-element-912f8a7 elementor-widget elementor-widget-image\" data-id=\"912f8a7\" data-element_type=\"widget\" data-e-type=\"widget\" data-widget_type=\"image.default\">\n\t\t\t\t<div class=\"elementor-widget-container\">\n\t\t\t\t\t\t\t\t\t\t\t\t\t\t\t<img fetchpriority=\"high\" decoding=\"async\" width=\"1140\" height=\"400\" src=\"https:\/\/departamento.us.es\/psocial\/wp-content\/uploads\/2024\/07\/gestionamos.jpg\" class=\"attachment-full size-full wp-image-3785\" alt=\"\" srcset=\"https:\/\/departamento.us.es\/psocial\/wp-content\/uploads\/2024\/07\/gestionamos.jpg 1140w, https:\/\/departamento.us.es\/psocial\/wp-content\/uploads\/2024\/07\/gestionamos-300x105.jpg 300w, https:\/\/departamento.us.es\/psocial\/wp-content\/uploads\/2024\/07\/gestionamos-1024x359.jpg 1024w, https:\/\/departamento.us.es\/psocial\/wp-content\/uploads\/2024\/07\/gestionamos-768x269.jpg 768w\" sizes=\"(max-width: 1140px) 100vw, 1140px\" \/>\t\t\t\t\t\t\t\t\t\t\t\t\t\t\t<\/div>\n\t\t\t\t<\/div>\n\t\t\t\t<div class=\"elementor-element elementor-element-6ca11de7 elementor-widget elementor-widget-text-editor\" data-id=\"6ca11de7\" data-element_type=\"widget\" data-e-type=\"widget\" data-widget_type=\"text-editor.default\">\n\t\t\t\t<div class=\"elementor-widget-container\">\n\t\t\t\t\t\t\t\t\tContamos con representaci\u00f3n en todas las comisiones de seguimiento de planes de estudio y de organizaci\u00f3n acad\u00e9mica de pr\u00e1cticamente todas las titulaciones en las que impartimos docencia.\r\n\r\nAdem\u00e1s, nuestros compa\u00f1eros coordinan algunas de las titulaciones ofertadas en eses centros:\r\n<ul>\r\n \t<li><a href=\"https:\/\/www.us.es\/estudiar\/que-estudiar\/oferta-de-grados\/grado-en-psicologia\" target=\"_blank\" rel=\"noopener\">Grado en Psicolog\u00eda<\/a>: Silvia Medina Anzano<\/li>\r\n \t<li><a href=\"https:\/\/www.us.es\/estudiar\/que-estudiar\/oferta-de-masteres\/master-universitario-en-psicologia-de-las-organizaciones-y\" target=\"_blank\" rel=\"noopener\">Master Universitario en Psicolog\u00eda de las Organizaciones y el Trabajo<\/a>: In\u00e9s Mart\u00ednez Corts y Donatella Di Marco<\/li>\r\n \t<li><a href=\"https:\/\/www.us.es\/estudiar\/que-estudiar\/oferta-de-masteres\/master-universitario-en-psicologia-de-la-intervencion\" target=\"_blank\" rel=\"noopener\">Master Universitario en Psicolog\u00eda de la Intervenci\u00f3n Social y Comunitaria<\/a>: Yolanda Troyano Rodr\u00edguez y Francisco J. Cantero S\u00e1nchez<\/li>\r\n \t<li><a href=\"https:\/\/www.us.es\/estudiar\/que-estudiar\/oferta-de-masteres\/master-universitario-en-gestion-y-desarrollo-de-recursos\" target=\"_blank\" rel=\"noopener\">Master en Gesti\u00f3n y Desarrollo de Recursos Humanos<\/a>: M\u00edryam Ben\u00edtez Gonz\u00e1lez<\/li>\r\n \t<li><a href=\"https:\/\/doctorado.us.es\/estudios\/programas-de-doctorado\/psicologia-de-los-recursos-humanos\" target=\"_blank\" rel=\"noopener\">Programa de Doctorado en Recursos Humanos<\/a>: Nuria Gamero V\u00e1zquez<\/li>\r\n<\/ul>\r\nParticipamos en las propuestas, renovaci\u00f3n y elaboraci\u00f3n de nuevos planes de estudio, como el del Master Universitario en Psicologia del deporte y el rendimiento humano recientemente aprobado por la Junta de Andaluc\u00eda dentro de su <a href=\"https:\/\/www.juntadeandalucia.es\/presidencia\/portavoz\/educacion\/191533\/juntadeAndalucia\/ConsejeriadeUniversidadInvestigacioneInnovacion\/JoseCarlosGomezVillamandos\/titulos\/programacion\/universidadespublicas\/propuestos\/universidad\" target=\"_blank\" rel=\"noopener\">mapa de titulaciones<\/a> para los pr\u00f3ximos a\u00f1os.\r\n\r\nVigilamos que los contenidos propios de la Psicolog\u00eda Social sean impartidos por miembros de nuestro departamento a fin de que los futuros profesionales salidos de las diferentes titulaciones reciban la formaci\u00f3n que esperan de las fuentes primarias de esta \u00e1rea de conocimiento. S\u00f3lo de esta manera, el alumnado recibir\u00e1 una formaci\u00f3n de calidad e impacto social.\t\t\t\t\t\t\t\t<\/div>\n\t\t\t\t<\/div>\n\t\t\t\t\t<\/div>\n\t\t\t\t<\/div>\n\t\t\t\t<\/div>\n\t\t","protected":false},"excerpt":{"rendered":"<p>Contamos con representaci\u00f3n en todas las comisiones de seguimiento de planes de estudio y de organizaci\u00f3n acad\u00e9mica de pr\u00e1cticamente todas las titulaciones en las que impartimos docencia. Adem\u00e1s, nuestros compa\u00f1eros coordinan algunas de las titulaciones ofertadas en eses centros: Grado en Psicolog\u00eda: Silvia Medina Anzano Master Universitario en Psicolog\u00eda de las Organizaciones y el Trabajo: [&hellip;]<\/p>\n","protected":false},"author":1,"featured_media":0,"parent":0,"menu_order":0,"comment_status":"closed","ping_status":"closed","template":"","meta":{"footnotes":""},"class_list":["post-2946","page","type-page","status-publish","hentry"],"yoast_head":"<!-- This site is optimized with the Yoast SEO plugin v27.3 - https:\/\/yoast.com\/product\/yoast-seo-wordpress\/ -->\n<title>Gestionamos - Psicolog\u00eda Social<\/title>\n<meta name=\"robots\" content=\"index, follow, max-snippet:-1, max-image-preview:large, max-video-preview:-1\" \/>\n<link rel=\"canonical\" href=\"https:\/\/departamento.us.es\/psocial\/gestionamos\/\" \/>\n<meta property=\"og:locale\" content=\"es_ES\" \/>\n<meta property=\"og:type\" content=\"article\" \/>\n<meta property=\"og:title\" content=\"Gestionamos - Psicolog\u00eda Social\" \/>\n<meta property=\"og:description\" content=\"Contamos con representaci\u00f3n en todas las comisiones de seguimiento de planes de estudio y de organizaci\u00f3n acad\u00e9mica de pr\u00e1cticamente todas las titulaciones en las que impartimos docencia. Adem\u00e1s, nuestros compa\u00f1eros coordinan algunas de las titulaciones ofertadas en eses centros: Grado en Psicolog\u00eda: Silvia Medina Anzano Master Universitario en Psicolog\u00eda de las Organizaciones y el Trabajo: [&hellip;]\" \/>\n<meta property=\"og:url\" content=\"https:\/\/departamento.us.es\/psocial\/gestionamos\/\" \/>\n<meta property=\"og:site_name\" content=\"Psicolog\u00eda Social\" \/>\n<meta property=\"article:modified_time\" content=\"2024-07-30T12:04:42+00:00\" \/>\n<meta property=\"og:image\" content=\"https:\/\/departamento.us.es\/psocial\/wp-content\/uploads\/2024\/07\/gestionamos.jpg\" \/>\n<meta name=\"twitter:card\" content=\"summary_large_image\" \/>\n<meta name=\"twitter:label1\" content=\"Tiempo de lectura\" \/>\n\t<meta name=\"twitter:data1\" content=\"2 minutos\" \/>\n<script type=\"application\/ld+json\" class=\"yoast-schema-graph\">{\"@context\":\"https:\\\/\\\/schema.org\",\"@graph\":[{\"@type\":\"WebPage\",\"@id\":\"https:\\\/\\\/departamento.us.es\\\/psocial\\\/gestionamos\\\/\",\"url\":\"https:\\\/\\\/departamento.us.es\\\/psocial\\\/gestionamos\\\/\",\"name\":\"Gestionamos - Psicolog\u00eda Social\",\"isPartOf\":{\"@id\":\"https:\\\/\\\/departamento.us.es\\\/psocial\\\/#website\"},\"primaryImageOfPage\":{\"@id\":\"https:\\\/\\\/departamento.us.es\\\/psocial\\\/gestionamos\\\/#primaryimage\"},\"image\":{\"@id\":\"https:\\\/\\\/departamento.us.es\\\/psocial\\\/gestionamos\\\/#primaryimage\"},\"thumbnailUrl\":\"https:\\\/\\\/departamento.us.es\\\/psocial\\\/wp-content\\\/uploads\\\/2024\\\/07\\\/gestionamos.jpg\",\"datePublished\":\"2024-07-10T11:04:36+00:00\",\"dateModified\":\"2024-07-30T12:04:42+00:00\",\"inLanguage\":\"es\",\"potentialAction\":[{\"@type\":\"ReadAction\",\"target\":[\"https:\\\/\\\/departamento.us.es\\\/psocial\\\/gestionamos\\\/\"]}]},{\"@type\":\"ImageObject\",\"inLanguage\":\"es\",\"@id\":\"https:\\\/\\\/departamento.us.es\\\/psocial\\\/gestionamos\\\/#primaryimage\",\"url\":\"https:\\\/\\\/departamento.us.es\\\/psocial\\\/wp-content\\\/uploads\\\/2024\\\/07\\\/gestionamos.jpg\",\"contentUrl\":\"https:\\\/\\\/departamento.us.es\\\/psocial\\\/wp-content\\\/uploads\\\/2024\\\/07\\\/gestionamos.jpg\",\"width\":1140,\"height\":400},{\"@type\":\"WebSite\",\"@id\":\"https:\\\/\\\/departamento.us.es\\\/psocial\\\/#website\",\"url\":\"https:\\\/\\\/departamento.us.es\\\/psocial\\\/\",\"name\":\"Psicolog\u00eda Social\",\"description\":\"Departamento de Psicolog\u00eda Social de la Universidad de Sevilla\",\"publisher\":{\"@id\":\"https:\\\/\\\/departamento.us.es\\\/psocial\\\/#organization\"},\"potentialAction\":[{\"@type\":\"SearchAction\",\"target\":{\"@type\":\"EntryPoint\",\"urlTemplate\":\"https:\\\/\\\/departamento.us.es\\\/psocial\\\/?s={search_term_string}\"},\"query-input\":{\"@type\":\"PropertyValueSpecification\",\"valueRequired\":true,\"valueName\":\"search_term_string\"}}],\"inLanguage\":\"es\"},{\"@type\":\"Organization\",\"@id\":\"https:\\\/\\\/departamento.us.es\\\/psocial\\\/#organization\",\"name\":\"Departamento de Psicolog\u00eda Social de la Universidad de Sevilla\",\"url\":\"https:\\\/\\\/departamento.us.es\\\/psocial\\\/\",\"logo\":{\"@type\":\"ImageObject\",\"inLanguage\":\"es\",\"@id\":\"https:\\\/\\\/departamento.us.es\\\/psocial\\\/#\\\/schema\\\/logo\\\/image\\\/\",\"url\":\"https:\\\/\\\/departamento.us.es\\\/psocial\\\/wp-content\\\/uploads\\\/2023\\\/10\\\/Logo-Modificado-redim.png\",\"contentUrl\":\"https:\\\/\\\/departamento.us.es\\\/psocial\\\/wp-content\\\/uploads\\\/2023\\\/10\\\/Logo-Modificado-redim.png\",\"width\":981,\"height\":982,\"caption\":\"Departamento de Psicolog\u00eda Social de la Universidad de Sevilla\"},\"image\":{\"@id\":\"https:\\\/\\\/departamento.us.es\\\/psocial\\\/#\\\/schema\\\/logo\\\/image\\\/\"}}]}<\/script>\n<!-- \/ Yoast SEO plugin. -->","yoast_head_json":{"title":"Gestionamos - Psicolog\u00eda Social","robots":{"index":"index","follow":"follow","max-snippet":"max-snippet:-1","max-image-preview":"max-image-preview:large","max-video-preview":"max-video-preview:-1"},"canonical":"https:\/\/departamento.us.es\/psocial\/gestionamos\/","og_locale":"es_ES","og_type":"article","og_title":"Gestionamos - Psicolog\u00eda Social","og_description":"Contamos con representaci\u00f3n en todas las comisiones de seguimiento de planes de estudio y de organizaci\u00f3n acad\u00e9mica de pr\u00e1cticamente todas las titulaciones en las que impartimos docencia. Adem\u00e1s, nuestros compa\u00f1eros coordinan algunas de las titulaciones ofertadas en eses centros: Grado en Psicolog\u00eda: Silvia Medina Anzano Master Universitario en Psicolog\u00eda de las Organizaciones y el Trabajo: [&hellip;]","og_url":"https:\/\/departamento.us.es\/psocial\/gestionamos\/","og_site_name":"Psicolog\u00eda Social","article_modified_time":"2024-07-30T12:04:42+00:00","og_image":[{"url":"https:\/\/departamento.us.es\/psocial\/wp-content\/uploads\/2024\/07\/gestionamos.jpg","type":"","width":"","height":""}],"twitter_card":"summary_large_image","twitter_misc":{"Tiempo de lectura":"2 minutos"},"schema":{"@context":"https:\/\/schema.org","@graph":[{"@type":"WebPage","@id":"https:\/\/departamento.us.es\/psocial\/gestionamos\/","url":"https:\/\/departamento.us.es\/psocial\/gestionamos\/","name":"Gestionamos - Psicolog\u00eda Social","isPartOf":{"@id":"https:\/\/departamento.us.es\/psocial\/#website"},"primaryImageOfPage":{"@id":"https:\/\/departamento.us.es\/psocial\/gestionamos\/#primaryimage"},"image":{"@id":"https:\/\/departamento.us.es\/psocial\/gestionamos\/#primaryimage"},"thumbnailUrl":"https:\/\/departamento.us.es\/psocial\/wp-content\/uploads\/2024\/07\/gestionamos.jpg","datePublished":"2024-07-10T11:04:36+00:00","dateModified":"2024-07-30T12:04:42+00:00","inLanguage":"es","potentialAction":[{"@type":"ReadAction","target":["https:\/\/departamento.us.es\/psocial\/gestionamos\/"]}]},{"@type":"ImageObject","inLanguage":"es","@id":"https:\/\/departamento.us.es\/psocial\/gestionamos\/#primaryimage","url":"https:\/\/departamento.us.es\/psocial\/wp-content\/uploads\/2024\/07\/gestionamos.jpg","contentUrl":"https:\/\/departamento.us.es\/psocial\/wp-content\/uploads\/2024\/07\/gestionamos.jpg","width":1140,"height":400},{"@type":"WebSite","@id":"https:\/\/departamento.us.es\/psocial\/#website","url":"https:\/\/departamento.us.es\/psocial\/","name":"Psicolog\u00eda Social","description":"Departamento de Psicolog\u00eda Social de la Universidad de Sevilla","publisher":{"@id":"https:\/\/departamento.us.es\/psocial\/#organization"},"potentialAction":[{"@type":"SearchAction","target":{"@type":"EntryPoint","urlTemplate":"https:\/\/departamento.us.es\/psocial\/?s={search_term_string}"},"query-input":{"@type":"PropertyValueSpecification","valueRequired":true,"valueName":"search_term_string"}}],"inLanguage":"es"},{"@type":"Organization","@id":"https:\/\/departamento.us.es\/psocial\/#organization","name":"Departamento de Psicolog\u00eda Social de la Universidad de Sevilla","url":"https:\/\/departamento.us.es\/psocial\/","logo":{"@type":"ImageObject","inLanguage":"es","@id":"https:\/\/departamento.us.es\/psocial\/#\/schema\/logo\/image\/","url":"https:\/\/departamento.us.es\/psocial\/wp-content\/uploads\/2023\/10\/Logo-Modificado-redim.png","contentUrl":"https:\/\/departamento.us.es\/psocial\/wp-content\/uploads\/2023\/10\/Logo-Modificado-redim.png","width":981,"height":982,"caption":"Departamento de Psicolog\u00eda Social de la Universidad de Sevilla"},"image":{"@id":"https:\/\/departamento.us.es\/psocial\/#\/schema\/logo\/image\/"}}]}},"_links":{"self":[{"href":"https:\/\/departamento.us.es\/psocial\/wp-json\/wp\/v2\/pages\/2946","targetHints":{"allow":["GET"]}}],"collection":[{"href":"https:\/\/departamento.us.es\/psocial\/wp-json\/wp\/v2\/pages"}],"about":[{"href":"https:\/\/departamento.us.es\/psocial\/wp-json\/wp\/v2\/types\/page"}],"author":[{"embeddable":true,"href":"https:\/\/departamento.us.es\/psocial\/wp-json\/wp\/v2\/users\/1"}],"replies":[{"embeddable":true,"href":"https:\/\/departamento.us.es\/psocial\/wp-json\/wp\/v2\/comments?post=2946"}],"version-history":[{"count":10,"href":"https:\/\/departamento.us.es\/psocial\/wp-json\/wp\/v2\/pages\/2946\/revisions"}],"predecessor-version":[{"id":3788,"href":"https:\/\/departamento.us.es\/psocial\/wp-json\/wp\/v2\/pages\/2946\/revisions\/3788"}],"wp:attachment":[{"href":"https:\/\/departamento.us.es\/psocial\/wp-json\/wp\/v2\/media?parent=2946"}],"curies":[{"name":"wp","href":"https:\/\/api.w.org\/{rel}","templated":true}]}}