{"id":4118,"date":"2024-10-24T09:28:13","date_gmt":"2024-10-24T09:28:13","guid":{"rendered":"https:\/\/departamento.us.es\/psocial\/impartimos-docencia-copy\/"},"modified":"2025-12-03T07:33:34","modified_gmt":"2025-12-03T07:33:34","slug":"conoce-nuestro-plan-estrategico","status":"publish","type":"page","link":"https:\/\/departamento.us.es\/psocial\/conoce-nuestro-plan-estrategico\/","title":{"rendered":"Conoce nuestro Plan Estrat\u00e9gico"},"content":{"rendered":"\t\t<div data-elementor-type=\"wp-page\" data-elementor-id=\"4118\" class=\"elementor elementor-4118\" data-elementor-post-type=\"page\">\n\t\t\t\t<div class=\"elementor-element elementor-element-b180564 e-flex e-con-boxed e-con e-parent\" data-id=\"b180564\" data-element_type=\"container\" data-e-type=\"container\">\n\t\t\t\t\t<div class=\"e-con-inner\">\n\t\t\t\t<div class=\"elementor-element elementor-element-1049dc3 elementor-widget elementor-widget-image\" data-id=\"1049dc3\" data-element_type=\"widget\" data-e-type=\"widget\" data-widget_type=\"image.default\">\n\t\t\t\t<div class=\"elementor-widget-container\">\n\t\t\t\t\t\t\t\t\t\t\t\t\t\t\t<img fetchpriority=\"high\" decoding=\"async\" width=\"1140\" height=\"400\" src=\"https:\/\/departamento.us.es\/psocial\/wp-content\/uploads\/2024\/11\/Plan-estrategico.jpg\" class=\"attachment-full size-full wp-image-4142\" alt=\"\" srcset=\"https:\/\/departamento.us.es\/psocial\/wp-content\/uploads\/2024\/11\/Plan-estrategico.jpg 1140w, https:\/\/departamento.us.es\/psocial\/wp-content\/uploads\/2024\/11\/Plan-estrategico-300x105.jpg 300w, https:\/\/departamento.us.es\/psocial\/wp-content\/uploads\/2024\/11\/Plan-estrategico-1024x359.jpg 1024w, https:\/\/departamento.us.es\/psocial\/wp-content\/uploads\/2024\/11\/Plan-estrategico-768x269.jpg 768w\" sizes=\"(max-width: 1140px) 100vw, 1140px\" \/>\t\t\t\t\t\t\t\t\t\t\t\t\t\t\t<\/div>\n\t\t\t\t<\/div>\n\t\t\t\t<div class=\"elementor-element elementor-element-a860d65 elementor-widget elementor-widget-text-editor\" data-id=\"a860d65\" data-element_type=\"widget\" data-e-type=\"widget\" data-widget_type=\"text-editor.default\">\n\t\t\t\t<div class=\"elementor-widget-container\">\n\t\t\t\t\t\t\t\t\t<p>El \u201cPlan Estrat\u00e9gico para la Excelencia Acad\u00e9mica en el Departamento de Psicolog\u00eda Social (DPS)\u201d responde a la necesidad de fortalecer y consolidar la actividad investigadora en un contexto global marcado por incertidumbres y avances vertiginosos en digitalizaci\u00f3n e inteligencia artificial. En este escenario, donde los l\u00edmites de la academia se redefinen continuamente, el DPS busca asegurar su sostenibilidad y liderazgo en el \u00e1mbito de las ciencias psicosociales a trav\u00e9s de la planificaci\u00f3n de escenarios futuros. Esta metodolog\u00eda permite al departamento anticipar retos y oportunidades, dise\u00f1ar estrategias adaptativas y colaborativas, y avanzar de forma proactiva frente a los desaf\u00edos actuales.<\/p><p><strong>Objetivos principales<\/strong>:<\/p><ol><li><p><strong>Captaci\u00f3n de talento joven y emergente<\/strong>: Uno de los focos del proyecto es atraer investigadores j\u00f3venes y estudiantes destacados, facilitando su vinculaci\u00f3n temprana con la investigaci\u00f3n en el DPS. Con ello, se pretende incrementar la cantidad y calidad de trabajos de fin de grado (TFG) y fin de m\u00e1ster (TFM) en el departamento, as\u00ed como aumentar la participaci\u00f3n en convocatorias competitivas nacionales e internacionales, incluyendo programas como FPU, PFI y contratos postdoctorales (Marie Curie, Ram\u00f3n y Cajal).<\/p><\/li><li><p><strong>Visibilizaci\u00f3n y fortalecimiento del PDI<\/strong>: Se promueve la visibilizaci\u00f3n del talento investigador entre el personal docente e investigador (PDI) centrado en la docencia, incentivando su participaci\u00f3n en proyectos de investigaci\u00f3n y creando sinergias entre investigadores consolidados y emergentes. Estas sinergias buscan crear oportunidades de colaboraci\u00f3n y hacer emerger el talento \u201cinvisible\u201d que aporta al DPS.<\/p><\/li><li><p><strong>Mejora de la competitividad y la excelencia investigadora<\/strong>: Con un enfoque en la producci\u00f3n cient\u00edfica de calidad, el DPS aspira a incrementar su presencia en publicaciones de alto impacto y en proyectos internacionales. La iniciativa fomenta la participaci\u00f3n en redes colaborativas europeas como Erasmus+ y acciones COST, as\u00ed como la movilidad e intercambio de conocimiento con instituciones de otros pa\u00edses. Adem\u00e1s, se planifican encuentros con representantes destacados del mundo acad\u00e9mico, empresarial y de la sociedad civil, que permitir\u00e1n establecer alianzas estrat\u00e9gicas y optimizar el uso de los recursos digitales.<\/p><\/li><\/ol><p><strong>Metodolog\u00eda y acciones clave<\/strong>:<\/p><ol><li><p><strong>Creaci\u00f3n de capacidad de colaboraci\u00f3n<\/strong>: Mediante programas de mentor\u00eda, talleres y redes de colaboraci\u00f3n, se fomenta el trabajo conjunto entre profesorado, investigadores y estudiantes de todos los niveles educativos. Se identifican las fortalezas y \u00e1reas de inter\u00e9s del personal, destacando \u00e1reas emergentes como psicolog\u00eda social del deporte y estudios de feminismos africanos.<\/p><\/li><li><p><strong>Definici\u00f3n de escenarios estrat\u00e9gicos<\/strong>: A trav\u00e9s de la captaci\u00f3n de nuevos talentos y el desarrollo de l\u00edneas de investigaci\u00f3n relevantes, se establecen prioridades y se dise\u00f1an escenarios de crecimiento. Estos incluyen la participaci\u00f3n en convocatorias del Plan Nacional de I+D y Erasmus+ y la promoci\u00f3n de publicaciones conjuntas con investigadores j\u00f3venes y emergentes, integrando pr\u00e1cticas digitales avanzadas que optimicen los resultados de investigaci\u00f3n.<\/p><\/li><li><p><strong>Backcasting y planificaci\u00f3n de acciones<\/strong>: El uso de estrategias adaptativas (backcasting) permite visualizar y trazar los pasos necesarios para alcanzar los escenarios deseados. Esto incluye el desarrollo de una estrategia de comunicaci\u00f3n digital que visibilice los logros del DPS en redes sociales, su p\u00e1gina web y agencias financiadoras, adem\u00e1s de la creaci\u00f3n de una \u201ccaja de herramientas\u201d virtual que optimice el uso de inteligencia artificial en el \u00e1mbito de la investigaci\u00f3n psicosocial.<\/p><\/li><\/ol><p><strong>Impacto y resultados esperados<\/strong>: Se espera un impacto positivo en la visibilidad acad\u00e9mica y la captaci\u00f3n de fondos, reflejado en un aumento de los TFG y TFM dirigidos por el DPS, con estudiantes de excelencia. Adem\u00e1s, se planea atraer contratos predoctorales y postdoctorales, mejorando as\u00ed el talento investigador. A nivel internacional, el DPS se posicionar\u00e1 en convocatorias europeas y nacionales de alto prestigio, mejorando su presencia en el ranking SCOPUS de la Universidad de Sevilla y consolidando su reconocimiento como l\u00edder en ciencias psicosociales.<\/p><p>Con este plan estrat\u00e9gico, el DPS se posiciona como un referente en el desarrollo de las ciencias psicosociales y en la convergencia entre docencia e investigaci\u00f3n. La anticipaci\u00f3n de escenarios futuros, junto con la creaci\u00f3n de alianzas estrat\u00e9gicas y el fomento de redes de colaboraci\u00f3n, fortalecer\u00e1 la resiliencia del departamento y su capacidad de responder de manera eficaz y generativa ante los desaf\u00edos de un entorno acad\u00e9mico en constante transformaci\u00f3n.<\/p><p>\u00a0<\/p>\t\t\t\t\t\t\t\t<\/div>\n\t\t\t\t<\/div>\n\t\t\t\t\t<\/div>\n\t\t\t\t<\/div>\n\t\t<div class=\"elementor-element elementor-element-c83a701 e-flex e-con-boxed e-con e-parent\" data-id=\"c83a701\" data-element_type=\"container\" data-e-type=\"container\">\n\t\t\t\t\t<div class=\"e-con-inner\">\n\t\t\t\t<div class=\"elementor-element elementor-element-51050bf elementor-widget elementor-widget-heading\" data-id=\"51050bf\" data-element_type=\"widget\" data-e-type=\"widget\" data-widget_type=\"heading.default\">\n\t\t\t\t<div class=\"elementor-widget-container\">\n\t\t\t\t\t<h4 class=\"elementor-heading-title elementor-size-default\">Consulta algunos documentos y presentaciones que generamos\n<\/h4>\t\t\t\t<\/div>\n\t\t\t\t<\/div>\n\t\t\t\t<div class=\"elementor-element elementor-element-7c75055 elementor-widget elementor-widget-image\" data-id=\"7c75055\" data-element_type=\"widget\" data-e-type=\"widget\" data-widget_type=\"image.default\">\n\t\t\t\t<div class=\"elementor-widget-container\">\n\t\t\t\t\t\t\t\t\t\t\t\t\t\t\t<img decoding=\"async\" src=\"https:\/\/departamento.us.es\/psocial\/wp-content\/uploads\/elementor\/thumbs\/cabecera_titular_2-rbvrxn6r2pun7c4268jm1hp7w96zrbgqonnr8u2rfo.jpg\" title=\"cabecera_titular_2\" alt=\"cabecera_titular_2\" loading=\"lazy\" \/>\t\t\t\t\t\t\t\t\t\t\t\t\t\t\t<\/div>\n\t\t\t\t<\/div>\n\t\t\t\t\t<\/div>\n\t\t\t\t<\/div>\n\t\t<div class=\"elementor-element elementor-element-ac3834a e-flex e-con-boxed e-con e-parent\" data-id=\"ac3834a\" data-element_type=\"container\" data-e-type=\"container\">\n\t\t\t\t\t<div class=\"e-con-inner\">\n\t\t\t\t<div class=\"elementor-element elementor-element-04dcc20 elementor-icon-list--layout-traditional elementor-list-item-link-full_width elementor-widget elementor-widget-icon-list\" data-id=\"04dcc20\" data-element_type=\"widget\" data-e-type=\"widget\" data-widget_type=\"icon-list.default\">\n\t\t\t\t<div class=\"elementor-widget-container\">\n\t\t\t\t\t\t\t<ul class=\"elementor-icon-list-items\">\n\t\t\t\t\t\t\t<li class=\"elementor-icon-list-item\">\n\t\t\t\t\t\t\t\t\t\t\t<a href=\"https:\/\/departamento.us.es\/psocial\/wp-content\/uploads\/2024\/11\/Plan-Estrategico_Presentacion.pdf\" target=\"_blank\">\n\n\t\t\t\t\t\t\t\t\t\t\t\t<span class=\"elementor-icon-list-icon\">\n\t\t\t\t\t\t\t<i aria-hidden=\"true\" class=\"fas fa-external-link-alt\"><\/i>\t\t\t\t\t\t<\/span>\n\t\t\t\t\t\t\t\t\t\t<span class=\"elementor-icon-list-text\">Presentaci\u00f3n del Plan estrat\u00e9gico<\/span>\n\t\t\t\t\t\t\t\t\t\t\t<\/a>\n\t\t\t\t\t\t\t\t\t<\/li>\n\t\t\t\t\t\t\t\t<li class=\"elementor-icon-list-item\">\n\t\t\t\t\t\t\t\t\t\t\t<a href=\"https:\/\/departamento.us.es\/psocial\/wp-content\/uploads\/2025\/11\/Workshop.pdf\">\n\n\t\t\t\t\t\t\t\t\t\t\t\t<span class=\"elementor-icon-list-icon\">\n\t\t\t\t\t\t\t<i aria-hidden=\"true\" class=\"fas fa-external-link-alt\"><\/i>\t\t\t\t\t\t<\/span>\n\t\t\t\t\t\t\t\t\t\t<span class=\"elementor-icon-list-text\">Workshop 11\/12\/2025<\/span>\n\t\t\t\t\t\t\t\t\t\t\t<\/a>\n\t\t\t\t\t\t\t\t\t<\/li>\n\t\t\t\t\t\t\t\t<li class=\"elementor-icon-list-item\">\n\t\t\t\t\t\t\t\t\t\t\t<a href=\"https:\/\/departamento.us.es\/psocial\/wp-content\/uploads\/2025\/11\/Premios.pdf\">\n\n\t\t\t\t\t\t\t\t\t\t\t\t<span class=\"elementor-icon-list-icon\">\n\t\t\t\t\t\t\t<i aria-hidden=\"true\" class=\"fas fa-external-link-alt\"><\/i>\t\t\t\t\t\t<\/span>\n\t\t\t\t\t\t\t\t\t\t<span class=\"elementor-icon-list-text\">Premios Mejores TFM y TFG 2025<\/span>\n\t\t\t\t\t\t\t\t\t\t\t<\/a>\n\t\t\t\t\t\t\t\t\t<\/li>\n\t\t\t\t\t\t<\/ul>\n\t\t\t\t\t\t<\/div>\n\t\t\t\t<\/div>\n\t\t\t\t\t<\/div>\n\t\t\t\t<\/div>\n\t\t\t\t<\/div>\n\t\t","protected":false},"excerpt":{"rendered":"<p>El \u201cPlan Estrat\u00e9gico para la Excelencia Acad\u00e9mica en el Departamento de Psicolog\u00eda Social (DPS)\u201d responde a la necesidad de fortalecer y consolidar la actividad investigadora en un contexto global marcado por incertidumbres y avances vertiginosos en digitalizaci\u00f3n e inteligencia artificial. En este escenario, donde los l\u00edmites de la academia se redefinen continuamente, el DPS busca [&hellip;]<\/p>\n","protected":false},"author":10,"featured_media":0,"parent":0,"menu_order":0,"comment_status":"closed","ping_status":"closed","template":"","meta":{"footnotes":""},"class_list":["post-4118","page","type-page","status-publish","hentry"],"yoast_head":"<!-- This site is optimized with the Yoast SEO plugin v27.3 - https:\/\/yoast.com\/product\/yoast-seo-wordpress\/ -->\n<title>Conoce nuestro Plan Estrat\u00e9gico - Psicolog\u00eda Social<\/title>\n<meta name=\"robots\" content=\"index, follow, max-snippet:-1, max-image-preview:large, max-video-preview:-1\" \/>\n<link rel=\"canonical\" href=\"https:\/\/departamento.us.es\/psocial\/conoce-nuestro-plan-estrategico\/\" \/>\n<meta property=\"og:locale\" content=\"es_ES\" \/>\n<meta property=\"og:type\" content=\"article\" \/>\n<meta property=\"og:title\" content=\"Conoce nuestro Plan Estrat\u00e9gico - Psicolog\u00eda Social\" \/>\n<meta property=\"og:description\" content=\"El \u201cPlan Estrat\u00e9gico para la Excelencia Acad\u00e9mica en el Departamento de Psicolog\u00eda Social (DPS)\u201d responde a la necesidad de fortalecer y consolidar la actividad investigadora en un contexto global marcado por incertidumbres y avances vertiginosos en digitalizaci\u00f3n e inteligencia artificial. En este escenario, donde los l\u00edmites de la academia se redefinen continuamente, el DPS busca [&hellip;]\" \/>\n<meta property=\"og:url\" content=\"https:\/\/departamento.us.es\/psocial\/conoce-nuestro-plan-estrategico\/\" \/>\n<meta property=\"og:site_name\" content=\"Psicolog\u00eda Social\" \/>\n<meta property=\"article:modified_time\" content=\"2025-12-03T07:33:34+00:00\" \/>\n<meta property=\"og:image\" content=\"https:\/\/departamento.us.es\/psocial\/wp-content\/uploads\/2024\/11\/Plan-estrategico.jpg\" \/>\n\t<meta property=\"og:image:width\" content=\"1140\" \/>\n\t<meta property=\"og:image:height\" content=\"400\" \/>\n\t<meta property=\"og:image:type\" content=\"image\/jpeg\" \/>\n<meta name=\"twitter:card\" content=\"summary_large_image\" \/>\n<meta name=\"twitter:label1\" content=\"Tiempo de lectura\" \/>\n\t<meta name=\"twitter:data1\" content=\"4 minutos\" \/>\n<script type=\"application\/ld+json\" class=\"yoast-schema-graph\">{\"@context\":\"https:\\\/\\\/schema.org\",\"@graph\":[{\"@type\":\"WebPage\",\"@id\":\"https:\\\/\\\/departamento.us.es\\\/psocial\\\/conoce-nuestro-plan-estrategico\\\/\",\"url\":\"https:\\\/\\\/departamento.us.es\\\/psocial\\\/conoce-nuestro-plan-estrategico\\\/\",\"name\":\"Conoce nuestro Plan Estrat\u00e9gico - Psicolog\u00eda Social\",\"isPartOf\":{\"@id\":\"https:\\\/\\\/departamento.us.es\\\/psocial\\\/#website\"},\"primaryImageOfPage\":{\"@id\":\"https:\\\/\\\/departamento.us.es\\\/psocial\\\/conoce-nuestro-plan-estrategico\\\/#primaryimage\"},\"image\":{\"@id\":\"https:\\\/\\\/departamento.us.es\\\/psocial\\\/conoce-nuestro-plan-estrategico\\\/#primaryimage\"},\"thumbnailUrl\":\"https:\\\/\\\/departamento.us.es\\\/psocial\\\/wp-content\\\/uploads\\\/2024\\\/11\\\/Plan-estrategico.jpg\",\"datePublished\":\"2024-10-24T09:28:13+00:00\",\"dateModified\":\"2025-12-03T07:33:34+00:00\",\"inLanguage\":\"es\",\"potentialAction\":[{\"@type\":\"ReadAction\",\"target\":[\"https:\\\/\\\/departamento.us.es\\\/psocial\\\/conoce-nuestro-plan-estrategico\\\/\"]}]},{\"@type\":\"ImageObject\",\"inLanguage\":\"es\",\"@id\":\"https:\\\/\\\/departamento.us.es\\\/psocial\\\/conoce-nuestro-plan-estrategico\\\/#primaryimage\",\"url\":\"https:\\\/\\\/departamento.us.es\\\/psocial\\\/wp-content\\\/uploads\\\/2024\\\/11\\\/Plan-estrategico.jpg\",\"contentUrl\":\"https:\\\/\\\/departamento.us.es\\\/psocial\\\/wp-content\\\/uploads\\\/2024\\\/11\\\/Plan-estrategico.jpg\",\"width\":1140,\"height\":400},{\"@type\":\"WebSite\",\"@id\":\"https:\\\/\\\/departamento.us.es\\\/psocial\\\/#website\",\"url\":\"https:\\\/\\\/departamento.us.es\\\/psocial\\\/\",\"name\":\"Psicolog\u00eda Social\",\"description\":\"Departamento de Psicolog\u00eda Social de la Universidad de Sevilla\",\"publisher\":{\"@id\":\"https:\\\/\\\/departamento.us.es\\\/psocial\\\/#organization\"},\"potentialAction\":[{\"@type\":\"SearchAction\",\"target\":{\"@type\":\"EntryPoint\",\"urlTemplate\":\"https:\\\/\\\/departamento.us.es\\\/psocial\\\/?s={search_term_string}\"},\"query-input\":{\"@type\":\"PropertyValueSpecification\",\"valueRequired\":true,\"valueName\":\"search_term_string\"}}],\"inLanguage\":\"es\"},{\"@type\":\"Organization\",\"@id\":\"https:\\\/\\\/departamento.us.es\\\/psocial\\\/#organization\",\"name\":\"Departamento de Psicolog\u00eda Social de la Universidad de Sevilla\",\"url\":\"https:\\\/\\\/departamento.us.es\\\/psocial\\\/\",\"logo\":{\"@type\":\"ImageObject\",\"inLanguage\":\"es\",\"@id\":\"https:\\\/\\\/departamento.us.es\\\/psocial\\\/#\\\/schema\\\/logo\\\/image\\\/\",\"url\":\"https:\\\/\\\/departamento.us.es\\\/psocial\\\/wp-content\\\/uploads\\\/2023\\\/10\\\/Logo-Modificado-redim.png\",\"contentUrl\":\"https:\\\/\\\/departamento.us.es\\\/psocial\\\/wp-content\\\/uploads\\\/2023\\\/10\\\/Logo-Modificado-redim.png\",\"width\":981,\"height\":982,\"caption\":\"Departamento de Psicolog\u00eda Social de la Universidad de Sevilla\"},\"image\":{\"@id\":\"https:\\\/\\\/departamento.us.es\\\/psocial\\\/#\\\/schema\\\/logo\\\/image\\\/\"}}]}<\/script>\n<!-- \/ Yoast SEO plugin. -->","yoast_head_json":{"title":"Conoce nuestro Plan Estrat\u00e9gico - Psicolog\u00eda Social","robots":{"index":"index","follow":"follow","max-snippet":"max-snippet:-1","max-image-preview":"max-image-preview:large","max-video-preview":"max-video-preview:-1"},"canonical":"https:\/\/departamento.us.es\/psocial\/conoce-nuestro-plan-estrategico\/","og_locale":"es_ES","og_type":"article","og_title":"Conoce nuestro Plan Estrat\u00e9gico - Psicolog\u00eda Social","og_description":"El \u201cPlan Estrat\u00e9gico para la Excelencia Acad\u00e9mica en el Departamento de Psicolog\u00eda Social (DPS)\u201d responde a la necesidad de fortalecer y consolidar la actividad investigadora en un contexto global marcado por incertidumbres y avances vertiginosos en digitalizaci\u00f3n e inteligencia artificial. En este escenario, donde los l\u00edmites de la academia se redefinen continuamente, el DPS busca [&hellip;]","og_url":"https:\/\/departamento.us.es\/psocial\/conoce-nuestro-plan-estrategico\/","og_site_name":"Psicolog\u00eda Social","article_modified_time":"2025-12-03T07:33:34+00:00","og_image":[{"width":1140,"height":400,"url":"https:\/\/departamento.us.es\/psocial\/wp-content\/uploads\/2024\/11\/Plan-estrategico.jpg","type":"image\/jpeg"}],"twitter_card":"summary_large_image","twitter_misc":{"Tiempo de lectura":"4 minutos"},"schema":{"@context":"https:\/\/schema.org","@graph":[{"@type":"WebPage","@id":"https:\/\/departamento.us.es\/psocial\/conoce-nuestro-plan-estrategico\/","url":"https:\/\/departamento.us.es\/psocial\/conoce-nuestro-plan-estrategico\/","name":"Conoce nuestro Plan Estrat\u00e9gico - Psicolog\u00eda Social","isPartOf":{"@id":"https:\/\/departamento.us.es\/psocial\/#website"},"primaryImageOfPage":{"@id":"https:\/\/departamento.us.es\/psocial\/conoce-nuestro-plan-estrategico\/#primaryimage"},"image":{"@id":"https:\/\/departamento.us.es\/psocial\/conoce-nuestro-plan-estrategico\/#primaryimage"},"thumbnailUrl":"https:\/\/departamento.us.es\/psocial\/wp-content\/uploads\/2024\/11\/Plan-estrategico.jpg","datePublished":"2024-10-24T09:28:13+00:00","dateModified":"2025-12-03T07:33:34+00:00","inLanguage":"es","potentialAction":[{"@type":"ReadAction","target":["https:\/\/departamento.us.es\/psocial\/conoce-nuestro-plan-estrategico\/"]}]},{"@type":"ImageObject","inLanguage":"es","@id":"https:\/\/departamento.us.es\/psocial\/conoce-nuestro-plan-estrategico\/#primaryimage","url":"https:\/\/departamento.us.es\/psocial\/wp-content\/uploads\/2024\/11\/Plan-estrategico.jpg","contentUrl":"https:\/\/departamento.us.es\/psocial\/wp-content\/uploads\/2024\/11\/Plan-estrategico.jpg","width":1140,"height":400},{"@type":"WebSite","@id":"https:\/\/departamento.us.es\/psocial\/#website","url":"https:\/\/departamento.us.es\/psocial\/","name":"Psicolog\u00eda Social","description":"Departamento de Psicolog\u00eda Social de la Universidad de Sevilla","publisher":{"@id":"https:\/\/departamento.us.es\/psocial\/#organization"},"potentialAction":[{"@type":"SearchAction","target":{"@type":"EntryPoint","urlTemplate":"https:\/\/departamento.us.es\/psocial\/?s={search_term_string}"},"query-input":{"@type":"PropertyValueSpecification","valueRequired":true,"valueName":"search_term_string"}}],"inLanguage":"es"},{"@type":"Organization","@id":"https:\/\/departamento.us.es\/psocial\/#organization","name":"Departamento de Psicolog\u00eda Social de la Universidad de Sevilla","url":"https:\/\/departamento.us.es\/psocial\/","logo":{"@type":"ImageObject","inLanguage":"es","@id":"https:\/\/departamento.us.es\/psocial\/#\/schema\/logo\/image\/","url":"https:\/\/departamento.us.es\/psocial\/wp-content\/uploads\/2023\/10\/Logo-Modificado-redim.png","contentUrl":"https:\/\/departamento.us.es\/psocial\/wp-content\/uploads\/2023\/10\/Logo-Modificado-redim.png","width":981,"height":982,"caption":"Departamento de Psicolog\u00eda Social de la Universidad de Sevilla"},"image":{"@id":"https:\/\/departamento.us.es\/psocial\/#\/schema\/logo\/image\/"}}]}},"_links":{"self":[{"href":"https:\/\/departamento.us.es\/psocial\/wp-json\/wp\/v2\/pages\/4118","targetHints":{"allow":["GET"]}}],"collection":[{"href":"https:\/\/departamento.us.es\/psocial\/wp-json\/wp\/v2\/pages"}],"about":[{"href":"https:\/\/departamento.us.es\/psocial\/wp-json\/wp\/v2\/types\/page"}],"author":[{"embeddable":true,"href":"https:\/\/departamento.us.es\/psocial\/wp-json\/wp\/v2\/users\/10"}],"replies":[{"embeddable":true,"href":"https:\/\/departamento.us.es\/psocial\/wp-json\/wp\/v2\/comments?post=4118"}],"version-history":[{"count":18,"href":"https:\/\/departamento.us.es\/psocial\/wp-json\/wp\/v2\/pages\/4118\/revisions"}],"predecessor-version":[{"id":4575,"href":"https:\/\/departamento.us.es\/psocial\/wp-json\/wp\/v2\/pages\/4118\/revisions\/4575"}],"wp:attachment":[{"href":"https:\/\/departamento.us.es\/psocial\/wp-json\/wp\/v2\/media?parent=4118"}],"curies":[{"name":"wp","href":"https:\/\/api.w.org\/{rel}","templated":true}]}}